{"id":13267,"date":"2025-09-20T19:11:15","date_gmt":"2025-09-20T22:11:15","guid":{"rendered":"https:\/\/arkmeds.com\/posgrado-en-ingenieria-de-infraestructura-hospitalaria-2\/"},"modified":"2025-10-12T10:36:37","modified_gmt":"2025-10-12T13:36:37","slug":"posgrado-en-ingenieria-de-infraestructura-hospitalaria-2","status":"publish","type":"page","link":"https:\/\/arkmeds.com\/es\/posgrado-en-ingenieria-de-infraestructura-hospitalaria-2\/","title":{"rendered":"Posgrado en Ingenier\u00eda de Infraestructura Hospitalaria"},"content":{"rendered":"\t\t<div data-elementor-type=\"wp-page\" data-elementor-id=\"13267\" class=\"elementor elementor-13267 elementor-3683\" data-elementor-post-type=\"page\">\n\t\t\t\t<div class=\"elementor-element elementor-element-082e8e3 e-flex e-con-boxed e-con e-parent\" data-id=\"082e8e3\" data-element_type=\"container\" data-e-type=\"container\" data-settings=\"{&quot;background_background&quot;:&quot;gradient&quot;}\">\n\t\t\t\t\t<div class=\"e-con-inner\">\n\t\t<div class=\"elementor-element elementor-element-93758cc e-con-full e-flex e-con e-child\" data-id=\"93758cc\" data-element_type=\"container\" data-e-type=\"container\">\n\t\t\t\t<div class=\"elementor-element elementor-element-12f4f11 elementor-invisible elementor-widget elementor-widget-button\" data-id=\"12f4f11\" data-element_type=\"widget\" data-e-type=\"widget\" data-settings=\"{&quot;_animation&quot;:&quot;fadeIn&quot;}\" data-widget_type=\"button.default\">\n\t\t\t\t\t\t\t\t\t\t<a class=\"elementor-button elementor-size-sm\" role=\"button\">\n\t\t\t\t\t\t<span class=\"elementor-button-content-wrapper\">\n\t\t\t\t\t\t\t\t\t<span class=\"elementor-button-text\">Posgrado en Ingenier\u00eda Hospitalaria<\/span>\n\t\t\t\t\t<\/span>\n\t\t\t\t\t<\/a>\n\t\t\t\t\t\t\t\t<\/div>\n\t\t\t\t<div class=\"elementor-element elementor-element-45b6518 elementor-widget__width-inherit elementor-invisible elementor-widget elementor-widget-heading\" data-id=\"45b6518\" data-element_type=\"widget\" data-e-type=\"widget\" data-settings=\"{&quot;_animation&quot;:&quot;fadeIn&quot;}\" data-widget_type=\"heading.default\">\n\t\t\t\t\t<h2 class=\"elementor-heading-title elementor-size-default\">Construya hospitales m\u00e1s seguros, eficientes y sostenibles. Convi\u00e9rtase en referencia en Ingenier\u00eda de Infraestructura Hospitalaria. <\/h2>\t\t\t\t<\/div>\n\t\t\t\t<div class=\"elementor-element elementor-element-c4e5192 elementor-widget__width-inherit animated-slow elementor-invisible elementor-widget elementor-widget-text-editor\" data-id=\"c4e5192\" data-element_type=\"widget\" data-e-type=\"widget\" data-settings=\"{&quot;_animation&quot;:&quot;fadeIn&quot;}\" data-widget_type=\"text-editor.default\">\n\t\t\t\t\t\t\t\t\t<p><span style=\"font-weight: 400;\">El posgrado que le prepara para cargos de coordinaci\u00f3n y direcci\u00f3n en instituciones de salud, con asignaturas segmentadas por \u00e1rea de ingenier\u00eda y profesores activos en el mercado.<\/span><\/p>\t\t\t\t\t\t\t\t<\/div>\n\t\t\t\t<\/div>\n\t\t<div class=\"elementor-element elementor-element-b29a586 e-con-full e-flex e-con e-child\" data-id=\"b29a586\" data-element_type=\"container\" data-e-type=\"container\">\n\t\t\t\t<div class=\"elementor-element elementor-element-1b66bfe animated-slow elementor-invisible elementor-widget elementor-widget-image\" data-id=\"1b66bfe\" data-element_type=\"widget\" data-e-type=\"widget\" data-settings=\"{&quot;_animation&quot;:&quot;fadeIn&quot;,&quot;_animation_laptop&quot;:&quot;fadeIn&quot;}\" data-widget_type=\"image.default\">\n\t\t\t\t\t\t\t\t\t\t\t\t\t\t\t<img fetchpriority=\"high\" decoding=\"async\" width=\"800\" height=\"644\" src=\"https:\/\/arkmeds.com\/wp-content\/uploads\/2025\/09\/engen-clinica-copiar.webp\" class=\"attachment-large size-large wp-image-13268\" alt=\"\" srcset=\"https:\/\/arkmeds.com\/wp-content\/uploads\/2025\/09\/engen-clinica-copiar.webp 950w, https:\/\/arkmeds.com\/wp-content\/uploads\/2025\/09\/engen-clinica-copiar-300x242.webp 300w, https:\/\/arkmeds.com\/wp-content\/uploads\/2025\/09\/engen-clinica-copiar-768x618.webp 768w, https:\/\/arkmeds.com\/wp-content\/uploads\/2025\/09\/engen-clinica-copiar-600x483.webp 600w\" sizes=\"(max-width: 800px) 100vw, 800px\" \/>\t\t\t\t\t\t\t\t\t\t\t\t\t\t\t<\/div>\n\t\t\t\t<\/div>\n\t\t\t\t\t<\/div>\n\t\t\t\t<\/div>\n\t\t<div class=\"elementor-element elementor-element-b8bb416 e-flex e-con-boxed e-con e-parent\" data-id=\"b8bb416\" data-element_type=\"container\" data-e-type=\"container\" data-settings=\"{&quot;background_background&quot;:&quot;classic&quot;}\">\n\t\t\t\t\t<div class=\"e-con-inner\">\n\t\t<div class=\"elementor-element elementor-element-c6a406b e-con-full e-flex elementor-invisible e-con e-child\" data-id=\"c6a406b\" data-element_type=\"container\" data-e-type=\"container\" data-settings=\"{&quot;animation&quot;:&quot;fadeInLeft&quot;}\">\n\t\t\t\t<div class=\"elementor-element elementor-element-e28d8bb elementor-widget elementor-widget-image\" data-id=\"e28d8bb\" data-element_type=\"widget\" data-e-type=\"widget\" data-widget_type=\"image.default\">\n\t\t\t\t\t\t\t\t\t\t\t\t\t\t\t<img decoding=\"async\" width=\"800\" height=\"534\" src=\"https:\/\/arkmeds.com\/wp-content\/uploads\/2025\/09\/engenharia-e-manutencao-hospital-scaled-.webp\" class=\"attachment-large size-large wp-image-13269\" alt=\"\" srcset=\"https:\/\/arkmeds.com\/wp-content\/uploads\/2025\/09\/engenharia-e-manutencao-hospital-scaled-.webp 1000w, https:\/\/arkmeds.com\/wp-content\/uploads\/2025\/09\/engenharia-e-manutencao-hospital-scaled--300x200.webp 300w, https:\/\/arkmeds.com\/wp-content\/uploads\/2025\/09\/engenharia-e-manutencao-hospital-scaled--768x512.webp 768w, https:\/\/arkmeds.com\/wp-content\/uploads\/2025\/09\/engenharia-e-manutencao-hospital-scaled--600x400.webp 600w\" sizes=\"(max-width: 800px) 100vw, 800px\" \/>\t\t\t\t\t\t\t\t\t\t\t\t\t\t\t<\/div>\n\t\t\t\t<\/div>\n\t\t<div class=\"elementor-element elementor-element-e9923ba e-con-full animated-slow e-flex elementor-invisible e-con e-child\" data-id=\"e9923ba\" data-element_type=\"container\" data-e-type=\"container\" data-settings=\"{&quot;animation&quot;:&quot;fadeInRight&quot;}\">\n\t\t\t\t<div class=\"elementor-element elementor-element-37e612c elementor-widget elementor-widget-heading\" data-id=\"37e612c\" data-element_type=\"widget\" data-e-type=\"widget\" data-widget_type=\"heading.default\">\n\t\t\t\t\t<h2 class=\"elementor-heading-title elementor-size-default\">El nuevo nivel <\/br><b>de su carrera<\/h2>\t\t\t\t<\/div>\n\t\t\t\t<div class=\"elementor-element elementor-element-a9140ee elementor-widget elementor-widget-text-editor\" data-id=\"a9140ee\" data-element_type=\"widget\" data-e-type=\"widget\" data-widget_type=\"text-editor.default\">\n\t\t\t\t\t\t\t\t\t<p><span style=\"font-weight: 400;\">La infraestructura es la columna vertebral de cualquier hospital. Desde el aire acondicionado hasta las redes el\u00e9ctricas, desde el control de infecciones hasta la planificaci\u00f3n del edificio, cada detalle impacta directamente en la seguridad del paciente y la eficiencia de la operaci\u00f3n. <\/span><\/p><p><span style=\"font-weight: 400;\">Con el Posgrado en <\/span><b>Ingenier\u00eda de Infraestructura Hospitalaria de Arkmeds Academy<\/b><span style=\"font-weight: 400;\">, usted se posiciona en un <\/span><b>nivel superior de carrera<\/b><span style=\"font-weight: 400;\">, preparado para asumir decisiones estrat\u00e9gicas en coordinaci\u00f3n y direcci\u00f3n.<\/span><\/p>\t\t\t\t\t\t\t\t<\/div>\n\t\t\t\t<\/div>\n\t\t\t\t\t<\/div>\n\t\t\t\t<\/div>\n\t\t<div class=\"elementor-element elementor-element-1c6bf96 e-flex e-con-boxed e-con e-parent\" data-id=\"1c6bf96\" data-element_type=\"container\" data-e-type=\"container\" data-settings=\"{&quot;background_background&quot;:&quot;classic&quot;}\">\n\t\t\t\t\t<div class=\"e-con-inner\">\n\t\t<div class=\"elementor-element elementor-element-ac1fbb6 e-con-full e-flex e-con e-child\" data-id=\"ac1fbb6\" data-element_type=\"container\" data-e-type=\"container\">\n\t\t\t\t<div class=\"elementor-element elementor-element-831652a elementor-widget elementor-widget-heading\" data-id=\"831652a\" data-element_type=\"widget\" data-e-type=\"widget\" data-widget_type=\"heading.default\">\n\t\t\t\t\t<h2 class=\"elementor-heading-title elementor-size-default\">Formato de las Clases<\/h2>\t\t\t\t<\/div>\n\t\t\t\t<div class=\"elementor-element elementor-element-a7d82d1 elementor-widget__width-initial elementor-view-stacked elementor-shape-rounded elementor-widget-mobile__width-inherit elementor-position-inline-start elementor-mobile-position-block-start elementor-invisible elementor-widget elementor-widget-icon-box\" data-id=\"a7d82d1\" data-element_type=\"widget\" data-e-type=\"widget\" data-settings=\"{&quot;_animation&quot;:&quot;fadeInLeft&quot;}\" data-widget_type=\"icon-box.default\">\n\t\t\t\t\t\t\t<div class=\"elementor-icon-box-wrapper\">\n\n\t\t\t\t\t\t<div class=\"elementor-icon-box-icon\">\n\t\t\t\t<span  class=\"elementor-icon\">\n\t\t\t\t<svg aria-hidden=\"true\" class=\"e-font-icon-svg e-fas-graduation-cap\" viewBox=\"0 0 640 512\" xmlns=\"http:\/\/www.w3.org\/2000\/svg\"><path d=\"M622.34 153.2L343.4 67.5c-15.2-4.67-31.6-4.67-46.79 0L17.66 153.2c-23.54 7.23-23.54 38.36 0 45.59l48.63 14.94c-10.67 13.19-17.23 29.28-17.88 46.9C38.78 266.15 32 276.11 32 288c0 10.78 5.68 19.85 13.86 25.65L20.33 428.53C18.11 438.52 25.71 448 35.94 448h56.11c10.24 0 17.84-9.48 15.62-19.47L82.14 313.65C90.32 307.85 96 298.78 96 288c0-11.57-6.47-21.25-15.66-26.87.76-15.02 8.44-28.3 20.69-36.72L296.6 284.5c9.06 2.78 26.44 6.25 46.79 0l278.95-85.7c23.55-7.24 23.55-38.36 0-45.6zM352.79 315.09c-28.53 8.76-52.84 3.92-65.59 0l-145.02-44.55L128 384c0 35.35 85.96 64 192 64s192-28.65 192-64l-14.18-113.47-145.03 44.56z\"><\/path><\/svg>\t\t\t\t<\/span>\n\t\t\t<\/div>\n\t\t\t\n\t\t\t\t\t\t<div class=\"elementor-icon-box-content\">\n\n\t\t\t\t\t\t\t\t\t<h3 class=\"elementor-icon-box-title\">\n\t\t\t\t\t\t<span  >\n\t\t\t\t\t\t\t100% en l\u00ednea y en directo a trav\u00e9s de Google Meet\t\t\t\t\t\t<\/span>\n\t\t\t\t\t<\/h3>\n\t\t\t\t\n\t\t\t\t\n\t\t\t<\/div>\n\t\t\t\n\t\t<\/div>\n\t\t\t\t\t\t<\/div>\n\t\t\t\t<div class=\"elementor-element elementor-element-6c03827 elementor-widget__width-initial elementor-view-stacked elementor-shape-rounded elementor-widget-mobile__width-inherit elementor-position-inline-start elementor-mobile-position-block-start elementor-invisible elementor-widget elementor-widget-icon-box\" data-id=\"6c03827\" data-element_type=\"widget\" data-e-type=\"widget\" data-settings=\"{&quot;_animation&quot;:&quot;fadeInLeft&quot;}\" data-widget_type=\"icon-box.default\">\n\t\t\t\t\t\t\t<div class=\"elementor-icon-box-wrapper\">\n\n\t\t\t\t\t\t<div class=\"elementor-icon-box-icon\">\n\t\t\t\t<span  class=\"elementor-icon\">\n\t\t\t\t<svg aria-hidden=\"true\" class=\"e-font-icon-svg e-fab-chromecast\" viewBox=\"0 0 512 512\" xmlns=\"http:\/\/www.w3.org\/2000\/svg\"><path d=\"M447.8,64H64c-23.6,0-42.7,19.1-42.7,42.7v63.9H64v-63.9h383.8v298.6H298.6V448H448c23.6,0,42.7-19.1,42.7-42.7V106.7 C490.7,83.1,471.4,64,447.8,64z M21.3,383.6L21.3,383.6l0,63.9h63.9C85.2,412.2,56.6,383.6,21.3,383.6L21.3,383.6z M21.3,298.6V341 c58.9,0,106.6,48.1,106.6,107h42.7C170.7,365.6,103.7,298.7,21.3,298.6z M213.4,448h42.7c-0.5-129.5-105.3-234.3-234.8-234.6l0,42.4 C127.3,255.6,213.3,342,213.4,448z\"><\/path><\/svg>\t\t\t\t<\/span>\n\t\t\t<\/div>\n\t\t\t\n\t\t\t\t\t\t<div class=\"elementor-icon-box-content\">\n\n\t\t\t\t\t\t\t\t\t<h3 class=\"elementor-icon-box-title\">\n\t\t\t\t\t\t<span  >\n\t\t\t\t\t\t\tClases mensuales en tres encuentros: 1 viernes por la noche, 1 s\u00e1bado y 1 domingo por la ma\u00f1ana (8h a 12h)\t\t\t\t\t\t<\/span>\n\t\t\t\t\t<\/h3>\n\t\t\t\t\n\t\t\t\t\n\t\t\t<\/div>\n\t\t\t\n\t\t<\/div>\n\t\t\t\t\t\t<\/div>\n\t\t\t\t<div class=\"elementor-element elementor-element-f40c41f elementor-widget__width-initial elementor-view-stacked elementor-shape-rounded elementor-widget-mobile__width-inherit elementor-position-inline-start elementor-mobile-position-block-start elementor-invisible elementor-widget elementor-widget-icon-box\" data-id=\"f40c41f\" data-element_type=\"widget\" data-e-type=\"widget\" data-settings=\"{&quot;_animation&quot;:&quot;fadeInLeft&quot;}\" data-widget_type=\"icon-box.default\">\n\t\t\t\t\t\t\t<div class=\"elementor-icon-box-wrapper\">\n\n\t\t\t\t\t\t<div class=\"elementor-icon-box-icon\">\n\t\t\t\t<span  class=\"elementor-icon\">\n\t\t\t\t<svg aria-hidden=\"true\" class=\"e-font-icon-svg e-fas-certificate\" viewBox=\"0 0 512 512\" xmlns=\"http:\/\/www.w3.org\/2000\/svg\"><path d=\"M458.622 255.92l45.985-45.005c13.708-12.977 7.316-36.039-10.664-40.339l-62.65-15.99 17.661-62.015c4.991-17.838-11.829-34.663-29.661-29.671l-61.994 17.667-15.984-62.671C337.085.197 313.765-6.276 300.99 7.228L256 53.57 211.011 7.229c-12.63-13.351-36.047-7.234-40.325 10.668l-15.984 62.671-61.995-17.667C74.87 57.907 58.056 74.738 63.046 92.572l17.661 62.015-62.65 15.99C.069 174.878-6.31 197.944 7.392 210.915l45.985 45.005-45.985 45.004c-13.708 12.977-7.316 36.039 10.664 40.339l62.65 15.99-17.661 62.015c-4.991 17.838 11.829 34.663 29.661 29.671l61.994-17.667 15.984 62.671c4.439 18.575 27.696 24.018 40.325 10.668L256 458.61l44.989 46.001c12.5 13.488 35.987 7.486 40.325-10.668l15.984-62.671 61.994 17.667c17.836 4.994 34.651-11.837 29.661-29.671l-17.661-62.015 62.65-15.99c17.987-4.302 24.366-27.367 10.664-40.339l-45.984-45.004z\"><\/path><\/svg>\t\t\t\t<\/span>\n\t\t\t<\/div>\n\t\t\t\n\t\t\t\t\t\t<div class=\"elementor-icon-box-content\">\n\n\t\t\t\t\t\t\t\t\t<h3 class=\"elementor-icon-box-title\">\n\t\t\t\t\t\t<span  >\n\t\t\t\t\t\t\tFlexibilidad garantizada: acceso a las grabaciones para revisar cuando lo necesite\t\t\t\t\t\t<\/span>\n\t\t\t\t\t<\/h3>\n\t\t\t\t\n\t\t\t\t\n\t\t\t<\/div>\n\t\t\t\n\t\t<\/div>\n\t\t\t\t\t\t<\/div>\n\t\t\t\t<div class=\"elementor-element elementor-element-6b424de elementor-widget__width-initial elementor-view-stacked elementor-shape-rounded elementor-widget-mobile__width-inherit elementor-position-inline-start elementor-mobile-position-block-start elementor-invisible elementor-widget elementor-widget-icon-box\" data-id=\"6b424de\" data-element_type=\"widget\" data-e-type=\"widget\" data-settings=\"{&quot;_animation&quot;:&quot;fadeInLeft&quot;}\" data-widget_type=\"icon-box.default\">\n\t\t\t\t\t\t\t<div class=\"elementor-icon-box-wrapper\">\n\n\t\t\t\t\t\t<div class=\"elementor-icon-box-icon\">\n\t\t\t\t<span  class=\"elementor-icon\">\n\t\t\t\t<svg aria-hidden=\"true\" class=\"e-font-icon-svg e-fas-laptop-medical\" viewBox=\"0 0 640 512\" xmlns=\"http:\/\/www.w3.org\/2000\/svg\"><path d=\"M232 224h56v56a8 8 0 0 0 8 8h48a8 8 0 0 0 8-8v-56h56a8 8 0 0 0 8-8v-48a8 8 0 0 0-8-8h-56v-56a8 8 0 0 0-8-8h-48a8 8 0 0 0-8 8v56h-56a8 8 0 0 0-8 8v48a8 8 0 0 0 8 8zM576 48a48.14 48.14 0 0 0-48-48H112a48.14 48.14 0 0 0-48 48v336h512zm-64 272H128V64h384zm112 96H381.54c-.74 19.81-14.71 32-32.74 32H288c-18.69 0-33-17.47-32.77-32H16a16 16 0 0 0-16 16v16a64.19 64.19 0 0 0 64 64h512a64.19 64.19 0 0 0 64-64v-16a16 16 0 0 0-16-16z\"><\/path><\/svg>\t\t\t\t<\/span>\n\t\t\t<\/div>\n\t\t\t\n\t\t\t\t\t\t<div class=\"elementor-icon-box-content\">\n\n\t\t\t\t\t\t\t\t\t<h3 class=\"elementor-icon-box-title\">\n\t\t\t\t\t\t<span  >\n\t\t\t\t\t\t\tAmbiente pr\u00e1ctico e interactivo: debates, estudios de caso y din\u00e1micas con profesionales de referencia\t\t\t\t\t\t<\/span>\n\t\t\t\t\t<\/h3>\n\t\t\t\t\n\t\t\t\t\n\t\t\t<\/div>\n\t\t\t\n\t\t<\/div>\n\t\t\t\t\t\t<\/div>\n\t\t\t\t<\/div>\n\t\t<div class=\"elementor-element elementor-element-4b52e30 e-con-full e-flex elementor-invisible e-con e-child\" data-id=\"4b52e30\" data-element_type=\"container\" data-e-type=\"container\" data-settings=\"{&quot;animation&quot;:&quot;fadeInRight&quot;}\">\n\t\t\t\t<div class=\"elementor-element elementor-element-9b790d9 elementor-widget__width-inherit elementor-widget-mobile__width-auto elementor-widget elementor-widget-html\" data-id=\"9b790d9\" data-element_type=\"widget\" data-e-type=\"widget\" data-widget_type=\"html.default\">\n\t\t\t\t\t<div class=\"tag-wrapper2\">\r\n  <span class=\"dot2\"><\/span>\r\n Espacio del Coordinador \r\n<\/div>\r\n\r\n\r\n\t\t\t\t<\/div>\n\t\t\t\t<div class=\"elementor-element elementor-element-6398bf5 elementor-widget elementor-widget-heading\" data-id=\"6398bf5\" data-element_type=\"widget\" data-e-type=\"widget\" data-widget_type=\"heading.default\">\n\t\t\t\t\t<h2 class=\"elementor-heading-title elementor-size-default\">Prof. Alexandre Ferreli<\/h2>\t\t\t\t<\/div>\n\t\t\t\t<div class=\"elementor-element elementor-element-109cee5 elementor-widget elementor-widget-video\" data-id=\"109cee5\" data-element_type=\"widget\" data-e-type=\"widget\" data-settings=\"{&quot;youtube_url&quot;:&quot;https:\\\/\\\/www.youtube.com\\\/watch?v=XHOmBV4js_E&quot;,&quot;video_type&quot;:&quot;youtube&quot;,&quot;controls&quot;:&quot;yes&quot;}\" data-widget_type=\"video.default\">\n\t\t\t\t\t\t\t<div class=\"elementor-wrapper elementor-open-inline\">\n\t\t\t<div class=\"elementor-video\"><\/div>\t\t<\/div>\n\t\t\t\t\t\t<\/div>\n\t\t\t\t<\/div>\n\t\t\t\t<div class=\"elementor-element elementor-element-3697486 elementor-absolute elementor-widget elementor-widget-html\" data-id=\"3697486\" data-element_type=\"widget\" data-e-type=\"widget\" data-settings=\"{&quot;_position&quot;:&quot;absolute&quot;}\" data-widget_type=\"html.default\">\n\t\t\t\t\t<!-- Divisor de Se\u00e7\u00e3o --><div class=\"section-divider\"><!-- Linha gradiente --><div class=\"divider-line\"><\/div><!-- C\u00edrculo com seta --><div class=\"circle-arrow\"><div class=\"circle\"><svg class=\"arrow-icon\" viewBox=\"0 0 24 24\" fill=\"none\" xmlns=\"http:\/\/www.w3.org\/2000\/svg\"><path stroke-linecap=\"round\" stroke-linejoin=\"round\" stroke-width=\"2\" d=\"M19 14l-7 7m0 0l-7-7m7 7V3\"><\/path><\/svg><\/div><\/div><\/div><style>.circle {\r\n  width: 40px;\r\n  height: 40px;\r\n  border-radius: 50%;\r\n  background: #0097A9;\r\n  display: flex;\r\n  align-items: center;\r\n  justify-content: center;\r\n  position: relative;\r\n  transition: all 0.3s ease;\r\n}\r\n\r\n.circle::before {\r\n  content: '';\r\n  position: absolute;\r\n  inset: -4px;\r\n  border-radius: 50%;\r\n  border: 2px solid #0097A9;\r\n  animation: wave 2s infinite;\r\n  opacity: 0;\r\n}\r\n\r\n.arrow-icon {\r\n  width: 20px;\r\n  height: 20px;\r\n  stroke: white;\r\n  transition: all 0.3s ease;\r\n}\r\n\r\n\/* Hover Effects *\/\r\n.circle:hover {\r\n  transform: scale(1.1);\r\n  background: #5499FF;\r\n  box-shadow: 0 0 20px rgba(52, 132, 247, 0.4);\r\n}\r\n\r\n.circle:hover::before {\r\n  border-color: #5499FF;\r\n  animation: wave 1.5s infinite; \/* Onda mais r\u00e1pida no hover *\/\r\n}\r\n\r\n.circle:hover .arrow-icon {\r\n  transform: translateY(2px); \/* Pequeno movimento da seta *\/\r\n  filter: drop-shadow(0 0 4px rgba(255, 255, 255, 0.5));\r\n}\r\n\r\n@keyframes wave {\r\n  0% {\r\n    transform: scale(1);\r\n    opacity: 0.8;\r\n  }\r\n  100% {\r\n    transform: scale(1.4);\r\n    opacity: 0;\r\n  }\r\n}\r\n<\/style>\t\t\t\t<\/div>\n\t\t\t\t\t<\/div>\n\t\t\t\t<\/div>\n\t\t<div class=\"elementor-element elementor-element-aab03a0 e-flex e-con-boxed e-con e-parent\" data-id=\"aab03a0\" data-element_type=\"container\" data-e-type=\"container\" data-settings=\"{&quot;background_background&quot;:&quot;gradient&quot;}\">\n\t\t\t\t\t<div class=\"e-con-inner\">\n\t\t<div class=\"elementor-element elementor-element-a59e972 e-con-full e-flex elementor-invisible e-con e-child\" data-id=\"a59e972\" data-element_type=\"container\" data-e-type=\"container\" data-settings=\"{&quot;animation&quot;:&quot;fadeInLeft&quot;}\">\n\t\t\t\t<div class=\"elementor-element elementor-element-b5e5db7 elementor-widget elementor-widget-heading\" data-id=\"b5e5db7\" data-element_type=\"widget\" data-e-type=\"widget\" data-widget_type=\"heading.default\">\n\t\t\t\t\t<h2 class=\"elementor-heading-title elementor-size-default\">Ventajas de Arkmeds Academy<\/h2>\t\t\t\t<\/div>\n\t\t\t\t<div class=\"elementor-element elementor-element-e9a057f elementor-icon-list--layout-traditional elementor-list-item-link-full_width elementor-widget elementor-widget-icon-list\" data-id=\"e9a057f\" data-element_type=\"widget\" data-e-type=\"widget\" data-widget_type=\"icon-list.default\">\n\t\t\t\t\t\t\t<ul class=\"elementor-icon-list-items\">\n\t\t\t\t\t\t\t<li class=\"elementor-icon-list-item\">\n\t\t\t\t\t\t\t\t\t\t\t<span class=\"elementor-icon-list-icon\">\n\t\t\t\t\t\t\t<svg aria-hidden=\"true\" class=\"e-font-icon-svg e-fas-dot-circle\" viewBox=\"0 0 512 512\" xmlns=\"http:\/\/www.w3.org\/2000\/svg\"><path d=\"M256 8C119.033 8 8 119.033 8 256s111.033 248 248 248 248-111.033 248-248S392.967 8 256 8zm80 248c0 44.112-35.888 80-80 80s-80-35.888-80-80 35.888-80 80-80 80 35.888 80 80z\"><\/path><\/svg>\t\t\t\t\t\t<\/span>\n\t\t\t\t\t\t\t\t\t\t<span class=\"elementor-icon-list-text\">Asignaturas segmentadas por \u00e1reas de la ingenier\u00eda, cubriendo en profundidad el\u00e9ctrica, hidr\u00e1ulica, climatizaci\u00f3n, arquitectura hospitalaria, mantenimiento y seguridad laboral<\/span>\n\t\t\t\t\t\t\t\t\t<\/li>\n\t\t\t\t\t\t\t\t<li class=\"elementor-icon-list-item\">\n\t\t\t\t\t\t\t\t\t\t\t<span class=\"elementor-icon-list-icon\">\n\t\t\t\t\t\t\t<svg aria-hidden=\"true\" class=\"e-font-icon-svg e-fas-dot-circle\" viewBox=\"0 0 512 512\" xmlns=\"http:\/\/www.w3.org\/2000\/svg\"><path d=\"M256 8C119.033 8 8 119.033 8 256s111.033 248 248 248 248-111.033 248-248S392.967 8 256 8zm80 248c0 44.112-35.888 80-80 80s-80-35.888-80-80 35.888-80 80-80 80 35.888 80 80z\"><\/path><\/svg>\t\t\t\t\t\t<\/span>\n\t\t\t\t\t\t\t\t\t\t<span class=\"elementor-icon-list-text\">Plataforma automatizada: notas en tiempo real y m\u00e1s de 70 cursos complementarios disponibles<\/span>\n\t\t\t\t\t\t\t\t\t<\/li>\n\t\t\t\t\t\t\t\t<li class=\"elementor-icon-list-item\">\n\t\t\t\t\t\t\t\t\t\t\t<span class=\"elementor-icon-list-icon\">\n\t\t\t\t\t\t\t<svg aria-hidden=\"true\" class=\"e-font-icon-svg e-fas-dot-circle\" viewBox=\"0 0 512 512\" xmlns=\"http:\/\/www.w3.org\/2000\/svg\"><path d=\"M256 8C119.033 8 8 119.033 8 256s111.033 248 248 248 248-111.033 248-248S392.967 8 256 8zm80 248c0 44.112-35.888 80-80 80s-80-35.888-80-80 35.888-80 80-80 80 35.888 80 80z\"><\/path><\/svg>\t\t\t\t\t\t<\/span>\n\t\t\t\t\t\t\t\t\t\t<span class=\"elementor-icon-list-text\">Conferencias y talleres con empresas l\u00edderes en el sector de la salud e infraestructura Curso registrado en el MEC y registrado en el CREA<\/span>\n\t\t\t\t\t\t\t\t\t<\/li>\n\t\t\t\t\t\t\t\t<li class=\"elementor-icon-list-item\">\n\t\t\t\t\t\t\t\t\t\t\t<span class=\"elementor-icon-list-icon\">\n\t\t\t\t\t\t\t<svg aria-hidden=\"true\" class=\"e-font-icon-svg e-fas-dot-circle\" viewBox=\"0 0 512 512\" xmlns=\"http:\/\/www.w3.org\/2000\/svg\"><path d=\"M256 8C119.033 8 8 119.033 8 256s111.033 248 248 248 248-111.033 248-248S392.967 8 256 8zm80 248c0 44.112-35.888 80-80 80s-80-35.888-80-80 35.888-80 80-80 80 35.888 80 80z\"><\/path><\/svg>\t\t\t\t\t\t<\/span>\n\t\t\t\t\t\t\t\t\t\t<span class=\"elementor-icon-list-text\">Cuerpo docente compuesto por 18 especialistas activos en hospitales, empresas de ingenier\u00eda y asociaciones nacionales (ABDEH, ANVISA, CREA, NFPA)<\/span>\n\t\t\t\t\t\t\t\t\t<\/li>\n\t\t\t\t\t\t<\/ul>\n\t\t\t\t\t\t<\/div>\n\t\t\t\t<div class=\"elementor-element elementor-element-2a4fd2c elementor-align-justify elementor-mobile-align-center elementor-widget-mobile__width-inherit animated-slow elementor-widget__width-initial elementor-invisible elementor-widget elementor-widget-button\" data-id=\"2a4fd2c\" data-element_type=\"widget\" data-e-type=\"widget\" data-settings=\"{&quot;_animation&quot;:&quot;fadeIn&quot;}\" data-widget_type=\"button.default\">\n\t\t\t\t\t\t\t\t\t\t<a class=\"elementor-button elementor-button-link elementor-size-sm elementor-animation-grow\" href=\"#\">\n\t\t\t\t\t\t<span class=\"elementor-button-content-wrapper\">\n\t\t\t\t\t\t\t\t\t<span class=\"elementor-button-text\">Ver el programa completo<\/span>\n\t\t\t\t\t<\/span>\n\t\t\t\t\t<\/a>\n\t\t\t\t\t\t\t\t<\/div>\n\t\t\t\t<\/div>\n\t\t<div class=\"elementor-element elementor-element-93caed9 e-con-full animated-slow e-flex elementor-invisible e-con e-child\" data-id=\"93caed9\" data-element_type=\"container\" data-e-type=\"container\" data-settings=\"{&quot;animation&quot;:&quot;fadeInRight&quot;}\">\n\t\t\t\t<div class=\"elementor-element elementor-element-1440b25 elementor-widget elementor-widget-image\" data-id=\"1440b25\" data-element_type=\"widget\" data-e-type=\"widget\" data-widget_type=\"image.default\">\n\t\t\t\t\t\t\t\t\t\t\t\t\t\t\t<img decoding=\"async\" width=\"800\" height=\"720\" src=\"https:\/\/arkmeds.com\/wp-content\/uploads\/2025\/06\/24c17413-b753-4df6-b33c-f2eb7380c8bc-copiar.webp\" class=\"attachment-large size-large wp-image-3153\" alt=\"\" srcset=\"https:\/\/arkmeds.com\/wp-content\/uploads\/2025\/06\/24c17413-b753-4df6-b33c-f2eb7380c8bc-copiar.webp 1000w, https:\/\/arkmeds.com\/wp-content\/uploads\/2025\/06\/24c17413-b753-4df6-b33c-f2eb7380c8bc-copiar-300x270.webp 300w, https:\/\/arkmeds.com\/wp-content\/uploads\/2025\/06\/24c17413-b753-4df6-b33c-f2eb7380c8bc-copiar-768x691.webp 768w\" sizes=\"(max-width: 800px) 100vw, 800px\" \/>\t\t\t\t\t\t\t\t\t\t\t\t\t\t\t<\/div>\n\t\t\t\t<\/div>\n\t\t\t\t\t<\/div>\n\t\t\t\t<\/div>\n\t\t<div class=\"elementor-element elementor-element-830867a e-flex e-con-boxed e-con e-parent\" data-id=\"830867a\" data-element_type=\"container\" data-e-type=\"container\" data-settings=\"{&quot;background_background&quot;:&quot;gradient&quot;}\">\n\t\t\t\t\t<div class=\"e-con-inner\">\n\t\t<div class=\"elementor-element elementor-element-560202f e-con-full e-flex e-con e-child\" data-id=\"560202f\" data-element_type=\"container\" data-e-type=\"container\">\n\t\t\t\t<div class=\"elementor-element elementor-element-231f63e elementor-widget elementor-widget-heading\" data-id=\"231f63e\" data-element_type=\"widget\" data-e-type=\"widget\" data-widget_type=\"heading.default\">\n\t\t\t\t\t<h2 class=\"elementor-heading-title elementor-size-default\">Cuerpo Docente:<\/h2>\t\t\t\t<\/div>\n\t\t\t\t<div class=\"elementor-element elementor-element-00c07ee elementor-widget elementor-widget-heading\" data-id=\"00c07ee\" data-element_type=\"widget\" data-e-type=\"widget\" data-widget_type=\"heading.default\">\n\t\t\t\t\t<h2 class=\"elementor-heading-title elementor-size-default\">Aproveche el conocimiento de quienes son l\u00edderes en las\nprincipales empresas de salud de Brasil.<\/h2>\t\t\t\t<\/div>\n\t\t\t\t<\/div>\n\t\t<div class=\"elementor-element elementor-element-15c9b06 e-con-full animated-slow e-flex elementor-invisible e-con e-child\" data-id=\"15c9b06\" data-element_type=\"container\" data-e-type=\"container\" data-settings=\"{&quot;animation&quot;:&quot;fadeIn&quot;}\">\n\t\t<div class=\"elementor-element elementor-element-2b716a7 e-con-full e-flex e-con e-child\" data-id=\"2b716a7\" data-element_type=\"container\" data-e-type=\"container\" data-settings=\"{&quot;background_background&quot;:&quot;classic&quot;,&quot;animation_mobile&quot;:&quot;fadeInLeft&quot;}\">\n\t\t\t\t<div class=\"elementor-element elementor-element-b56b536 elementor-widget elementor-widget-n-accordion\" data-id=\"b56b536\" data-element_type=\"widget\" data-e-type=\"widget\" data-settings=\"{&quot;default_state&quot;:&quot;all_collapsed&quot;,&quot;max_items_expended&quot;:&quot;one&quot;,&quot;n_accordion_animation_duration&quot;:{&quot;unit&quot;:&quot;ms&quot;,&quot;size&quot;:400,&quot;sizes&quot;:[]}}\" data-widget_type=\"nested-accordion.default\">\n\t\t\t\t\t\t\t<div class=\"e-n-accordion\" aria-label=\"Accordion. Open links with Enter or Space, close with Escape, and navigate with Arrow Keys\">\n\t\t\t\t\t\t<details id=\"e-n-accordion-item-1900\" class=\"e-n-accordion-item\" >\n\t\t\t\t<summary class=\"e-n-accordion-item-title\" data-accordion-index=\"1\" tabindex=\"0\" aria-expanded=\"false\" aria-controls=\"e-n-accordion-item-1900\" >\n\t\t\t\t\t<span class='e-n-accordion-item-title-header'><div class=\"e-n-accordion-item-title-text\"> Alexandre Ferreli <\/div><\/span>\n\t\t\t\t\t\t\t<span class='e-n-accordion-item-title-icon'>\n\t\t\t<span class='e-opened' ><svg aria-hidden=\"true\" class=\"e-font-icon-svg e-fas-caret-down\" viewBox=\"0 0 320 512\" xmlns=\"http:\/\/www.w3.org\/2000\/svg\"><path d=\"M31.3 192h257.3c17.8 0 26.7 21.5 14.1 34.1L174.1 354.8c-7.8 7.8-20.5 7.8-28.3 0L17.2 226.1C4.6 213.5 13.5 192 31.3 192z\"><\/path><\/svg><\/span>\n\t\t\t<span class='e-closed'><svg aria-hidden=\"true\" class=\"e-font-icon-svg e-fas-caret-right\" viewBox=\"0 0 192 512\" xmlns=\"http:\/\/www.w3.org\/2000\/svg\"><path d=\"M0 384.662V127.338c0-17.818 21.543-26.741 34.142-14.142l128.662 128.662c7.81 7.81 7.81 20.474 0 28.284L34.142 398.804C21.543 411.404 0 402.48 0 384.662z\"><\/path><\/svg><\/span>\n\t\t<\/span>\n\n\t\t\t\t\t\t<\/summary>\n\t\t\t\t<div role=\"region\" aria-labelledby=\"e-n-accordion-item-1900\" class=\"elementor-element elementor-element-4c62686 e-con-full e-flex e-con e-child\" data-id=\"4c62686\" data-element_type=\"container\" data-e-type=\"container\" data-settings=\"{&quot;background_background&quot;:&quot;classic&quot;}\">\n\t\t<div role=\"region\" aria-labelledby=\"e-n-accordion-item-1900\" class=\"elementor-element elementor-element-4d63dd6 e-flex e-con-boxed e-con e-child\" data-id=\"4d63dd6\" data-element_type=\"container\" data-e-type=\"container\">\n\t\t\t\t\t<div class=\"e-con-inner\">\n\t\t\t\t<div class=\"elementor-element elementor-element-8a3dd51 elementor-widget elementor-widget-text-editor\" data-id=\"8a3dd51\" data-element_type=\"widget\" data-e-type=\"widget\" data-widget_type=\"text-editor.default\">\n\t\t\t\t\t\t\t\t\t<p>Alexandre Ferreli Souza es graduado en Ingenier\u00eda Electr\u00f3nica por la Escuela Polit\u00e9cnica de la Universidad Federal de R\u00edo de Janeiro (2000), obtuvo el t\u00edtulo de M\u00e1ster en Ingenier\u00eda Biom\u00e9dica en COPPE\/UFRJ en 2003, MBA en Ingenier\u00eda de Mantenimiento en 2004 (UFRJ), t\u00edtulo de especialista en Seguridad del Trabajo en 2013 (UFRJ) y t\u00edtulo de especialista en Ingenier\u00eda Cl\u00ednica en 2016 (HIAE). Ha trabajado en compa\u00f1\u00edas de equipos m\u00e9dicos e Ingenier\u00eda Cl\u00ednica desde 1995, como ingeniero de campo, supervisor, coordinador, perito judicial y gerente. Public\u00f3 con otros 3 autores el libro \u00abGesti\u00f3n de mantenimiento en Servicios de Salud\u00bb (2010). Actu\u00f3 en la Asociaci\u00f3n Brasile\u00f1a de Ingenier\u00eda Cl\u00ednica, como Presidente en la gesti\u00f3n 2017\/2020. Ha prestado consultor\u00eda para varias empresas y organismos p\u00fablicos. Particip\u00f3 en varios grupos de trabajo en el sistema CONFEA\/CREA sobre Ingenier\u00eda Cl\u00ednica y fiscalizaci\u00f3n de hospitales. Es colaborador del IFMBE. Act\u00faa como Gerente Operacional en Staff Ingenier\u00eda Cl\u00ednica y coordinador del curso de especializaci\u00f3n en Ingenier\u00eda Cl\u00ednica en el Instituto E-Health. En su campo de inter\u00e9s destacan la seguridad del paciente, aplicaci\u00f3n de est\u00e1ndares de Ingenier\u00eda de Mantenimiento en el \u00e1rea m\u00e9dico-hospitalaria, optimizaci\u00f3n de procesos en Ingenier\u00eda Cl\u00ednica.        <\/p>\t\t\t\t\t\t\t\t<\/div>\n\t\t\t\t\t<\/div>\n\t\t\t\t<\/div>\n\t\t\t\t<\/div>\n\t\t\t\t\t<\/details>\n\t\t\t\t\t\t<details id=\"e-n-accordion-item-1901\" class=\"e-n-accordion-item\" >\n\t\t\t\t<summary class=\"e-n-accordion-item-title\" data-accordion-index=\"2\" tabindex=\"-1\" aria-expanded=\"false\" aria-controls=\"e-n-accordion-item-1901\" >\n\t\t\t\t\t<span class='e-n-accordion-item-title-header'><div class=\"e-n-accordion-item-title-text\"> Bianca Viola <\/div><\/span>\n\t\t\t\t\t\t\t<span class='e-n-accordion-item-title-icon'>\n\t\t\t<span class='e-opened' ><svg aria-hidden=\"true\" class=\"e-font-icon-svg e-fas-caret-down\" viewBox=\"0 0 320 512\" xmlns=\"http:\/\/www.w3.org\/2000\/svg\"><path d=\"M31.3 192h257.3c17.8 0 26.7 21.5 14.1 34.1L174.1 354.8c-7.8 7.8-20.5 7.8-28.3 0L17.2 226.1C4.6 213.5 13.5 192 31.3 192z\"><\/path><\/svg><\/span>\n\t\t\t<span class='e-closed'><svg aria-hidden=\"true\" class=\"e-font-icon-svg e-fas-caret-right\" viewBox=\"0 0 192 512\" xmlns=\"http:\/\/www.w3.org\/2000\/svg\"><path d=\"M0 384.662V127.338c0-17.818 21.543-26.741 34.142-14.142l128.662 128.662c7.81 7.81 7.81 20.474 0 28.284L34.142 398.804C21.543 411.404 0 402.48 0 384.662z\"><\/path><\/svg><\/span>\n\t\t<\/span>\n\n\t\t\t\t\t\t<\/summary>\n\t\t\t\t<div role=\"region\" aria-labelledby=\"e-n-accordion-item-1901\" class=\"elementor-element elementor-element-35e3440 e-con-full e-flex e-con e-child\" data-id=\"35e3440\" data-element_type=\"container\" data-e-type=\"container\" data-settings=\"{&quot;background_background&quot;:&quot;classic&quot;}\">\n\t\t<div role=\"region\" aria-labelledby=\"e-n-accordion-item-1901\" class=\"elementor-element elementor-element-941376f e-flex e-con-boxed e-con e-child\" data-id=\"941376f\" data-element_type=\"container\" data-e-type=\"container\">\n\t\t\t\t\t<div class=\"e-con-inner\">\n\t\t\t\t<div class=\"elementor-element elementor-element-738fa9a elementor-widget elementor-widget-text-editor\" data-id=\"738fa9a\" data-element_type=\"widget\" data-e-type=\"widget\" data-widget_type=\"text-editor.default\">\n\t\t\t\t\t\t\t\t\t<p>Ingeniera Civil con m\u00e1s de 10 a\u00f1os de experiencia en el \u00e1rea de planificaci\u00f3n y control de grandes construcciones (sumadas son m\u00e1s de 465 mil m\u00b2). Con enfoque desde 2015 en la construcci\u00f3n de hospitales, y a partir de 2020 actuando como Gestora de Ingenier\u00eda Hospitalaria, coordinando Ing. Predial y Cl\u00ednica. Experiencia de campo en el \u00e1rea de la construcci\u00f3n de edificaciones, infraestructura urbana, instalaciones prediales, planificaci\u00f3n de obras, gesti\u00f3n de proyectos, administraci\u00f3n p\u00fablica y licitaciones.   <\/p>\t\t\t\t\t\t\t\t<\/div>\n\t\t\t\t\t<\/div>\n\t\t\t\t<\/div>\n\t\t\t\t<\/div>\n\t\t\t\t\t<\/details>\n\t\t\t\t\t\t<details id=\"e-n-accordion-item-1902\" class=\"e-n-accordion-item\" >\n\t\t\t\t<summary class=\"e-n-accordion-item-title\" data-accordion-index=\"3\" tabindex=\"-1\" aria-expanded=\"false\" aria-controls=\"e-n-accordion-item-1902\" >\n\t\t\t\t\t<span class='e-n-accordion-item-title-header'><div class=\"e-n-accordion-item-title-text\"> Celeste Maria de Freitas Fran\u00e7a <\/div><\/span>\n\t\t\t\t\t\t\t<span class='e-n-accordion-item-title-icon'>\n\t\t\t<span class='e-opened' ><svg aria-hidden=\"true\" class=\"e-font-icon-svg e-fas-caret-down\" viewBox=\"0 0 320 512\" xmlns=\"http:\/\/www.w3.org\/2000\/svg\"><path d=\"M31.3 192h257.3c17.8 0 26.7 21.5 14.1 34.1L174.1 354.8c-7.8 7.8-20.5 7.8-28.3 0L17.2 226.1C4.6 213.5 13.5 192 31.3 192z\"><\/path><\/svg><\/span>\n\t\t\t<span class='e-closed'><svg aria-hidden=\"true\" class=\"e-font-icon-svg e-fas-caret-right\" viewBox=\"0 0 192 512\" xmlns=\"http:\/\/www.w3.org\/2000\/svg\"><path d=\"M0 384.662V127.338c0-17.818 21.543-26.741 34.142-14.142l128.662 128.662c7.81 7.81 7.81 20.474 0 28.284L34.142 398.804C21.543 411.404 0 402.48 0 384.662z\"><\/path><\/svg><\/span>\n\t\t<\/span>\n\n\t\t\t\t\t\t<\/summary>\n\t\t\t\t<div role=\"region\" aria-labelledby=\"e-n-accordion-item-1902\" class=\"elementor-element elementor-element-1d4d306 e-con-full e-flex e-con e-child\" data-id=\"1d4d306\" data-element_type=\"container\" data-e-type=\"container\" data-settings=\"{&quot;background_background&quot;:&quot;classic&quot;}\">\n\t\t<div role=\"region\" aria-labelledby=\"e-n-accordion-item-1902\" class=\"elementor-element elementor-element-f69e8e6 e-flex e-con-boxed e-con e-child\" data-id=\"f69e8e6\" data-element_type=\"container\" data-e-type=\"container\">\n\t\t\t\t\t<div class=\"e-con-inner\">\n\t\t\t\t<div class=\"elementor-element elementor-element-a32efc9 elementor-widget elementor-widget-text-editor\" data-id=\"a32efc9\" data-element_type=\"widget\" data-e-type=\"widget\" data-widget_type=\"text-editor.default\">\n\t\t\t\t\t\t\t\t\t<p>Graduaci\u00f3n en Ingenier\u00eda Qu\u00edmica por la UFRJ (1981), Posgrado en Ingenier\u00eda de Seguridad del Trabajo UFRJ, M\u00e1ster en Sistemas de Gesti\u00f3n de Seguridad del Trabajo UFF, Coordinadora T\u00e9cnica\/Docente en la UCAM en Posgrado en Ingenier\u00eda de Seguridad del Trabajo, Auditor\u00eda en Gesti\u00f3n de Residuos Industriales\/Infecciosos\/Urbanos, Auditor\u00eda Ambiental\/Sistemas de Gesti\u00f3n Ambiental\/Seguridad y Consultor\u00eda\/Asesor\u00eda en Sistemas de Gesti\u00f3n, experiencia en el \u00e1rea de Ingenier\u00eda Qu\u00edmica, con \u00e9nfasis en Ingenier\u00eda de Proceso.<\/p>\t\t\t\t\t\t\t\t<\/div>\n\t\t\t\t\t<\/div>\n\t\t\t\t<\/div>\n\t\t\t\t<\/div>\n\t\t\t\t\t<\/details>\n\t\t\t\t\t\t<details id=\"e-n-accordion-item-1903\" class=\"e-n-accordion-item\" >\n\t\t\t\t<summary class=\"e-n-accordion-item-title\" data-accordion-index=\"4\" tabindex=\"-1\" aria-expanded=\"false\" aria-controls=\"e-n-accordion-item-1903\" >\n\t\t\t\t\t<span class='e-n-accordion-item-title-header'><div class=\"e-n-accordion-item-title-text\"> Christiane Lacerda  <\/div><\/span>\n\t\t\t\t\t\t\t<span class='e-n-accordion-item-title-icon'>\n\t\t\t<span class='e-opened' ><svg aria-hidden=\"true\" class=\"e-font-icon-svg e-fas-caret-down\" viewBox=\"0 0 320 512\" xmlns=\"http:\/\/www.w3.org\/2000\/svg\"><path d=\"M31.3 192h257.3c17.8 0 26.7 21.5 14.1 34.1L174.1 354.8c-7.8 7.8-20.5 7.8-28.3 0L17.2 226.1C4.6 213.5 13.5 192 31.3 192z\"><\/path><\/svg><\/span>\n\t\t\t<span class='e-closed'><svg aria-hidden=\"true\" class=\"e-font-icon-svg e-fas-caret-right\" viewBox=\"0 0 192 512\" xmlns=\"http:\/\/www.w3.org\/2000\/svg\"><path d=\"M0 384.662V127.338c0-17.818 21.543-26.741 34.142-14.142l128.662 128.662c7.81 7.81 7.81 20.474 0 28.284L34.142 398.804C21.543 411.404 0 402.48 0 384.662z\"><\/path><\/svg><\/span>\n\t\t<\/span>\n\n\t\t\t\t\t\t<\/summary>\n\t\t\t\t<div role=\"region\" aria-labelledby=\"e-n-accordion-item-1903\" class=\"elementor-element elementor-element-e7ac8a3 e-con-full e-flex e-con e-child\" data-id=\"e7ac8a3\" data-element_type=\"container\" data-e-type=\"container\" data-settings=\"{&quot;background_background&quot;:&quot;classic&quot;}\">\n\t\t<div role=\"region\" aria-labelledby=\"e-n-accordion-item-1903\" class=\"elementor-element elementor-element-d904c44 e-flex e-con-boxed e-con e-child\" data-id=\"d904c44\" data-element_type=\"container\" data-e-type=\"container\">\n\t\t\t\t\t<div class=\"e-con-inner\">\n\t\t\t\t<div class=\"elementor-element elementor-element-99b2014 elementor-widget elementor-widget-text-editor\" data-id=\"99b2014\" data-element_type=\"widget\" data-e-type=\"widget\" data-widget_type=\"text-editor.default\">\n\t\t\t\t\t\t\t\t\t<p>Ingeniera Qu\u00edmica (UFRJ); MBA en Gesti\u00f3n Estrat\u00e9gica y Econ\u00f3mica de Negocios (FGV SP); Especialista en Calidad del Aire y Contaminaci\u00f3n en Ambientes Interiores (PECE\/USP); Especialista en Tratamiento Qu\u00edmico de Sistemas de Enfriamiento de Agua, con m\u00e1s de 25 a\u00f1os de experiencia; Especialista en tratamiento qu\u00edmico y an\u00e1lisis de laboratorio de agua, aire y efluentes; Co-orientadora del Student Branch RJ y chair del Comit\u00e9 de Diversidad de ASHRAE Brasil Chapter; Presidenta de SINDRATAR RJ (Sindicato de la Industria de Refrigeraci\u00f3n, Calefacci\u00f3n y Tratamiento de Aire); Presidenta de ABEMEC-RJ (Asociaci\u00f3n Brasile\u00f1a de Ingenier\u00eda Mec\u00e1nica e Industrial); Directora Ejecutiva de GHS Brasil (www.ghsbrasil.com).<\/p>\t\t\t\t\t\t\t\t<\/div>\n\t\t\t\t\t<\/div>\n\t\t\t\t<\/div>\n\t\t\t\t<\/div>\n\t\t\t\t\t<\/details>\n\t\t\t\t\t\t<details id=\"e-n-accordion-item-1904\" class=\"e-n-accordion-item\" >\n\t\t\t\t<summary class=\"e-n-accordion-item-title\" data-accordion-index=\"5\" tabindex=\"-1\" aria-expanded=\"false\" aria-controls=\"e-n-accordion-item-1904\" >\n\t\t\t\t\t<span class='e-n-accordion-item-title-header'><div class=\"e-n-accordion-item-title-text\"> Douglas Cury <\/div><\/span>\n\t\t\t\t\t\t\t<span class='e-n-accordion-item-title-icon'>\n\t\t\t<span class='e-opened' ><svg aria-hidden=\"true\" class=\"e-font-icon-svg e-fas-caret-down\" viewBox=\"0 0 320 512\" xmlns=\"http:\/\/www.w3.org\/2000\/svg\"><path d=\"M31.3 192h257.3c17.8 0 26.7 21.5 14.1 34.1L174.1 354.8c-7.8 7.8-20.5 7.8-28.3 0L17.2 226.1C4.6 213.5 13.5 192 31.3 192z\"><\/path><\/svg><\/span>\n\t\t\t<span class='e-closed'><svg aria-hidden=\"true\" class=\"e-font-icon-svg e-fas-caret-right\" viewBox=\"0 0 192 512\" xmlns=\"http:\/\/www.w3.org\/2000\/svg\"><path d=\"M0 384.662V127.338c0-17.818 21.543-26.741 34.142-14.142l128.662 128.662c7.81 7.81 7.81 20.474 0 28.284L34.142 398.804C21.543 411.404 0 402.48 0 384.662z\"><\/path><\/svg><\/span>\n\t\t<\/span>\n\n\t\t\t\t\t\t<\/summary>\n\t\t\t\t<div role=\"region\" aria-labelledby=\"e-n-accordion-item-1904\" class=\"elementor-element elementor-element-9acc1a3 e-con-full e-flex e-con e-child\" data-id=\"9acc1a3\" data-element_type=\"container\" data-e-type=\"container\" data-settings=\"{&quot;background_background&quot;:&quot;classic&quot;}\">\n\t\t<div role=\"region\" aria-labelledby=\"e-n-accordion-item-1904\" class=\"elementor-element elementor-element-096a7b1 e-flex e-con-boxed e-con e-child\" data-id=\"096a7b1\" data-element_type=\"container\" data-e-type=\"container\">\n\t\t\t\t\t<div class=\"e-con-inner\">\n\t\t\t\t<div class=\"elementor-element elementor-element-dc5aae9 elementor-widget elementor-widget-text-editor\" data-id=\"dc5aae9\" data-element_type=\"widget\" data-e-type=\"widget\" data-widget_type=\"text-editor.default\">\n\t\t\t\t\t\t\t\t\t<p>Graduado en Ingenier\u00eda Industrial-El\u00e9ctrica por la universidad Santa Cecilia en Santos-SP. Posgrado en administraci\u00f3n de empresas, Latu Sensu. Fundador y Director T\u00e9cnico de Grau Ingenier\u00eda de Instalaciones, empresa especializada en proyectos de instalaciones hospitalarias, el\u00e9ctricas, hidr\u00e1ulicas, aire acondicionado, desde octubre de 1992. Miembro de ABDEH, Asociaci\u00f3n Brasile\u00f1a para el Desarrollo del Edificio Hospitalario donde act\u00faa como ponente impartiendo cursos de instalaciones en todas las capitales de Brasil para arquitectos, ingenieros, equipos de mantenimiento y miembros de Anvisa. Imparti\u00f3 curso de instalaciones hospitalarias en diversos hospitales de S\u00e3o Paulo para equipos de mantenimiento. Particip\u00f3 como ponente invitado en los foros de ABEClin, Tecsaude, IPH, IBAPE, ABDEH.     <\/p>\t\t\t\t\t\t\t\t<\/div>\n\t\t\t\t\t<\/div>\n\t\t\t\t<\/div>\n\t\t\t\t<\/div>\n\t\t\t\t\t<\/details>\n\t\t\t\t\t\t<details id=\"e-n-accordion-item-1905\" class=\"e-n-accordion-item\" >\n\t\t\t\t<summary class=\"e-n-accordion-item-title\" data-accordion-index=\"6\" tabindex=\"-1\" aria-expanded=\"false\" aria-controls=\"e-n-accordion-item-1905\" >\n\t\t\t\t\t<span class='e-n-accordion-item-title-header'><div class=\"e-n-accordion-item-title-text\"> D\u00f3ris Vilas Boas  <\/div><\/span>\n\t\t\t\t\t\t\t<span class='e-n-accordion-item-title-icon'>\n\t\t\t<span class='e-opened' ><svg aria-hidden=\"true\" class=\"e-font-icon-svg e-fas-caret-down\" viewBox=\"0 0 320 512\" xmlns=\"http:\/\/www.w3.org\/2000\/svg\"><path d=\"M31.3 192h257.3c17.8 0 26.7 21.5 14.1 34.1L174.1 354.8c-7.8 7.8-20.5 7.8-28.3 0L17.2 226.1C4.6 213.5 13.5 192 31.3 192z\"><\/path><\/svg><\/span>\n\t\t\t<span class='e-closed'><svg aria-hidden=\"true\" class=\"e-font-icon-svg e-fas-caret-right\" viewBox=\"0 0 192 512\" xmlns=\"http:\/\/www.w3.org\/2000\/svg\"><path d=\"M0 384.662V127.338c0-17.818 21.543-26.741 34.142-14.142l128.662 128.662c7.81 7.81 7.81 20.474 0 28.284L34.142 398.804C21.543 411.404 0 402.48 0 384.662z\"><\/path><\/svg><\/span>\n\t\t<\/span>\n\n\t\t\t\t\t\t<\/summary>\n\t\t\t\t<div role=\"region\" aria-labelledby=\"e-n-accordion-item-1905\" class=\"elementor-element elementor-element-058d505 e-con-full e-flex e-con e-child\" data-id=\"058d505\" data-element_type=\"container\" data-e-type=\"container\" data-settings=\"{&quot;background_background&quot;:&quot;classic&quot;}\">\n\t\t<div role=\"region\" aria-labelledby=\"e-n-accordion-item-1905\" class=\"elementor-element elementor-element-a72e798 e-flex e-con-boxed e-con e-child\" data-id=\"a72e798\" data-element_type=\"container\" data-e-type=\"container\">\n\t\t\t\t\t<div class=\"e-con-inner\">\n\t\t\t\t<div class=\"elementor-element elementor-element-a6e73fc elementor-widget elementor-widget-text-editor\" data-id=\"a6e73fc\" data-element_type=\"widget\" data-e-type=\"widget\" data-widget_type=\"text-editor.default\">\n\t\t\t\t\t\t\t\t\t<p>Arquitecta y urbanista graduada por la Universidad Federal de Bah\u00eda (UFBA) y por la Universidad Polit\u00e9cnica de Valencia (UPV) \u2013 Espa\u00f1a. Especialista en sistemas de Salud por la UFBA. Profesora de los cursos de \u00abArquitectura de Hospitales, Cl\u00ednicas y Laboratorios\u00bb promovido por AEA Educaci\u00f3n Continuada y por Imbec, de los cursos de extensi\u00f3n en Arquitectura de Establecimientos de Salud realizado por la Facultad de Arquitectura de la UFBA. Desarrolla investigaciones en las \u00e1reas de Sostenibilidad y Tecnolog\u00edas limpias para Establecimientos Asistenciales de Salud (EAS), Humanizaci\u00f3n en EAS y Arquitectura Basada en Evidencias. Directora de la Regional Bah\u00eda de ABDEH -2014\/2017. Vicepresidenta\/Marketing Directiva Nacional de ABDEH (Asociaci\u00f3n Brasile\u00f1a para el Desarrollo del Edificio Hospitalario)2017\/2020. Presidenta del VII Congreso Brasile\u00f1o para el Desarrollo del Edificio Hospitalario. Miembro de la Red Conexi\u00f3n Proyectos. Socia propietaria del Estudio Vilas-Boas Arquitectura que act\u00faa principalmente en las \u00e1reas de Planificaci\u00f3n en salud, Arquitectura Hospitalaria, Educacional y Religiosa.         <\/p>\t\t\t\t\t\t\t\t<\/div>\n\t\t\t\t\t<\/div>\n\t\t\t\t<\/div>\n\t\t\t\t<\/div>\n\t\t\t\t\t<\/details>\n\t\t\t\t\t\t<details id=\"e-n-accordion-item-1906\" class=\"e-n-accordion-item\" >\n\t\t\t\t<summary class=\"e-n-accordion-item-title\" data-accordion-index=\"7\" tabindex=\"-1\" aria-expanded=\"false\" aria-controls=\"e-n-accordion-item-1906\" >\n\t\t\t\t\t<span class='e-n-accordion-item-title-header'><div class=\"e-n-accordion-item-title-text\">  Elizangela Tavares <\/div><\/span>\n\t\t\t\t\t\t\t<span class='e-n-accordion-item-title-icon'>\n\t\t\t<span class='e-opened' ><svg aria-hidden=\"true\" class=\"e-font-icon-svg e-fas-caret-down\" viewBox=\"0 0 320 512\" xmlns=\"http:\/\/www.w3.org\/2000\/svg\"><path d=\"M31.3 192h257.3c17.8 0 26.7 21.5 14.1 34.1L174.1 354.8c-7.8 7.8-20.5 7.8-28.3 0L17.2 226.1C4.6 213.5 13.5 192 31.3 192z\"><\/path><\/svg><\/span>\n\t\t\t<span class='e-closed'><svg aria-hidden=\"true\" class=\"e-font-icon-svg e-fas-caret-right\" viewBox=\"0 0 192 512\" xmlns=\"http:\/\/www.w3.org\/2000\/svg\"><path d=\"M0 384.662V127.338c0-17.818 21.543-26.741 34.142-14.142l128.662 128.662c7.81 7.81 7.81 20.474 0 28.284L34.142 398.804C21.543 411.404 0 402.48 0 384.662z\"><\/path><\/svg><\/span>\n\t\t<\/span>\n\n\t\t\t\t\t\t<\/summary>\n\t\t\t\t<div role=\"region\" aria-labelledby=\"e-n-accordion-item-1906\" class=\"elementor-element elementor-element-1bcfb85 e-con-full e-flex e-con e-child\" data-id=\"1bcfb85\" data-element_type=\"container\" data-e-type=\"container\" data-settings=\"{&quot;background_background&quot;:&quot;classic&quot;}\">\n\t\t<div role=\"region\" aria-labelledby=\"e-n-accordion-item-1906\" class=\"elementor-element elementor-element-6798d84 e-flex e-con-boxed e-con e-child\" data-id=\"6798d84\" data-element_type=\"container\" data-e-type=\"container\">\n\t\t\t\t\t<div class=\"e-con-inner\">\n\t\t\t\t<div class=\"elementor-element elementor-element-ad4277a elementor-widget elementor-widget-text-editor\" data-id=\"ad4277a\" data-element_type=\"widget\" data-e-type=\"widget\" data-widget_type=\"text-editor.default\">\n\t\t\t\t\t\t\t\t\t<p>Posgrado en Ingenier\u00eda De Seguridad del Trabajo por la UFRJ (Actuando en el \u00e1rea de Salud, desde 2003, entre Hospitales, laboratorios y cl\u00ednicas). Graduada en Ingenier\u00eda Civil por el Centro Universitario Augusto Motta. Form\u00f3 parte del cuadro de Ingenieros OTT 2010 del Ministerio de Defensa &#8211; Ej\u00e9rcito Brasile\u00f1o. Gerente de la empresa ETS Seguridad del Trabajo Ltda. Consultora en Ingenier\u00eda de Seguridad del Trabajo. Responsable por la Ingenier\u00eda de Seguridad del Trabajo del Hospital de Unimed Rio desde 2012. <\/p>\t\t\t\t\t\t\t\t<\/div>\n\t\t\t\t\t<\/div>\n\t\t\t\t<\/div>\n\t\t\t\t<\/div>\n\t\t\t\t\t<\/details>\n\t\t\t\t\t<\/div>\n\t\t\t\t\t\t<\/div>\n\t\t\t\t<\/div>\n\t\t<div class=\"elementor-element elementor-element-75d5340 e-con-full e-flex e-con e-child\" data-id=\"75d5340\" data-element_type=\"container\" data-e-type=\"container\" data-settings=\"{&quot;background_background&quot;:&quot;classic&quot;,&quot;animation_mobile&quot;:&quot;fadeInLeft&quot;}\">\n\t\t\t\t<div class=\"elementor-element elementor-element-964b3e7 elementor-widget elementor-widget-n-accordion\" data-id=\"964b3e7\" data-element_type=\"widget\" data-e-type=\"widget\" data-settings=\"{&quot;default_state&quot;:&quot;all_collapsed&quot;,&quot;max_items_expended&quot;:&quot;one&quot;,&quot;n_accordion_animation_duration&quot;:{&quot;unit&quot;:&quot;ms&quot;,&quot;size&quot;:400,&quot;sizes&quot;:[]}}\" data-widget_type=\"nested-accordion.default\">\n\t\t\t\t\t\t\t<div class=\"e-n-accordion\" aria-label=\"Accordion. Open links with Enter or Space, close with Escape, and navigate with Arrow Keys\">\n\t\t\t\t\t\t<details id=\"e-n-accordion-item-1570\" class=\"e-n-accordion-item\" >\n\t\t\t\t<summary class=\"e-n-accordion-item-title\" data-accordion-index=\"1\" tabindex=\"0\" aria-expanded=\"false\" aria-controls=\"e-n-accordion-item-1570\" >\n\t\t\t\t\t<span class='e-n-accordion-item-title-header'><div class=\"e-n-accordion-item-title-text\"> Fernando Meira <\/div><\/span>\n\t\t\t\t\t\t\t<span class='e-n-accordion-item-title-icon'>\n\t\t\t<span class='e-opened' ><svg aria-hidden=\"true\" class=\"e-font-icon-svg e-fas-caret-down\" viewBox=\"0 0 320 512\" xmlns=\"http:\/\/www.w3.org\/2000\/svg\"><path d=\"M31.3 192h257.3c17.8 0 26.7 21.5 14.1 34.1L174.1 354.8c-7.8 7.8-20.5 7.8-28.3 0L17.2 226.1C4.6 213.5 13.5 192 31.3 192z\"><\/path><\/svg><\/span>\n\t\t\t<span class='e-closed'><svg aria-hidden=\"true\" class=\"e-font-icon-svg e-fas-caret-right\" viewBox=\"0 0 192 512\" xmlns=\"http:\/\/www.w3.org\/2000\/svg\"><path d=\"M0 384.662V127.338c0-17.818 21.543-26.741 34.142-14.142l128.662 128.662c7.81 7.81 7.81 20.474 0 28.284L34.142 398.804C21.543 411.404 0 402.48 0 384.662z\"><\/path><\/svg><\/span>\n\t\t<\/span>\n\n\t\t\t\t\t\t<\/summary>\n\t\t\t\t<div role=\"region\" aria-labelledby=\"e-n-accordion-item-1570\" class=\"elementor-element elementor-element-865b1ec e-con-full e-flex e-con e-child\" data-id=\"865b1ec\" data-element_type=\"container\" data-e-type=\"container\" data-settings=\"{&quot;background_background&quot;:&quot;classic&quot;}\">\n\t\t<div role=\"region\" aria-labelledby=\"e-n-accordion-item-1570\" class=\"elementor-element elementor-element-e9071df e-flex e-con-boxed e-con e-child\" data-id=\"e9071df\" data-element_type=\"container\" data-e-type=\"container\">\n\t\t\t\t\t<div class=\"e-con-inner\">\n\t\t\t\t<div class=\"elementor-element elementor-element-40caac5 elementor-widget elementor-widget-text-editor\" data-id=\"40caac5\" data-element_type=\"widget\" data-e-type=\"widget\" data-widget_type=\"text-editor.default\">\n\t\t\t\t\t\t\t\t\t<p>Graduado en Ingenier\u00eda Mec\u00e1nica por la Pontificia Universidad Cat\u00f3lica de RS (1984); especializaci\u00f3n en proyectos de tratamientos de efluentes s\u00f3lidos l\u00edquidos y gaseosos por la PUC-RS; posgrado en el M\u00e1ster de Mec\u00e1nica de Fluidos de la UFRGS; Es cofundador y CKO de la Red Brasile\u00f1a de Ingenier\u00eda Cl\u00ednica y Hospitalaria &#8211; EngeHosp; Es cofundador y CEO de la empresa de dispositivos IoT para el \u00e1rea de la salud DataSensors; Es cofundador y CTO de la empresa DataClin; Fue vicepresidente de ABEClin en las gestiones de 2012 a 2017; Fue profesor universitario en las Facultades Fadergs y UniLasalle; Es profesor universitario en Facesc en el Curso de Gesti\u00f3n Hospitalaria;<\/p>\t\t\t\t\t\t\t\t<\/div>\n\t\t\t\t\t<\/div>\n\t\t\t\t<\/div>\n\t\t\t\t<\/div>\n\t\t\t\t\t<\/details>\n\t\t\t\t\t\t<details id=\"e-n-accordion-item-1571\" class=\"e-n-accordion-item\" >\n\t\t\t\t<summary class=\"e-n-accordion-item-title\" data-accordion-index=\"2\" tabindex=\"-1\" aria-expanded=\"false\" aria-controls=\"e-n-accordion-item-1571\" >\n\t\t\t\t\t<span class='e-n-accordion-item-title-header'><div class=\"e-n-accordion-item-title-text\">  Leandro Amatti dos Santos <\/div><\/span>\n\t\t\t\t\t\t\t<span class='e-n-accordion-item-title-icon'>\n\t\t\t<span class='e-opened' ><svg aria-hidden=\"true\" class=\"e-font-icon-svg e-fas-caret-down\" viewBox=\"0 0 320 512\" xmlns=\"http:\/\/www.w3.org\/2000\/svg\"><path d=\"M31.3 192h257.3c17.8 0 26.7 21.5 14.1 34.1L174.1 354.8c-7.8 7.8-20.5 7.8-28.3 0L17.2 226.1C4.6 213.5 13.5 192 31.3 192z\"><\/path><\/svg><\/span>\n\t\t\t<span class='e-closed'><svg aria-hidden=\"true\" class=\"e-font-icon-svg e-fas-caret-right\" viewBox=\"0 0 192 512\" xmlns=\"http:\/\/www.w3.org\/2000\/svg\"><path d=\"M0 384.662V127.338c0-17.818 21.543-26.741 34.142-14.142l128.662 128.662c7.81 7.81 7.81 20.474 0 28.284L34.142 398.804C21.543 411.404 0 402.48 0 384.662z\"><\/path><\/svg><\/span>\n\t\t<\/span>\n\n\t\t\t\t\t\t<\/summary>\n\t\t\t\t<div role=\"region\" aria-labelledby=\"e-n-accordion-item-1571\" class=\"elementor-element elementor-element-72ea0bb e-con-full e-flex e-con e-child\" data-id=\"72ea0bb\" data-element_type=\"container\" data-e-type=\"container\" data-settings=\"{&quot;background_background&quot;:&quot;classic&quot;}\">\n\t\t<div role=\"region\" aria-labelledby=\"e-n-accordion-item-1571\" class=\"elementor-element elementor-element-44cb30e e-flex e-con-boxed e-con e-child\" data-id=\"44cb30e\" data-element_type=\"container\" data-e-type=\"container\">\n\t\t\t\t\t<div class=\"e-con-inner\">\n\t\t\t\t<div class=\"elementor-element elementor-element-204b302 elementor-widget elementor-widget-text-editor\" data-id=\"204b302\" data-element_type=\"widget\" data-e-type=\"widget\" data-widget_type=\"text-editor.default\">\n\t\t\t\t\t\t\t\t\t<p>Ingeniero Electricista especialista en Calidad de Energ\u00eda en ambientes Hospitalarios y de Laboratorio, con m\u00e1s de 25 a\u00f1os de experiencia. Posgrado en Eficiencia Energ\u00e9tica por PECE-USP, Posgrado en Construcci\u00f3n Sostenible, por Inbec &#8211; GBCBrasil y Posgrado por el programa Tecnol\u00f3gico Brasil-Alemania \u00abEUREM\u00bb &#8211; Europa Energy Manager, con Certificaci\u00f3n Internacional en Eficiencia Energ\u00e9tica, Energ\u00edas Renovables y Cr\u00e9ditos de Carbono. Profesor, ponente del tema \u00abCalidad de Energ\u00eda El\u00e9ctrica\u00bb e Instructor del Curso de Calidad de Energ\u00eda El\u00e9ctrica\u00bb. Actualmente CEO del Grupo Amatti Engenharia y Maxxima Power Quality.   <\/p>\t\t\t\t\t\t\t\t<\/div>\n\t\t\t\t\t<\/div>\n\t\t\t\t<\/div>\n\t\t\t\t<\/div>\n\t\t\t\t\t<\/details>\n\t\t\t\t\t\t<details id=\"e-n-accordion-item-1572\" class=\"e-n-accordion-item\" >\n\t\t\t\t<summary class=\"e-n-accordion-item-title\" data-accordion-index=\"3\" tabindex=\"-1\" aria-expanded=\"false\" aria-controls=\"e-n-accordion-item-1572\" >\n\t\t\t\t\t<span class='e-n-accordion-item-title-header'><div class=\"e-n-accordion-item-title-text\"> Maira F\u00e1tima de Oliveira Nobre <\/div><\/span>\n\t\t\t\t\t\t\t<span class='e-n-accordion-item-title-icon'>\n\t\t\t<span class='e-opened' ><svg aria-hidden=\"true\" class=\"e-font-icon-svg e-fas-caret-down\" viewBox=\"0 0 320 512\" xmlns=\"http:\/\/www.w3.org\/2000\/svg\"><path d=\"M31.3 192h257.3c17.8 0 26.7 21.5 14.1 34.1L174.1 354.8c-7.8 7.8-20.5 7.8-28.3 0L17.2 226.1C4.6 213.5 13.5 192 31.3 192z\"><\/path><\/svg><\/span>\n\t\t\t<span class='e-closed'><svg aria-hidden=\"true\" class=\"e-font-icon-svg e-fas-caret-right\" viewBox=\"0 0 192 512\" xmlns=\"http:\/\/www.w3.org\/2000\/svg\"><path d=\"M0 384.662V127.338c0-17.818 21.543-26.741 34.142-14.142l128.662 128.662c7.81 7.81 7.81 20.474 0 28.284L34.142 398.804C21.543 411.404 0 402.48 0 384.662z\"><\/path><\/svg><\/span>\n\t\t<\/span>\n\n\t\t\t\t\t\t<\/summary>\n\t\t\t\t<div role=\"region\" aria-labelledby=\"e-n-accordion-item-1572\" class=\"elementor-element elementor-element-3c80a8b e-con-full e-flex e-con e-child\" data-id=\"3c80a8b\" data-element_type=\"container\" data-e-type=\"container\" data-settings=\"{&quot;background_background&quot;:&quot;classic&quot;}\">\n\t\t<div role=\"region\" aria-labelledby=\"e-n-accordion-item-1572\" class=\"elementor-element elementor-element-0ceff42 e-flex e-con-boxed e-con e-child\" data-id=\"0ceff42\" data-element_type=\"container\" data-e-type=\"container\">\n\t\t\t\t\t<div class=\"e-con-inner\">\n\t\t\t\t<div class=\"elementor-element elementor-element-cdb7abf elementor-widget elementor-widget-text-editor\" data-id=\"cdb7abf\" data-element_type=\"widget\" data-e-type=\"widget\" data-widget_type=\"text-editor.default\">\n\t\t\t\t\t\t\t\t\t<p>Posee graduaci\u00f3n y licenciatura plena en Letras &#8211; Portugu\u00e9s-Literaturas por la Universidad Federal de R\u00edo de Janeiro (1985); m\u00e1ster en Letras (Ciencia de la Literatura) por la Universidad Federal de R\u00edo de Janeiro (1995); doctorado en Historia de las Ciencias, de las T\u00e9cnicas y Epistemolog\u00edas por el HCTE\/UFRJ (2014). Con posdoctorado en el Programa Avanzado de Cultura Contempor\u00e1nea (PACC) de la UFRJ (2019). Fue investigadora en la Academia Brasile\u00f1a de Ciencias habiendo trabajado en los Proyectos Ecolog\u00eda y Biodiversidad, Microgravedad Cero y Memoria Cient\u00edfica (1995-2005). Investigadora del Grupo de Investigaci\u00f3n Historia de las Ciencias y de las T\u00e9cnicas en Brasil de la Universidad Federal de R\u00edo de Janeiro (2015-2017). Investigadora en el grupo de investigaci\u00f3n Perspectivas Filos\u00f3ficas en Informaci\u00f3n (Perfil-i), del Instituto Brasile\u00f1o de Informaciones en Ciencia y Tecnolog\u00eda (2020). Debuta en la producci\u00f3n literaria con la publicaci\u00f3n impresa del cuento Desolaci\u00f3n Corn\u00edfera clasificado entre los 68 mejores Cuentos de la Cuarentena, concurso realizado por TV247 en el que hubo 1.827 textos inscritos (2020). Autora del libro Tiempos de 2016: Fascismo en la Era de la Posverdad en prensa. Profesora de Portugu\u00e9s y Metodolog\u00eda Cient\u00edfica del Instituto E-Classe y de la Escuela Polit\u00e9cnica (UFRJ). Actualmente, elaborando el Manual de Gram\u00e1tica y Metodolog\u00eda Cient\u00edfica (2021).<\/p>\t\t\t\t\t\t\t\t<\/div>\n\t\t\t\t\t<\/div>\n\t\t\t\t<\/div>\n\t\t\t\t<\/div>\n\t\t\t\t\t<\/details>\n\t\t\t\t\t\t<details id=\"e-n-accordion-item-1573\" class=\"e-n-accordion-item\" >\n\t\t\t\t<summary class=\"e-n-accordion-item-title\" data-accordion-index=\"4\" tabindex=\"-1\" aria-expanded=\"false\" aria-controls=\"e-n-accordion-item-1573\" >\n\t\t\t\t\t<span class='e-n-accordion-item-title-header'><div class=\"e-n-accordion-item-title-text\"> Marcos Kahn <\/div><\/span>\n\t\t\t\t\t\t\t<span class='e-n-accordion-item-title-icon'>\n\t\t\t<span class='e-opened' ><svg aria-hidden=\"true\" class=\"e-font-icon-svg e-fas-caret-down\" viewBox=\"0 0 320 512\" xmlns=\"http:\/\/www.w3.org\/2000\/svg\"><path d=\"M31.3 192h257.3c17.8 0 26.7 21.5 14.1 34.1L174.1 354.8c-7.8 7.8-20.5 7.8-28.3 0L17.2 226.1C4.6 213.5 13.5 192 31.3 192z\"><\/path><\/svg><\/span>\n\t\t\t<span class='e-closed'><svg aria-hidden=\"true\" class=\"e-font-icon-svg e-fas-caret-right\" viewBox=\"0 0 192 512\" xmlns=\"http:\/\/www.w3.org\/2000\/svg\"><path d=\"M0 384.662V127.338c0-17.818 21.543-26.741 34.142-14.142l128.662 128.662c7.81 7.81 7.81 20.474 0 28.284L34.142 398.804C21.543 411.404 0 402.48 0 384.662z\"><\/path><\/svg><\/span>\n\t\t<\/span>\n\n\t\t\t\t\t\t<\/summary>\n\t\t\t\t<div role=\"region\" aria-labelledby=\"e-n-accordion-item-1573\" class=\"elementor-element elementor-element-8947569 e-con-full e-flex e-con e-child\" data-id=\"8947569\" data-element_type=\"container\" data-e-type=\"container\" data-settings=\"{&quot;background_background&quot;:&quot;classic&quot;}\">\n\t\t<div role=\"region\" aria-labelledby=\"e-n-accordion-item-1573\" class=\"elementor-element elementor-element-c6e9bf0 e-flex e-con-boxed e-con e-child\" data-id=\"c6e9bf0\" data-element_type=\"container\" data-e-type=\"container\">\n\t\t\t\t\t<div class=\"e-con-inner\">\n\t\t\t\t<div class=\"elementor-element elementor-element-2c36ecc elementor-widget elementor-widget-text-editor\" data-id=\"2c36ecc\" data-element_type=\"widget\" data-e-type=\"widget\" data-widget_type=\"text-editor.default\">\n\t\t\t\t\t\t\t\t\t<p>Es ingeniero electricista con posgrado en seguridad laboral. Especialista en ingenier\u00eda de seguridad contra incendios. Consultor y proyectista de grandes hospitales, laboratorios y de renombradas empresas nacionales y multinacionales. Autor del &#8216;Manual de Seguridad Contra Incendios en Establecimientos Asistenciales de Salud&#8217; de la OPS \/ ANVISA (2014). Miembro de la Health Care Section de la National Fire Protection Association (NFPA) desde 1998. Miembro de diversos comit\u00e9s de normalizaci\u00f3n de ABNT. Profesor del curso de posgrado en Arquitectura Hospitalaria del IEP Albert Einstein. Es miembro fundador y ponente de ABPP &#8211; Asociaci\u00f3n Brasile\u00f1a de Protecci\u00f3n Pasiva. Es tambi\u00e9n miembro fundador, ponente e integrante del Comit\u00e9 T\u00e9cnico Institucional de ABDEH &#8211; Asociaci\u00f3n Brasile\u00f1a para el Desarrollo del Edificio Hospitalario y Director T\u00e9cnico de KB Engenharia.        <\/p>\t\t\t\t\t\t\t\t<\/div>\n\t\t\t\t\t<\/div>\n\t\t\t\t<\/div>\n\t\t\t\t<\/div>\n\t\t\t\t\t<\/details>\n\t\t\t\t\t\t<details id=\"e-n-accordion-item-1574\" class=\"e-n-accordion-item\" >\n\t\t\t\t<summary class=\"e-n-accordion-item-title\" data-accordion-index=\"5\" tabindex=\"-1\" aria-expanded=\"false\" aria-controls=\"e-n-accordion-item-1574\" >\n\t\t\t\t\t<span class='e-n-accordion-item-title-header'><div class=\"e-n-accordion-item-title-text\">  Olivia Gomes Machado <\/div><\/span>\n\t\t\t\t\t\t\t<span class='e-n-accordion-item-title-icon'>\n\t\t\t<span class='e-opened' ><svg aria-hidden=\"true\" class=\"e-font-icon-svg e-fas-caret-down\" viewBox=\"0 0 320 512\" xmlns=\"http:\/\/www.w3.org\/2000\/svg\"><path d=\"M31.3 192h257.3c17.8 0 26.7 21.5 14.1 34.1L174.1 354.8c-7.8 7.8-20.5 7.8-28.3 0L17.2 226.1C4.6 213.5 13.5 192 31.3 192z\"><\/path><\/svg><\/span>\n\t\t\t<span class='e-closed'><svg aria-hidden=\"true\" class=\"e-font-icon-svg e-fas-caret-right\" viewBox=\"0 0 192 512\" xmlns=\"http:\/\/www.w3.org\/2000\/svg\"><path d=\"M0 384.662V127.338c0-17.818 21.543-26.741 34.142-14.142l128.662 128.662c7.81 7.81 7.81 20.474 0 28.284L34.142 398.804C21.543 411.404 0 402.48 0 384.662z\"><\/path><\/svg><\/span>\n\t\t<\/span>\n\n\t\t\t\t\t\t<\/summary>\n\t\t\t\t<div role=\"region\" aria-labelledby=\"e-n-accordion-item-1574\" class=\"elementor-element elementor-element-c6ded05 e-con-full e-flex e-con e-child\" data-id=\"c6ded05\" data-element_type=\"container\" data-e-type=\"container\" data-settings=\"{&quot;background_background&quot;:&quot;classic&quot;}\">\n\t\t<div role=\"region\" aria-labelledby=\"e-n-accordion-item-1574\" class=\"elementor-element elementor-element-7319713 e-flex e-con-boxed e-con e-child\" data-id=\"7319713\" data-element_type=\"container\" data-e-type=\"container\">\n\t\t\t\t\t<div class=\"e-con-inner\">\n\t\t\t\t<div class=\"elementor-element elementor-element-fcbb3e9 elementor-widget elementor-widget-text-editor\" data-id=\"fcbb3e9\" data-element_type=\"widget\" data-e-type=\"widget\" data-widget_type=\"text-editor.default\">\n\t\t\t\t\t\t\t\t\t<p>M\u00e9dica formada por la FMT-FESO (Facultad de Medicina de Teres\u00f3polis). Posgraduada en Neumolog\u00eda y Tisiolog\u00eda por la UERJ. Especialista en Gesti\u00f3n de Cl\u00ednicas en las Redes Metropolitanas de Atenci\u00f3n a la Salud por el Instituto de Ense\u00f1anza Sirio-Liban\u00e9s. Miembro efectivo de la C\u00e1mara T\u00e9cnica de Calidad y Seguridad del Paciente de la Fundaci\u00f3n Salud del Estado de R\u00edo de Janeiro. Experiencia: m\u00e9dica neum\u00f3loga contratada por la Secretar\u00eda de Salud del Estado de R\u00edo de Janeiro (SES-RJ). Directora General interina del Hospital Estatal Get\u00falio Vargas y del LACEN (Laboratorio Central Noel Nutels de R\u00edo de Janeiro). Gerente de Ambiente de la Direcci\u00f3n T\u00e9cnico-Asistencial de la Fundaci\u00f3n Salud del Estado de R\u00edo de Janeiro. Superintendente de los Centros de Referencia de Enfermedades Infecciosas de la Subsecretar\u00eda de Vigilancia en Salud de la SES-RJ. Coordinadora de Cl\u00ednica M\u00e9dica de la Superintendencia de Unidades Propias de la SES-RJ. Directora de Divisi\u00f3n T\u00e9cnica del Hospital Estatal Santa Maria. Coordinadora del N\u00facleo Interno de Regulaci\u00f3n del Hospital Estatal Santa Maria. Gerente de apoyo y diagn\u00f3stico del Hospital Estatal Santa Maria.           <\/p>\t\t\t\t\t\t\t\t<\/div>\n\t\t\t\t\t<\/div>\n\t\t\t\t<\/div>\n\t\t\t\t<\/div>\n\t\t\t\t\t<\/details>\n\t\t\t\t\t\t<details id=\"e-n-accordion-item-1575\" class=\"e-n-accordion-item\" >\n\t\t\t\t<summary class=\"e-n-accordion-item-title\" data-accordion-index=\"6\" tabindex=\"-1\" aria-expanded=\"false\" aria-controls=\"e-n-accordion-item-1575\" >\n\t\t\t\t\t<span class='e-n-accordion-item-title-header'><div class=\"e-n-accordion-item-title-text\"> Patr\u00edcia de Azambuja <\/div><\/span>\n\t\t\t\t\t\t\t<span class='e-n-accordion-item-title-icon'>\n\t\t\t<span class='e-opened' ><svg aria-hidden=\"true\" class=\"e-font-icon-svg e-fas-caret-down\" viewBox=\"0 0 320 512\" xmlns=\"http:\/\/www.w3.org\/2000\/svg\"><path d=\"M31.3 192h257.3c17.8 0 26.7 21.5 14.1 34.1L174.1 354.8c-7.8 7.8-20.5 7.8-28.3 0L17.2 226.1C4.6 213.5 13.5 192 31.3 192z\"><\/path><\/svg><\/span>\n\t\t\t<span class='e-closed'><svg aria-hidden=\"true\" class=\"e-font-icon-svg e-fas-caret-right\" viewBox=\"0 0 192 512\" xmlns=\"http:\/\/www.w3.org\/2000\/svg\"><path d=\"M0 384.662V127.338c0-17.818 21.543-26.741 34.142-14.142l128.662 128.662c7.81 7.81 7.81 20.474 0 28.284L34.142 398.804C21.543 411.404 0 402.48 0 384.662z\"><\/path><\/svg><\/span>\n\t\t<\/span>\n\n\t\t\t\t\t\t<\/summary>\n\t\t\t\t<div role=\"region\" aria-labelledby=\"e-n-accordion-item-1575\" class=\"elementor-element elementor-element-5087c1b e-con-full e-flex e-con e-child\" data-id=\"5087c1b\" data-element_type=\"container\" data-e-type=\"container\" data-settings=\"{&quot;background_background&quot;:&quot;classic&quot;}\">\n\t\t<div role=\"region\" aria-labelledby=\"e-n-accordion-item-1575\" class=\"elementor-element elementor-element-87f8545 e-flex e-con-boxed e-con e-child\" data-id=\"87f8545\" data-element_type=\"container\" data-e-type=\"container\">\n\t\t\t\t\t<div class=\"e-con-inner\">\n\t\t\t\t<div class=\"elementor-element elementor-element-11941d8 elementor-widget elementor-widget-text-editor\" data-id=\"11941d8\" data-element_type=\"widget\" data-e-type=\"widget\" data-widget_type=\"text-editor.default\">\n\t\t\t\t\t\t\t\t\t<p>Estudiante de m\u00e1ster en Neurociencias en la UFMG. Especializaci\u00f3n en Ingenier\u00eda Biom\u00e9dica e Ingenier\u00eda Cl\u00ednica (INATEL). Posee t\u00edtulo de suficiencia en Anatom\u00eda Humana por la Sociedad Brasile\u00f1a de Anatom\u00eda (2014), graduaci\u00f3n en Ciencias Biol\u00f3gicas por la Universidad Federal de Minas Gerais (2000). Tiene experiencia en el \u00e1rea de Morfolog\u00eda, con \u00e9nfasis en Anatom\u00eda Humana y Neuroanatom\u00eda, actuando principalmente en los siguientes temas: lesi\u00f3n cerebral y rehabilitaci\u00f3n.   <\/p>\t\t\t\t\t\t\t\t<\/div>\n\t\t\t\t\t<\/div>\n\t\t\t\t<\/div>\n\t\t\t\t<\/div>\n\t\t\t\t\t<\/details>\n\t\t\t\t\t\t<details id=\"e-n-accordion-item-1576\" class=\"e-n-accordion-item\" >\n\t\t\t\t<summary class=\"e-n-accordion-item-title\" data-accordion-index=\"7\" tabindex=\"-1\" aria-expanded=\"false\" aria-controls=\"e-n-accordion-item-1576\" >\n\t\t\t\t\t<span class='e-n-accordion-item-title-header'><div class=\"e-n-accordion-item-title-text\"> Tatiana Cristina Louren\u00e7o <\/div><\/span>\n\t\t\t\t\t\t\t<span class='e-n-accordion-item-title-icon'>\n\t\t\t<span class='e-opened' ><svg aria-hidden=\"true\" class=\"e-font-icon-svg e-fas-caret-down\" viewBox=\"0 0 320 512\" xmlns=\"http:\/\/www.w3.org\/2000\/svg\"><path d=\"M31.3 192h257.3c17.8 0 26.7 21.5 14.1 34.1L174.1 354.8c-7.8 7.8-20.5 7.8-28.3 0L17.2 226.1C4.6 213.5 13.5 192 31.3 192z\"><\/path><\/svg><\/span>\n\t\t\t<span class='e-closed'><svg aria-hidden=\"true\" class=\"e-font-icon-svg e-fas-caret-right\" viewBox=\"0 0 192 512\" xmlns=\"http:\/\/www.w3.org\/2000\/svg\"><path d=\"M0 384.662V127.338c0-17.818 21.543-26.741 34.142-14.142l128.662 128.662c7.81 7.81 7.81 20.474 0 28.284L34.142 398.804C21.543 411.404 0 402.48 0 384.662z\"><\/path><\/svg><\/span>\n\t\t<\/span>\n\n\t\t\t\t\t\t<\/summary>\n\t\t\t\t<div role=\"region\" aria-labelledby=\"e-n-accordion-item-1576\" class=\"elementor-element elementor-element-7848a5d e-con-full e-flex e-con e-child\" data-id=\"7848a5d\" data-element_type=\"container\" data-e-type=\"container\" data-settings=\"{&quot;background_background&quot;:&quot;classic&quot;}\">\n\t\t<div role=\"region\" aria-labelledby=\"e-n-accordion-item-1576\" class=\"elementor-element elementor-element-3a90b4a e-flex e-con-boxed e-con e-child\" data-id=\"3a90b4a\" data-element_type=\"container\" data-e-type=\"container\">\n\t\t\t\t\t<div class=\"e-con-inner\">\n\t\t\t\t<div class=\"elementor-element elementor-element-90b43fa elementor-widget elementor-widget-text-editor\" data-id=\"90b43fa\" data-element_type=\"widget\" data-e-type=\"widget\" data-widget_type=\"text-editor.default\">\n\t\t\t\t\t\t\t\t\t<p>Arquitecta y Urbanista por la Universidad Anhembi Morumbi (2003). Ha trabajado con proyectos y gesti\u00f3n de Obras Hospitalarias desde 2004 en hospitales p\u00fablicos y privados. Evaluadora L\u00edder del Sistema Brasile\u00f1o de Acreditaci\u00f3n \u2013 ONA desde 2014. Evaluadora L\u00edder y Gestora de Proyectos \u2013 Metodolog\u00eda de Acreditaci\u00f3n Espa\u00f1ola \u2013 ACSA desde 2017, ambos por la Instituci\u00f3n Acreditadora \u2013 IBES \u2013 Instituto Brasile\u00f1o para la Excelencia en Salud. Ha prestado consultor\u00eda para la preparaci\u00f3n de la Acreditaci\u00f3n en diversos servicios de salud. Gerente de Evaluaci\u00f3n y Certificaci\u00f3n IBES desde 2019.     <\/p>\t\t\t\t\t\t\t\t<\/div>\n\t\t\t\t\t<\/div>\n\t\t\t\t<\/div>\n\t\t\t\t<\/div>\n\t\t\t\t\t<\/details>\n\t\t\t\t\t<\/div>\n\t\t\t\t\t\t<\/div>\n\t\t\t\t<\/div>\n\t\t<div class=\"elementor-element elementor-element-b3c1f6a e-con-full e-flex e-con e-child\" data-id=\"b3c1f6a\" data-element_type=\"container\" data-e-type=\"container\" data-settings=\"{&quot;background_background&quot;:&quot;classic&quot;,&quot;animation_mobile&quot;:&quot;fadeInLeft&quot;}\">\n\t\t\t\t<div class=\"elementor-element elementor-element-f7fc831 elementor-widget elementor-widget-n-accordion\" data-id=\"f7fc831\" data-element_type=\"widget\" data-e-type=\"widget\" data-settings=\"{&quot;default_state&quot;:&quot;all_collapsed&quot;,&quot;max_items_expended&quot;:&quot;one&quot;,&quot;n_accordion_animation_duration&quot;:{&quot;unit&quot;:&quot;ms&quot;,&quot;size&quot;:400,&quot;sizes&quot;:[]}}\" data-widget_type=\"nested-accordion.default\">\n\t\t\t\t\t\t\t<div class=\"e-n-accordion\" aria-label=\"Accordion. Open links with Enter or Space, close with Escape, and navigate with Arrow Keys\">\n\t\t\t\t\t\t<details id=\"e-n-accordion-item-2600\" class=\"e-n-accordion-item\" >\n\t\t\t\t<summary class=\"e-n-accordion-item-title\" data-accordion-index=\"1\" tabindex=\"0\" aria-expanded=\"false\" aria-controls=\"e-n-accordion-item-2600\" >\n\t\t\t\t\t<span class='e-n-accordion-item-title-header'><div class=\"e-n-accordion-item-title-text\"> George Hebert de Azevedo Santos <\/div><\/span>\n\t\t\t\t\t\t\t<span class='e-n-accordion-item-title-icon'>\n\t\t\t<span class='e-opened' ><svg aria-hidden=\"true\" class=\"e-font-icon-svg e-fas-caret-down\" viewBox=\"0 0 320 512\" xmlns=\"http:\/\/www.w3.org\/2000\/svg\"><path d=\"M31.3 192h257.3c17.8 0 26.7 21.5 14.1 34.1L174.1 354.8c-7.8 7.8-20.5 7.8-28.3 0L17.2 226.1C4.6 213.5 13.5 192 31.3 192z\"><\/path><\/svg><\/span>\n\t\t\t<span class='e-closed'><svg aria-hidden=\"true\" class=\"e-font-icon-svg e-fas-caret-right\" viewBox=\"0 0 192 512\" xmlns=\"http:\/\/www.w3.org\/2000\/svg\"><path d=\"M0 384.662V127.338c0-17.818 21.543-26.741 34.142-14.142l128.662 128.662c7.81 7.81 7.81 20.474 0 28.284L34.142 398.804C21.543 411.404 0 402.48 0 384.662z\"><\/path><\/svg><\/span>\n\t\t<\/span>\n\n\t\t\t\t\t\t<\/summary>\n\t\t\t\t<div role=\"region\" aria-labelledby=\"e-n-accordion-item-2600\" class=\"elementor-element elementor-element-323715a e-con-full e-flex e-con e-child\" data-id=\"323715a\" data-element_type=\"container\" data-e-type=\"container\" data-settings=\"{&quot;background_background&quot;:&quot;classic&quot;}\">\n\t\t<div role=\"region\" aria-labelledby=\"e-n-accordion-item-2600\" class=\"elementor-element elementor-element-00bca46 e-flex e-con-boxed e-con e-child\" data-id=\"00bca46\" data-element_type=\"container\" data-e-type=\"container\">\n\t\t\t\t\t<div class=\"e-con-inner\">\n\t\t\t\t<div class=\"elementor-element elementor-element-f8137f9 elementor-widget elementor-widget-text-editor\" data-id=\"f8137f9\" data-element_type=\"widget\" data-e-type=\"widget\" data-widget_type=\"text-editor.default\">\n\t\t\t\t\t\t\t\t\t<p>Ingeniero Civil y Administrador de Empresas con carrera consolidada en organizaciones de diferentes segmentos, tales como: Hospital S\u00e3o Camilo (Red SP), Hospital Israelita Albert Einstein, Alcoa Alum\u00ednio, Shell Brasil, Brasil Telecom, entre otras. Socio-Director de Quantum Consultores Asociados. Orador Invitado en Congresos Nacionales e Internacionales en las \u00e1reas de Gesti\u00f3n de Facilities, Gesti\u00f3n de Proyectos en Ambientes Hospitalarios, Ingenier\u00eda Hospitalaria e Ingenier\u00eda Cl\u00ednica.  <\/p>\t\t\t\t\t\t\t\t<\/div>\n\t\t\t\t\t<\/div>\n\t\t\t\t<\/div>\n\t\t\t\t<\/div>\n\t\t\t\t\t<\/details>\n\t\t\t\t\t\t<details id=\"e-n-accordion-item-2601\" class=\"e-n-accordion-item\" >\n\t\t\t\t<summary class=\"e-n-accordion-item-title\" data-accordion-index=\"2\" tabindex=\"-1\" aria-expanded=\"false\" aria-controls=\"e-n-accordion-item-2601\" >\n\t\t\t\t\t<span class='e-n-accordion-item-title-header'><div class=\"e-n-accordion-item-title-text\"> Rodolfo Rodrigues More <\/div><\/span>\n\t\t\t\t\t\t\t<span class='e-n-accordion-item-title-icon'>\n\t\t\t<span class='e-opened' ><svg aria-hidden=\"true\" class=\"e-font-icon-svg e-fas-caret-down\" viewBox=\"0 0 320 512\" xmlns=\"http:\/\/www.w3.org\/2000\/svg\"><path d=\"M31.3 192h257.3c17.8 0 26.7 21.5 14.1 34.1L174.1 354.8c-7.8 7.8-20.5 7.8-28.3 0L17.2 226.1C4.6 213.5 13.5 192 31.3 192z\"><\/path><\/svg><\/span>\n\t\t\t<span class='e-closed'><svg aria-hidden=\"true\" class=\"e-font-icon-svg e-fas-caret-right\" viewBox=\"0 0 192 512\" xmlns=\"http:\/\/www.w3.org\/2000\/svg\"><path d=\"M0 384.662V127.338c0-17.818 21.543-26.741 34.142-14.142l128.662 128.662c7.81 7.81 7.81 20.474 0 28.284L34.142 398.804C21.543 411.404 0 402.48 0 384.662z\"><\/path><\/svg><\/span>\n\t\t<\/span>\n\n\t\t\t\t\t\t<\/summary>\n\t\t\t\t<div role=\"region\" aria-labelledby=\"e-n-accordion-item-2601\" class=\"elementor-element elementor-element-3a9cd6c e-con-full e-flex e-con e-child\" data-id=\"3a9cd6c\" data-element_type=\"container\" data-e-type=\"container\" data-settings=\"{&quot;background_background&quot;:&quot;classic&quot;}\">\n\t\t<div role=\"region\" aria-labelledby=\"e-n-accordion-item-2601\" class=\"elementor-element elementor-element-36ab9ef e-flex e-con-boxed e-con e-child\" data-id=\"36ab9ef\" data-element_type=\"container\" data-e-type=\"container\">\n\t\t\t\t\t<div class=\"e-con-inner\">\n\t\t\t\t<div class=\"elementor-element elementor-element-2e6a804 elementor-widget elementor-widget-text-editor\" data-id=\"2e6a804\" data-element_type=\"widget\" data-e-type=\"widget\" data-widget_type=\"text-editor.default\">\n\t\t\t\t\t\t\t\t\t<p>Licenciado en Ingenier\u00eda de Producci\u00f3n Mec\u00e1nica por la Universidad de Mar\u00edlia-SP (2000), con Especializaci\u00f3n en Ingenier\u00eda Cl\u00ednica por la Unicamp (2004), curs\u00f3 adem\u00e1s MBA en Gesti\u00f3n de Salud en la FGV-SP. Inici\u00f3 su carrera en el Sector Azucarero-Alcoholero, pasando tambi\u00e9n por la industria de productos de higiene y limpieza, en el \u00e1rea de certificaci\u00f3n trabaj\u00f3 como Consultor y Auditor en ISO 9001 e ISO 14000 en BVQI, en diversos proyectos con destaque la Due Diligence con ocasi\u00f3n de la compra de AGIP S.A por Petrobras S.A, ya en el \u00e1rea de la salud fund\u00f3 en 2004 Engebio Ingenier\u00eda Ltda, empresa de Prestaci\u00f3n de Servicios en Ingenier\u00eda Cl\u00ednica por donde actu\u00f3 durante 11 a\u00f1os en diversos Proyectos Nacionales e Internacionales de gran relevancia, lo que otorg\u00f3 a la empresa el premio de empresa L\u00edder del Sector en Ingenier\u00eda Cl\u00ednica por el Grupo M\u00eddia (2014), en este tiempo fue adem\u00e1s premiado en dos ocasiones como una de las 100 Personas M\u00e1s Influyentes de la Salud en Brasil (2012 y 2013), actu\u00f3 tambi\u00e9n como COO de Inova Sa\u00fade S.A, empresa responsable de la Construcci\u00f3n e Implantaci\u00f3n de Hospitales bajo r\u00e9gimen de PPP en asociaci\u00f3n con el Gobierno del Estado de S\u00e3o Paulo, cargo que dej\u00f3 en 2017 para asumir la Direcci\u00f3n Financiera del CREA-SP por dos mandatos. Del CREA-SP en 2019 recibi\u00f3 el Diploma del M\u00e9rito de la Ingenier\u00eda, mayor distinci\u00f3n otorgada en vida a un profesional, por su trabajo de valorizaci\u00f3n de las ingenier\u00edas en los ambientes de salud, tambi\u00e9n fue Profesor de la asignatura de Ingenier\u00eda Cl\u00ednica en el curso de Ingenier\u00eda Biom\u00e9dica de la PUC-SP durante 8 a\u00f1os, actualmente act\u00faa como Consultor en Ingenier\u00eda Cl\u00ednica. Cargos Asociativos ocupados: Presidente de ABECin (2012-2017), Consejero CREA-SP (2012-2019), Director de Marketing FEBRAE-SP (2016-2018), Miembro de la c\u00e9lula de gesti\u00f3n estrat\u00e9gica de salud del Consejo Regional de Administraci\u00f3n de S\u00e3o Paulo (2012- actual).   <\/p>\t\t\t\t\t\t\t\t<\/div>\n\t\t\t\t\t<\/div>\n\t\t\t\t<\/div>\n\t\t\t\t<\/div>\n\t\t\t\t\t<\/details>\n\t\t\t\t\t\t<details id=\"e-n-accordion-item-2602\" class=\"e-n-accordion-item\" >\n\t\t\t\t<summary class=\"e-n-accordion-item-title\" data-accordion-index=\"3\" tabindex=\"-1\" aria-expanded=\"false\" aria-controls=\"e-n-accordion-item-2602\" >\n\t\t\t\t\t<span class='e-n-accordion-item-title-header'><div class=\"e-n-accordion-item-title-text\"> Tadeu Kubo <\/div><\/span>\n\t\t\t\t\t\t\t<span class='e-n-accordion-item-title-icon'>\n\t\t\t<span class='e-opened' ><svg aria-hidden=\"true\" class=\"e-font-icon-svg e-fas-caret-down\" viewBox=\"0 0 320 512\" xmlns=\"http:\/\/www.w3.org\/2000\/svg\"><path d=\"M31.3 192h257.3c17.8 0 26.7 21.5 14.1 34.1L174.1 354.8c-7.8 7.8-20.5 7.8-28.3 0L17.2 226.1C4.6 213.5 13.5 192 31.3 192z\"><\/path><\/svg><\/span>\n\t\t\t<span class='e-closed'><svg aria-hidden=\"true\" class=\"e-font-icon-svg e-fas-caret-right\" viewBox=\"0 0 192 512\" xmlns=\"http:\/\/www.w3.org\/2000\/svg\"><path d=\"M0 384.662V127.338c0-17.818 21.543-26.741 34.142-14.142l128.662 128.662c7.81 7.81 7.81 20.474 0 28.284L34.142 398.804C21.543 411.404 0 402.48 0 384.662z\"><\/path><\/svg><\/span>\n\t\t<\/span>\n\n\t\t\t\t\t\t<\/summary>\n\t\t\t\t<div role=\"region\" aria-labelledby=\"e-n-accordion-item-2602\" class=\"elementor-element elementor-element-afb050c e-con-full e-flex e-con e-child\" data-id=\"afb050c\" data-element_type=\"container\" data-e-type=\"container\" data-settings=\"{&quot;background_background&quot;:&quot;classic&quot;}\">\n\t\t<div role=\"region\" aria-labelledby=\"e-n-accordion-item-2602\" class=\"elementor-element elementor-element-1dfc625 e-flex e-con-boxed e-con e-child\" data-id=\"1dfc625\" data-element_type=\"container\" data-e-type=\"container\">\n\t\t\t\t\t<div class=\"e-con-inner\">\n\t\t\t\t<div class=\"elementor-element elementor-element-77fd738 elementor-widget elementor-widget-text-editor\" data-id=\"77fd738\" data-element_type=\"widget\" data-e-type=\"widget\" data-widget_type=\"text-editor.default\">\n\t\t\t\t\t\t\t\t\t<p>F\u00edsico M\u00e9dico licenciado por la Universidad de S\u00e3o Paulo en el Campus de Ribeir\u00e3o Preto (USP). Realiz\u00f3 m\u00e1ster en el Instituto de Radioprotecci\u00f3n y Dosimetr\u00eda de la Comisi\u00f3n Nacional de Energ\u00eda Nuclear (IRD\/CNEN), con \u00e9nfasis en dosimetr\u00eda interna en Medicina Nuclear (Lu-177). Posee los t\u00edtulos de Supervisor de Radioprotecci\u00f3n en Medicina Nuclear por la Comisi\u00f3n Nacional de Energ\u00eda Nuclear (CNEN). Especialista de F\u00edsica M\u00e9dica en Medicina Nuclear por la ABFM. MBA Ejecutivo por COPPEAD\/UFRJ promoci\u00f3n 111\/2015. Estudiante de doctorado del Centro de Desarrollo de la Tecnolog\u00eda Nuclear (CDTN\/CNEN).     <\/p>\t\t\t\t\t\t\t\t<\/div>\n\t\t\t\t\t<\/div>\n\t\t\t\t<\/div>\n\t\t\t\t<\/div>\n\t\t\t\t\t<\/details>\n\t\t\t\t\t\t<details id=\"e-n-accordion-item-2603\" class=\"e-n-accordion-item\" >\n\t\t\t\t<summary class=\"e-n-accordion-item-title\" data-accordion-index=\"4\" tabindex=\"-1\" aria-expanded=\"false\" aria-controls=\"e-n-accordion-item-2603\" >\n\t\t\t\t\t<span class='e-n-accordion-item-title-header'><div class=\"e-n-accordion-item-title-text\"> Thiago Teixeira <\/div><\/span>\n\t\t\t\t\t\t\t<span class='e-n-accordion-item-title-icon'>\n\t\t\t<span class='e-opened' ><svg aria-hidden=\"true\" class=\"e-font-icon-svg e-fas-caret-down\" viewBox=\"0 0 320 512\" xmlns=\"http:\/\/www.w3.org\/2000\/svg\"><path d=\"M31.3 192h257.3c17.8 0 26.7 21.5 14.1 34.1L174.1 354.8c-7.8 7.8-20.5 7.8-28.3 0L17.2 226.1C4.6 213.5 13.5 192 31.3 192z\"><\/path><\/svg><\/span>\n\t\t\t<span class='e-closed'><svg aria-hidden=\"true\" class=\"e-font-icon-svg e-fas-caret-right\" viewBox=\"0 0 192 512\" xmlns=\"http:\/\/www.w3.org\/2000\/svg\"><path d=\"M0 384.662V127.338c0-17.818 21.543-26.741 34.142-14.142l128.662 128.662c7.81 7.81 7.81 20.474 0 28.284L34.142 398.804C21.543 411.404 0 402.48 0 384.662z\"><\/path><\/svg><\/span>\n\t\t<\/span>\n\n\t\t\t\t\t\t<\/summary>\n\t\t\t\t<div role=\"region\" aria-labelledby=\"e-n-accordion-item-2603\" class=\"elementor-element elementor-element-a422f28 e-con-full e-flex e-con e-child\" data-id=\"a422f28\" data-element_type=\"container\" data-e-type=\"container\" data-settings=\"{&quot;background_background&quot;:&quot;classic&quot;}\">\n\t\t<div role=\"region\" aria-labelledby=\"e-n-accordion-item-2603\" class=\"elementor-element elementor-element-a84834f e-flex e-con-boxed e-con e-child\" data-id=\"a84834f\" data-element_type=\"container\" data-e-type=\"container\">\n\t\t\t\t\t<div class=\"e-con-inner\">\n\t\t\t\t<div class=\"elementor-element elementor-element-e4130dd elementor-widget elementor-widget-text-editor\" data-id=\"e4130dd\" data-element_type=\"widget\" data-e-type=\"widget\" data-widget_type=\"text-editor.default\">\n\t\t\t\t\t\t\t\t\t<p>Soy graduado en Ingenier\u00eda de Control y Automatizaci\u00f3n e Ingenier\u00eda Civil, posgraduado en Ingenier\u00eda Biom\u00e9dica y Gesti\u00f3n Hospitalaria, actualmente trabajo como Gerente Corporativo de Infraestructura y Mantenimiento en la Asociaci\u00f3n de Gesti\u00f3n, Innovaci\u00f3n y Resultado en Salud &#8211; AGIR.<\/p>\t\t\t\t\t\t\t\t<\/div>\n\t\t\t\t\t<\/div>\n\t\t\t\t<\/div>\n\t\t\t\t<\/div>\n\t\t\t\t\t<\/details>\n\t\t\t\t\t\t<details id=\"e-n-accordion-item-2604\" class=\"e-n-accordion-item\" >\n\t\t\t\t<summary class=\"e-n-accordion-item-title\" data-accordion-index=\"5\" tabindex=\"-1\" aria-expanded=\"false\" aria-controls=\"e-n-accordion-item-2604\" >\n\t\t\t\t\t<span class='e-n-accordion-item-title-header'><div class=\"e-n-accordion-item-title-text\"> Vin\u00edcius Dias <\/div><\/span>\n\t\t\t\t\t\t\t<span class='e-n-accordion-item-title-icon'>\n\t\t\t<span class='e-opened' ><svg aria-hidden=\"true\" class=\"e-font-icon-svg e-fas-caret-down\" viewBox=\"0 0 320 512\" xmlns=\"http:\/\/www.w3.org\/2000\/svg\"><path d=\"M31.3 192h257.3c17.8 0 26.7 21.5 14.1 34.1L174.1 354.8c-7.8 7.8-20.5 7.8-28.3 0L17.2 226.1C4.6 213.5 13.5 192 31.3 192z\"><\/path><\/svg><\/span>\n\t\t\t<span class='e-closed'><svg aria-hidden=\"true\" class=\"e-font-icon-svg e-fas-caret-right\" viewBox=\"0 0 192 512\" xmlns=\"http:\/\/www.w3.org\/2000\/svg\"><path d=\"M0 384.662V127.338c0-17.818 21.543-26.741 34.142-14.142l128.662 128.662c7.81 7.81 7.81 20.474 0 28.284L34.142 398.804C21.543 411.404 0 402.48 0 384.662z\"><\/path><\/svg><\/span>\n\t\t<\/span>\n\n\t\t\t\t\t\t<\/summary>\n\t\t\t\t<div role=\"region\" aria-labelledby=\"e-n-accordion-item-2604\" class=\"elementor-element elementor-element-0816140 e-con-full e-flex e-con e-child\" data-id=\"0816140\" data-element_type=\"container\" data-e-type=\"container\" data-settings=\"{&quot;background_background&quot;:&quot;classic&quot;}\">\n\t\t<div role=\"region\" aria-labelledby=\"e-n-accordion-item-2604\" class=\"elementor-element elementor-element-0f2cb5b e-flex e-con-boxed e-con e-child\" data-id=\"0f2cb5b\" data-element_type=\"container\" data-e-type=\"container\">\n\t\t\t\t\t<div class=\"e-con-inner\">\n\t\t\t\t<div class=\"elementor-element elementor-element-33e1266 elementor-widget elementor-widget-text-editor\" data-id=\"33e1266\" data-element_type=\"widget\" data-e-type=\"widget\" data-widget_type=\"text-editor.default\">\n\t\t\t\t\t\t\t\t\t<p>Licenciado en Ingenier\u00eda de Producci\u00f3n en la Universidad Federal de R\u00edo de Janeiro, con posgrado a nivel Ejecutivo en Finanzas, por el Instituto Brasile\u00f1o de Mercado de Capitales, y m\u00e1ster en Administraci\u00f3n, con \u00e9nfasis en Finanzas, por la Pontificia Universidad Cat\u00f3lica de R\u00edo de Janeiro. Vin\u00edcius Dias acumula experiencia superior a 25 a\u00f1os de actuaci\u00f3n en el mercado financiero, habiendo ocupado a lo largo de ese tiempo posiciones destacadas en grandes conglomerados nacionales y multinacionales. <\/p>\t\t\t\t\t\t\t\t<\/div>\n\t\t\t\t\t<\/div>\n\t\t\t\t<\/div>\n\t\t\t\t<\/div>\n\t\t\t\t\t<\/details>\n\t\t\t\t\t<\/div>\n\t\t\t\t\t\t<\/div>\n\t\t\t\t<\/div>\n\t\t\t\t<\/div>\n\t\t\t\t\t<\/div>\n\t\t\t\t<\/div>\n\t\t<div class=\"elementor-element elementor-element-38edd56 e-flex e-con-boxed e-con e-parent\" data-id=\"38edd56\" data-element_type=\"container\" data-e-type=\"container\" data-settings=\"{&quot;background_background&quot;:&quot;gradient&quot;}\">\n\t\t\t\t\t<div class=\"e-con-inner\">\n\t\t\t\t<div class=\"elementor-element elementor-element-3150e5c elementor-view-default elementor-widget elementor-widget-icon\" data-id=\"3150e5c\" data-element_type=\"widget\" data-e-type=\"widget\" data-widget_type=\"icon.default\">\n\t\t\t\t\t\t\t<div class=\"elementor-icon-wrapper\">\n\t\t\t<div class=\"elementor-icon\">\n\t\t\t<svg xmlns=\"http:\/\/www.w3.org\/2000\/svg\" width=\"136\" height=\"19\" viewBox=\"0 0 136 19\" fill=\"none\"><path d=\"M10 15.27L16.18 19L14.54 11.97L20 7.24L12.81 6.63L10 0L7.19 6.63L0 7.24L5.46 11.97L3.82 19L10 15.27Z\" fill=\"#FFEA00\"><\/path><path d=\"M39 15.27L45.18 19L43.54 11.97L49 7.24L41.81 6.63L39 0L36.19 6.63L29 7.24L34.46 11.97L32.82 19L39 15.27Z\" fill=\"#FFEA00\"><\/path><path d=\"M68 15.27L74.18 19L72.54 11.97L78 7.24L70.81 6.63L68 0L65.19 6.63L58 7.24L63.46 11.97L61.82 19L68 15.27Z\" fill=\"#FFEA00\"><\/path><path d=\"M97 15.27L103.18 19L101.54 11.97L107 7.24L99.81 6.63L97 0L94.19 6.63L87 7.24L92.46 11.97L90.82 19L97 15.27Z\" fill=\"#FFEA00\"><\/path><path d=\"M126 15.27L132.18 19L130.54 11.97L136 7.24L128.81 6.63L126 0L123.19 6.63L116 7.24L121.46 11.97L119.82 19L126 15.27Z\" fill=\"#FFEA00\"><\/path><\/svg>\t\t\t<\/div>\n\t\t<\/div>\n\t\t\t\t\t\t<\/div>\n\t\t\t\t<div class=\"elementor-element elementor-element-3b3dfa6 elementor-widget elementor-widget-heading\" data-id=\"3b3dfa6\" data-element_type=\"widget\" data-e-type=\"widget\" data-widget_type=\"heading.default\">\n\t\t\t\t\t<h2 class=\"elementor-heading-title elementor-size-default\"><b>+5.000<\/b> alumnos se han convertido en Especialistas en todo Brasil.<\/h2>\t\t\t\t<\/div>\n\t\t<div class=\"elementor-element elementor-element-c9637b8 e-con-full e-flex e-con e-child\" data-id=\"c9637b8\" data-element_type=\"container\" data-e-type=\"container\">\n\t\t\t\t<div class=\"elementor-element elementor-element-74af870 elementor-widget__width-initial elementor-widget-tablet__width-initial elementor-widget-mobile__width-inherit elementor-widget elementor-widget-testimonial\" data-id=\"74af870\" data-element_type=\"widget\" data-e-type=\"widget\" data-widget_type=\"testimonial.default\">\n\t\t\t\t\t\t\t<div class=\"elementor-testimonial-wrapper\">\n\t\t\t\t\t\t\t<div class=\"elementor-testimonial-content\">\"Sobre la posgrado, solo tengo elogios que hacer. La atenci\u00f3n es siempre excepcional, siempre est\u00e1n listos para resolver nuestras dudas y preguntas. El cuerpo docente est\u00e1 muy capacitado y tiene mucha experiencia en Ingenier\u00eda Cl\u00ednica y Hospitalaria, y los cursos complementarios tambi\u00e9n son muuuuy buenos y a\u00fan agregan valores que enriquecen a todo profesional!\"<\/div>\n\t\t\t\n\t\t\t\t\t\t<div class=\"elementor-testimonial-meta\">\n\t\t\t\t<div class=\"elementor-testimonial-meta-inner\">\n\t\t\t\t\t\n\t\t\t\t\t\t\t\t\t\t<div class=\"elementor-testimonial-details\">\n\t\t\t\t\t\t\t\t\t\t\t\t\t\t<div class=\"elementor-testimonial-name\">Bruna<\/div>\n\t\t\t\t\t\t\t\t\t\t\t\t\t\t\t\t\t\t\t\t\t\t<div class=\"elementor-testimonial-job\">Alumna de Ingenier\u00eda Hospitalaria<\/div>\n\t\t\t\t\t\t\t\t\t\t\t\t\t<\/div>\n\t\t\t\t\t\t\t\t\t<\/div>\n\t\t\t<\/div>\n\t\t\t\t\t<\/div>\n\t\t\t\t\t\t<\/div>\n\t\t\t\t<div class=\"elementor-element elementor-element-9235105 elementor-widget__width-initial elementor-widget-tablet__width-initial elementor-widget-mobile__width-inherit elementor-widget elementor-widget-testimonial\" data-id=\"9235105\" data-element_type=\"widget\" data-e-type=\"widget\" data-widget_type=\"testimonial.default\">\n\t\t\t\t\t\t\t<div class=\"elementor-testimonial-wrapper\">\n\t\t\t\t\t\t\t<div class=\"elementor-testimonial-content\">\"La Especializaci\u00f3n ha sido un excelente complemento a mi experiencia profesional, tanto en el \u00e1rea de gesti\u00f3n de la Ingenier\u00eda Cl\u00ednica de un Hospital, como en el \u00e1rea de mantenimiento de los m\u00e1s diversos equipos m\u00e9dico-hospitalarios.\" <\/div>\n\t\t\t\n\t\t\t\t\t\t<div class=\"elementor-testimonial-meta\">\n\t\t\t\t<div class=\"elementor-testimonial-meta-inner\">\n\t\t\t\t\t\n\t\t\t\t\t\t\t\t\t\t<div class=\"elementor-testimonial-details\">\n\t\t\t\t\t\t\t\t\t\t\t\t\t\t<div class=\"elementor-testimonial-name\">Sara Neves<\/div>\n\t\t\t\t\t\t\t\t\t\t\t\t\t\t\t\t\t\t\t\t\t\t<div class=\"elementor-testimonial-job\">Alumna de Ingenier\u00eda Hospitalaria<\/div>\n\t\t\t\t\t\t\t\t\t\t\t\t\t<\/div>\n\t\t\t\t\t\t\t\t\t<\/div>\n\t\t\t<\/div>\n\t\t\t\t\t<\/div>\n\t\t\t\t\t\t<\/div>\n\t\t\t\t<\/div>\n\t\t\t\t\t<\/div>\n\t\t\t\t<\/div>\n\t\t<div class=\"elementor-element elementor-element-1ac7967 e-flex e-con-boxed e-con e-parent\" data-id=\"1ac7967\" data-element_type=\"container\" data-e-type=\"container\" data-settings=\"{&quot;background_background&quot;:&quot;gradient&quot;}\">\n\t\t\t\t\t<div class=\"e-con-inner\">\n\t\t\t\t<div class=\"elementor-element elementor-element-a4766cb elementor-widget elementor-widget-heading\" data-id=\"a4766cb\" data-element_type=\"widget\" data-e-type=\"widget\" data-widget_type=\"heading.default\">\n\t\t\t\t\t<h2 class=\"elementor-heading-title elementor-size-default\">D\u00e9 el siguiente paso para liderar la Ingenier\u00eda de Infraestructura Hospitalaria.<\/h2>\t\t\t\t<\/div>\n\t\t\t\t<div class=\"elementor-element elementor-element-d33aa75 elementor-widget elementor-widget-heading\" data-id=\"d33aa75\" data-element_type=\"widget\" data-e-type=\"widget\" data-widget_type=\"heading.default\">\n\t\t\t\t\t<h2 class=\"elementor-heading-title elementor-size-default\">Hable ahora con uno de nuestros consultores y asegure su plaza.<\/h2>\t\t\t\t<\/div>\n\t\t\t\t<div class=\"elementor-element elementor-element-ac2c836 elementor-align-justify elementor-mobile-align-center elementor-widget-mobile__width-inherit animated-slow elementor-invisible elementor-widget elementor-widget-button\" data-id=\"ac2c836\" data-element_type=\"widget\" data-e-type=\"widget\" data-settings=\"{&quot;_animation&quot;:&quot;fadeIn&quot;}\" data-widget_type=\"button.default\">\n\t\t\t\t\t\t\t\t\t\t<a class=\"elementor-button elementor-button-link elementor-size-sm elementor-animation-grow\" href=\"#\">\n\t\t\t\t\t\t<span class=\"elementor-button-content-wrapper\">\n\t\t\t\t\t\t\t\t\t<span class=\"elementor-button-text\">Quiero hablar con un consultor<\/span>\n\t\t\t\t\t<\/span>\n\t\t\t\t\t<\/a>\n\t\t\t\t\t\t\t\t<\/div>\n\t\t\t\t\t<\/div>\n\t\t\t\t<\/div>\n\t\t\t\t<\/div>\n\t\t","protected":false},"excerpt":{"rendered":"<p>Posgrado en Ingenier\u00eda Hospitalaria Construya hospitales m\u00e1s seguros, eficientes y sostenibles. Convi\u00e9rtase en referencia en Ingenier\u00eda de Infraestructura Hospitalaria. El posgrado que le prepara para cargos de coordinaci\u00f3n y direcci\u00f3n en instituciones de salud, con asignaturas segmentadas por \u00e1rea de ingenier\u00eda y profesores activos en el mercado. El nuevo nivel de su carrera La infraestructura [&hellip;]<\/p>\n","protected":false},"author":1,"featured_media":0,"parent":0,"menu_order":0,"comment_status":"closed","ping_status":"closed","template":"elementor_header_footer","meta":{"footnotes":""},"class_list":["post-13267","page","type-page","status-publish","hentry"],"yoast_head":"<!-- This site is optimized with the Yoast SEO plugin v26.5 - https:\/\/yoast.com\/wordpress\/plugins\/seo\/ -->\n<title>Posgrado en Ingenier\u00eda de Infraestructura Hospitalaria - Arkmeds<\/title>\n<meta name=\"robots\" content=\"index, follow, max-snippet:-1, max-image-preview:large, max-video-preview:-1\" \/>\n<link rel=\"canonical\" href=\"https:\/\/arkmeds.com\/es\/posgrado-en-ingenieria-de-infraestructura-hospitalaria-2\/\" \/>\n<meta property=\"og:locale\" content=\"es_ES\" \/>\n<meta property=\"og:type\" content=\"article\" \/>\n<meta property=\"og:title\" content=\"Posgrado en Ingenier\u00eda de Infraestructura Hospitalaria - Arkmeds\" \/>\n<meta property=\"og:description\" content=\"Posgrado en Ingenier\u00eda Hospitalaria Construya hospitales m\u00e1s seguros, eficientes y sostenibles. Convi\u00e9rtase en referencia en Ingenier\u00eda de Infraestructura Hospitalaria. El posgrado que le prepara para cargos de coordinaci\u00f3n y direcci\u00f3n en instituciones de salud, con asignaturas segmentadas por \u00e1rea de ingenier\u00eda y profesores activos en el mercado. El nuevo nivel de su carrera La infraestructura [&hellip;]\" \/>\n<meta property=\"og:url\" content=\"https:\/\/arkmeds.com\/es\/posgrado-en-ingenieria-de-infraestructura-hospitalaria-2\/\" \/>\n<meta property=\"og:site_name\" content=\"Arkmeds\" \/>\n<meta property=\"article:publisher\" content=\"https:\/\/www.facebook.com\/somosarkmeds\" \/>\n<meta property=\"article:modified_time\" content=\"2025-10-12T13:36:37+00:00\" \/>\n<meta property=\"og:image\" content=\"https:\/\/arkmeds.com\/wp-content\/uploads\/2025\/09\/engen-clinica-copiar.webp\" \/>\n\t<meta property=\"og:image:width\" content=\"950\" \/>\n\t<meta property=\"og:image:height\" content=\"765\" \/>\n\t<meta property=\"og:image:type\" content=\"image\/webp\" \/>\n<meta name=\"twitter:card\" content=\"summary_large_image\" \/>\n<meta name=\"twitter:label1\" content=\"Tiempo de lectura\" \/>\n\t<meta name=\"twitter:data1\" content=\"28 minutos\" \/>\n<script type=\"application\/ld+json\" class=\"yoast-schema-graph\">{\"@context\":\"https:\/\/schema.org\",\"@graph\":[{\"@type\":\"WebPage\",\"@id\":\"https:\/\/arkmeds.com\/es\/posgrado-en-ingenieria-de-infraestructura-hospitalaria-2\/\",\"url\":\"https:\/\/arkmeds.com\/es\/posgrado-en-ingenieria-de-infraestructura-hospitalaria-2\/\",\"name\":\"Posgrado en Ingenier\u00eda de Infraestructura Hospitalaria - Arkmeds\",\"isPartOf\":{\"@id\":\"https:\/\/arkmeds.com\/pt-br\/#website\"},\"primaryImageOfPage\":{\"@id\":\"https:\/\/arkmeds.com\/es\/posgrado-en-ingenieria-de-infraestructura-hospitalaria-2\/#primaryimage\"},\"image\":{\"@id\":\"https:\/\/arkmeds.com\/es\/posgrado-en-ingenieria-de-infraestructura-hospitalaria-2\/#primaryimage\"},\"thumbnailUrl\":\"https:\/\/arkmeds.com\/wp-content\/uploads\/2025\/09\/engen-clinica-copiar.webp\",\"datePublished\":\"2025-09-20T22:11:15+00:00\",\"dateModified\":\"2025-10-12T13:36:37+00:00\",\"breadcrumb\":{\"@id\":\"https:\/\/arkmeds.com\/es\/posgrado-en-ingenieria-de-infraestructura-hospitalaria-2\/#breadcrumb\"},\"inLanguage\":\"es\",\"potentialAction\":[{\"@type\":\"ReadAction\",\"target\":[\"https:\/\/arkmeds.com\/es\/posgrado-en-ingenieria-de-infraestructura-hospitalaria-2\/\"]}]},{\"@type\":\"ImageObject\",\"inLanguage\":\"es\",\"@id\":\"https:\/\/arkmeds.com\/es\/posgrado-en-ingenieria-de-infraestructura-hospitalaria-2\/#primaryimage\",\"url\":\"https:\/\/arkmeds.com\/wp-content\/uploads\/2025\/09\/engen-clinica-copiar.webp\",\"contentUrl\":\"https:\/\/arkmeds.com\/wp-content\/uploads\/2025\/09\/engen-clinica-copiar.webp\"},{\"@type\":\"BreadcrumbList\",\"@id\":\"https:\/\/arkmeds.com\/es\/posgrado-en-ingenieria-de-infraestructura-hospitalaria-2\/#breadcrumb\",\"itemListElement\":[{\"@type\":\"ListItem\",\"position\":1,\"name\":\"In\u00edcio\",\"item\":\"https:\/\/arkmeds.com\/es\/\"},{\"@type\":\"ListItem\",\"position\":2,\"name\":\"Posgrado en Ingenier\u00eda de Infraestructura Hospitalaria\"}]},{\"@type\":\"WebSite\",\"@id\":\"https:\/\/arkmeds.com\/pt-br\/#website\",\"url\":\"https:\/\/arkmeds.com\/pt-br\/\",\"name\":\"Arkmeds\",\"description\":\"Tecnologias avan\u00e7adas de gest\u00e3o para empresas em evolu\u00e7\u00e3o\",\"publisher\":{\"@id\":\"https:\/\/arkmeds.com\/pt-br\/#organization\"},\"potentialAction\":[{\"@type\":\"SearchAction\",\"target\":{\"@type\":\"EntryPoint\",\"urlTemplate\":\"https:\/\/arkmeds.com\/pt-br\/?s={search_term_string}\"},\"query-input\":{\"@type\":\"PropertyValueSpecification\",\"valueRequired\":true,\"valueName\":\"search_term_string\"}}],\"inLanguage\":\"es\"},{\"@type\":\"Organization\",\"@id\":\"https:\/\/arkmeds.com\/pt-br\/#organization\",\"name\":\"Arkmeds\",\"url\":\"https:\/\/arkmeds.com\/pt-br\/\",\"logo\":{\"@type\":\"ImageObject\",\"inLanguage\":\"es\",\"@id\":\"https:\/\/arkmeds.com\/pt-br\/#\/schema\/logo\/image\/\",\"url\":\"https:\/\/arkmeds.com\/wp-content\/uploads\/2025\/05\/logo.webp\",\"contentUrl\":\"https:\/\/arkmeds.com\/wp-content\/uploads\/2025\/05\/logo.webp\",\"width\":1100,\"height\":241,\"caption\":\"Arkmeds\"},\"image\":{\"@id\":\"https:\/\/arkmeds.com\/pt-br\/#\/schema\/logo\/image\/\"},\"sameAs\":[\"https:\/\/www.facebook.com\/somosarkmeds\",\"https:\/\/www.youtube.com\/@Arkmeds\",\"https:\/\/www.instagram.com\/somosarkmeds\/\"]}]}<\/script>\n<!-- \/ Yoast SEO plugin. -->","yoast_head_json":{"title":"Posgrado en Ingenier\u00eda de Infraestructura Hospitalaria - Arkmeds","robots":{"index":"index","follow":"follow","max-snippet":"max-snippet:-1","max-image-preview":"max-image-preview:large","max-video-preview":"max-video-preview:-1"},"canonical":"https:\/\/arkmeds.com\/es\/posgrado-en-ingenieria-de-infraestructura-hospitalaria-2\/","og_locale":"es_ES","og_type":"article","og_title":"Posgrado en Ingenier\u00eda de Infraestructura Hospitalaria - Arkmeds","og_description":"Posgrado en Ingenier\u00eda Hospitalaria Construya hospitales m\u00e1s seguros, eficientes y sostenibles. Convi\u00e9rtase en referencia en Ingenier\u00eda de Infraestructura Hospitalaria. El posgrado que le prepara para cargos de coordinaci\u00f3n y direcci\u00f3n en instituciones de salud, con asignaturas segmentadas por \u00e1rea de ingenier\u00eda y profesores activos en el mercado. El nuevo nivel de su carrera La infraestructura [&hellip;]","og_url":"https:\/\/arkmeds.com\/es\/posgrado-en-ingenieria-de-infraestructura-hospitalaria-2\/","og_site_name":"Arkmeds","article_publisher":"https:\/\/www.facebook.com\/somosarkmeds","article_modified_time":"2025-10-12T13:36:37+00:00","og_image":[{"width":950,"height":765,"url":"https:\/\/arkmeds.com\/wp-content\/uploads\/2025\/09\/engen-clinica-copiar.webp","type":"image\/webp"}],"twitter_card":"summary_large_image","twitter_misc":{"Tiempo de lectura":"28 minutos"},"schema":{"@context":"https:\/\/schema.org","@graph":[{"@type":"WebPage","@id":"https:\/\/arkmeds.com\/es\/posgrado-en-ingenieria-de-infraestructura-hospitalaria-2\/","url":"https:\/\/arkmeds.com\/es\/posgrado-en-ingenieria-de-infraestructura-hospitalaria-2\/","name":"Posgrado en Ingenier\u00eda de Infraestructura Hospitalaria - Arkmeds","isPartOf":{"@id":"https:\/\/arkmeds.com\/pt-br\/#website"},"primaryImageOfPage":{"@id":"https:\/\/arkmeds.com\/es\/posgrado-en-ingenieria-de-infraestructura-hospitalaria-2\/#primaryimage"},"image":{"@id":"https:\/\/arkmeds.com\/es\/posgrado-en-ingenieria-de-infraestructura-hospitalaria-2\/#primaryimage"},"thumbnailUrl":"https:\/\/arkmeds.com\/wp-content\/uploads\/2025\/09\/engen-clinica-copiar.webp","datePublished":"2025-09-20T22:11:15+00:00","dateModified":"2025-10-12T13:36:37+00:00","breadcrumb":{"@id":"https:\/\/arkmeds.com\/es\/posgrado-en-ingenieria-de-infraestructura-hospitalaria-2\/#breadcrumb"},"inLanguage":"es","potentialAction":[{"@type":"ReadAction","target":["https:\/\/arkmeds.com\/es\/posgrado-en-ingenieria-de-infraestructura-hospitalaria-2\/"]}]},{"@type":"ImageObject","inLanguage":"es","@id":"https:\/\/arkmeds.com\/es\/posgrado-en-ingenieria-de-infraestructura-hospitalaria-2\/#primaryimage","url":"https:\/\/arkmeds.com\/wp-content\/uploads\/2025\/09\/engen-clinica-copiar.webp","contentUrl":"https:\/\/arkmeds.com\/wp-content\/uploads\/2025\/09\/engen-clinica-copiar.webp"},{"@type":"BreadcrumbList","@id":"https:\/\/arkmeds.com\/es\/posgrado-en-ingenieria-de-infraestructura-hospitalaria-2\/#breadcrumb","itemListElement":[{"@type":"ListItem","position":1,"name":"In\u00edcio","item":"https:\/\/arkmeds.com\/es\/"},{"@type":"ListItem","position":2,"name":"Posgrado en Ingenier\u00eda de Infraestructura Hospitalaria"}]},{"@type":"WebSite","@id":"https:\/\/arkmeds.com\/pt-br\/#website","url":"https:\/\/arkmeds.com\/pt-br\/","name":"Arkmeds","description":"Tecnologias avan\u00e7adas de gest\u00e3o para empresas em evolu\u00e7\u00e3o","publisher":{"@id":"https:\/\/arkmeds.com\/pt-br\/#organization"},"potentialAction":[{"@type":"SearchAction","target":{"@type":"EntryPoint","urlTemplate":"https:\/\/arkmeds.com\/pt-br\/?s={search_term_string}"},"query-input":{"@type":"PropertyValueSpecification","valueRequired":true,"valueName":"search_term_string"}}],"inLanguage":"es"},{"@type":"Organization","@id":"https:\/\/arkmeds.com\/pt-br\/#organization","name":"Arkmeds","url":"https:\/\/arkmeds.com\/pt-br\/","logo":{"@type":"ImageObject","inLanguage":"es","@id":"https:\/\/arkmeds.com\/pt-br\/#\/schema\/logo\/image\/","url":"https:\/\/arkmeds.com\/wp-content\/uploads\/2025\/05\/logo.webp","contentUrl":"https:\/\/arkmeds.com\/wp-content\/uploads\/2025\/05\/logo.webp","width":1100,"height":241,"caption":"Arkmeds"},"image":{"@id":"https:\/\/arkmeds.com\/pt-br\/#\/schema\/logo\/image\/"},"sameAs":["https:\/\/www.facebook.com\/somosarkmeds","https:\/\/www.youtube.com\/@Arkmeds","https:\/\/www.instagram.com\/somosarkmeds\/"]}]}},"jetpack_sharing_enabled":true,"_links":{"self":[{"href":"https:\/\/arkmeds.com\/es\/wp-json\/wp\/v2\/pages\/13267","targetHints":{"allow":["GET"]}}],"collection":[{"href":"https:\/\/arkmeds.com\/es\/wp-json\/wp\/v2\/pages"}],"about":[{"href":"https:\/\/arkmeds.com\/es\/wp-json\/wp\/v2\/types\/page"}],"author":[{"embeddable":true,"href":"https:\/\/arkmeds.com\/es\/wp-json\/wp\/v2\/users\/1"}],"replies":[{"embeddable":true,"href":"https:\/\/arkmeds.com\/es\/wp-json\/wp\/v2\/comments?post=13267"}],"version-history":[{"count":1,"href":"https:\/\/arkmeds.com\/es\/wp-json\/wp\/v2\/pages\/13267\/revisions"}],"predecessor-version":[{"id":13270,"href":"https:\/\/arkmeds.com\/es\/wp-json\/wp\/v2\/pages\/13267\/revisions\/13270"}],"wp:attachment":[{"href":"https:\/\/arkmeds.com\/es\/wp-json\/wp\/v2\/media?parent=13267"}],"curies":[{"name":"wp","href":"https:\/\/api.w.org\/{rel}","templated":true}]}}