{"id":3683,"date":"2025-09-20T19:11:15","date_gmt":"2025-09-20T22:11:15","guid":{"rendered":"https:\/\/arkmeds.com\/?page_id=3683"},"modified":"2026-04-02T15:17:08","modified_gmt":"2026-04-02T18:17:08","slug":"pos-graduacao-em-engenharia-de-infraestrutura-hospitalar","status":"publish","type":"page","link":"https:\/\/arkmeds.com\/pt-br\/pos-graduacao-em-engenharia-de-infraestrutura-hospitalar\/","title":{"rendered":"P\u00f3s-Gradua\u00e7\u00e3o em Engenharia de Infraestrutura Hospitalar"},"content":{"rendered":"\t\t<div data-elementor-type=\"wp-page\" data-elementor-id=\"3683\" class=\"elementor elementor-3683\" data-elementor-post-type=\"page\">\n\t\t\t\t<div class=\"elementor-element elementor-element-082e8e3 e-flex e-con-boxed e-con e-parent\" data-id=\"082e8e3\" data-element_type=\"container\" data-e-type=\"container\" data-settings=\"{&quot;background_background&quot;:&quot;gradient&quot;}\">\n\t\t\t\t\t<div class=\"e-con-inner\">\n\t\t<div class=\"elementor-element elementor-element-93758cc e-con-full e-flex e-con e-child\" data-id=\"93758cc\" data-element_type=\"container\" data-e-type=\"container\">\n\t\t\t\t<div class=\"elementor-element elementor-element-12f4f11 elementor-invisible elementor-widget elementor-widget-button\" data-id=\"12f4f11\" data-element_type=\"widget\" data-e-type=\"widget\" data-settings=\"{&quot;_animation&quot;:&quot;fadeIn&quot;}\" data-widget_type=\"button.default\">\n\t\t\t\t\t\t\t\t\t\t<a class=\"elementor-button elementor-size-sm\" role=\"button\">\n\t\t\t\t\t\t<span class=\"elementor-button-content-wrapper\">\n\t\t\t\t\t\t\t\t\t<span class=\"elementor-button-text\">P\u00f3s em Engenharia Hospitalar<\/span>\n\t\t\t\t\t<\/span>\n\t\t\t\t\t<\/a>\n\t\t\t\t\t\t\t\t<\/div>\n\t\t\t\t<div class=\"elementor-element elementor-element-45b6518 elementor-widget__width-inherit elementor-invisible elementor-widget elementor-widget-heading\" data-id=\"45b6518\" data-element_type=\"widget\" data-e-type=\"widget\" data-settings=\"{&quot;_animation&quot;:&quot;fadeIn&quot;}\" data-widget_type=\"heading.default\">\n\t\t\t\t\t<h2 class=\"elementor-heading-title elementor-size-default\">Construa hospitais mais seguros, eficientes e sustent\u00e1veis. Torne-se refer\u00eancia em Engenharia de Infraestrutura Hospitalar.<\/h2>\t\t\t\t<\/div>\n\t\t\t\t<\/div>\n\t\t<div class=\"elementor-element elementor-element-cce7b5b e-con-full e-flex e-con e-child\" data-id=\"cce7b5b\" data-element_type=\"container\" data-e-type=\"container\">\n\t\t\t\t<div class=\"elementor-element elementor-element-42f6e26 elementor-widget__width-inherit animated-slow elementor-invisible elementor-widget elementor-widget-text-editor\" data-id=\"42f6e26\" data-element_type=\"widget\" data-e-type=\"widget\" data-settings=\"{&quot;_animation&quot;:&quot;fadeIn&quot;}\" data-widget_type=\"text-editor.default\">\n\t\t\t\t\t\t\t\t\t<p><span style=\"font-weight: 400;\">A p\u00f3s-gradua\u00e7\u00e3o que prepara voc\u00ea para cargos de coordena\u00e7\u00e3o e diretoria em institui\u00e7\u00f5es de sa\u00fade, com disciplinas segmentadas por \u00e1rea de engenharia e professores atuantes no mercado.<\/span><\/p>\t\t\t\t\t\t\t\t<\/div>\n\t\t\t\t<div class=\"elementor-element elementor-element-8e1dd1e animated-slow elementor-invisible elementor-widget elementor-widget-image\" data-id=\"8e1dd1e\" data-element_type=\"widget\" data-e-type=\"widget\" data-settings=\"{&quot;_animation&quot;:&quot;fadeIn&quot;,&quot;_animation_laptop&quot;:&quot;fadeIn&quot;}\" data-widget_type=\"image.default\">\n\t\t\t\t\t\t\t\t\t\t\t\t\t\t\t<img fetchpriority=\"high\" decoding=\"async\" width=\"800\" height=\"644\" src=\"https:\/\/arkmeds.com\/wp-content\/uploads\/2025\/09\/engen-clinica-copiar.webp\" class=\"attachment-large size-large wp-image-3690\" alt=\"\" srcset=\"https:\/\/arkmeds.com\/wp-content\/uploads\/2025\/09\/engen-clinica-copiar.webp 950w, https:\/\/arkmeds.com\/wp-content\/uploads\/2025\/09\/engen-clinica-copiar-300x242.webp 300w, https:\/\/arkmeds.com\/wp-content\/uploads\/2025\/09\/engen-clinica-copiar-768x618.webp 768w, https:\/\/arkmeds.com\/wp-content\/uploads\/2025\/09\/engen-clinica-copiar-600x483.webp 600w\" sizes=\"(max-width: 800px) 100vw, 800px\" \/>\t\t\t\t\t\t\t\t\t\t\t\t\t\t\t<\/div>\n\t\t\t\t<\/div>\n\t\t<div class=\"elementor-element elementor-element-b29a586 e-con-full e-flex elementor-invisible e-con e-child\" data-id=\"b29a586\" data-element_type=\"container\" data-e-type=\"container\" id=\"formms\" data-settings=\"{&quot;background_background&quot;:&quot;classic&quot;,&quot;animation&quot;:&quot;fadeIn&quot;}\">\n\t\t\t\t<div class=\"elementor-element elementor-element-b931905 elementor-widget elementor-widget-shortcode\" data-id=\"b931905\" data-element_type=\"widget\" data-e-type=\"widget\" data-widget_type=\"shortcode.default\">\n\t\t\t\t\t\t\t<div class=\"elementor-shortcode\"><div class='fluentform ff-default fluentform_wrapper_122 ffs_default_wrap'><form data-form_id=\"122\" id=\"fluentform_122\" class=\"frm-fluent-form fluent_form_122 ff-el-form-top ff_form_instance_122_1 ff-form-loading ffs_default\" data-form_instance=\"ff_form_instance_122_1\" method=\"POST\" ><fieldset  style=\"border: none!important;margin: 0!important;padding: 0!important;background-color: transparent!important;box-shadow: none!important;outline: none!important; min-inline-size: 100%;\">\n                    <legend class=\"ff_screen_reader_title\" style=\"display: block; margin: 0!important;padding: 0!important;height: 0!important;text-indent: -999999px;width: 0!important;overflow:hidden;\">P\u00f3s gradua\u00e7\u00f5es<\/legend><input type='hidden' name='__fluent_form_embded_post_id' value='3683' \/><input type=\"hidden\" id=\"_fluentform_122_fluentformnonce\" name=\"_fluentform_122_fluentformnonce\" value=\"55c6a87f2f\" \/><input type=\"hidden\" name=\"_wp_http_referer\" value=\"\/pt-br\/wp-json\/wp\/v2\/pages\/3683\" \/><div data-type=\"name-element\" data-name=\"names\" class=\" ff-field_container ff-name-field-wrapper\" ><div class='ff-t-container'><div class='ff-t-cell '><div class='ff-el-group'><div class=\"ff-el-input--label ff-el-is-required asterisk-right\"><label for='ff_122_names_first_name_' id='label_ff_122_names_first_name_' >Nome completo:<\/label><\/div><div class='ff-el-input--content'><input type=\"text\" name=\"names[first_name]\" id=\"ff_122_names_first_name_\" class=\"ff-el-form-control\" aria-invalid=\"false\" aria-required=true><\/div><\/div><\/div><\/div><\/div><div class='ff-el-group'><div class=\"ff-el-input--label ff-el-is-required asterisk-right\"><label for='ff_122_email' id='label_ff_122_email' aria-label=\"Email:\">Email:<\/label><\/div><div class='ff-el-input--content'><input type=\"email\" name=\"email\" id=\"ff_122_email\" class=\"ff-el-form-control\" data-name=\"email\"  aria-invalid=\"false\" aria-required=true><\/div><\/div><div class='ff-el-group'><div class=\"ff-el-input--label ff-el-is-required asterisk-right\"><label for='ff_122_phone' id='label_ff_122_phone' aria-label=\"Telefone:\">Telefone:<\/label><\/div><div class='ff-el-input--content'><input name=\"phone\" class=\"ff-el-form-control ff-el-phone\" type=\"tel\" data-name=\"phone\" id=\"ff_122_phone\" inputmode=\"tel\"  aria-invalid='false' aria-required=true><\/div><\/div><div class='ff-el-group'><div class=\"ff-el-input--label ff-el-is-required asterisk-right\"><label   aria-label=\"Interesse\">Interesse<\/label><\/div><div class='ff-el-input--content'><div class='ff-el-form-check ff-el-form-check-'><label class='ff-el-form-check-label' for='checkbox_863142ae883674d48789984c249693fc'><input  type=\"checkbox\" name=\"checkbox[]\" data-name=\"checkbox\" class=\"ff-el-form-check-input ff-el-form-check-checkbox\" value=\"Engenharia Cl\u00ednica 4.0\"  id='checkbox_863142ae883674d48789984c249693fc' aria-label='Engenharia Cl\u00ednica 4.0' aria-invalid='false' aria-required=true> <span>Engenharia Cl\u00ednica 4.0<\/span><\/label><\/div><div class='ff-el-form-check ff-el-form-check-'><label class='ff-el-form-check-label' for='checkbox_08a1d496764d1ca1ae70c262463a141d'><input  type=\"checkbox\" name=\"checkbox[]\" data-name=\"checkbox\" class=\"ff-el-form-check-input ff-el-form-check-checkbox\" value=\"Engenharia Hospitalar 4.0\"  id='checkbox_08a1d496764d1ca1ae70c262463a141d' aria-label='Engenharia Hospitalar 4.0' aria-invalid='false' aria-required=true> <span>Engenharia Hospitalar 4.0<\/span><\/label><\/div><div class='ff-el-form-check ff-el-form-check-'><label class='ff-el-form-check-label' for='checkbox_da25a6756ca275489b04e5ae5086c90f'><input  type=\"checkbox\" name=\"checkbox[]\" data-name=\"checkbox\" class=\"ff-el-form-check-input ff-el-form-check-checkbox\" value=\"Ambas\"  id='checkbox_da25a6756ca275489b04e5ae5086c90f' aria-label='Ambas' aria-invalid='false' aria-required=true> <span>Ambas<\/span><\/label><\/div><\/div><\/div><div class='ff-el-group ff-text-center ff_submit_btn_wrapper'><button type=\"submit\" class=\"ff-btn ff-btn-submit ff-btn-lg ff_btn_style wpf_has_custom_css\"  aria-label=\"ENVIAR RESPOSTA\">ENVIAR RESPOSTA<\/button><\/div><\/fieldset><\/form><div id='fluentform_122_errors' class='ff-errors-in-stack ff_form_instance_122_1 ff-form-loading_errors ff_form_instance_122_1_errors'><\/div><\/div>            <script type=\"text\/javascript\">\n                window.fluent_form_ff_form_instance_122_1 = {\"id\":\"122\",\"ajaxUrl\":\"https:\\\/\\\/arkmeds.com\\\/wp-admin\\\/admin-ajax.php\",\"settings\":{\"layout\":{\"labelPlacement\":\"top\",\"helpMessagePlacement\":\"with_label\",\"errorMessagePlacement\":\"inline\"},\"restrictions\":{\"denyEmptySubmission\":{\"enabled\":false}}},\"form_instance\":\"ff_form_instance_122_1\",\"form_id_selector\":\"fluentform_122\",\"rules\":{\"names[first_name]\":{\"required\":{\"value\":true,\"message\":\"Este campo \\u00e9 obrigat\\u00f3rio\",\"global\":true,\"global_message\":\"Este campo \\u00e9 obrigat\\u00f3rio\"}},\"names[middle_name]\":{\"required\":{\"value\":false,\"message\":\"Este campo \\u00e9 obrigat\\u00f3rio\",\"global\":true,\"global_message\":\"Este campo \\u00e9 obrigat\\u00f3rio\"}},\"names[last_name]\":{\"required\":{\"value\":false,\"message\":\"Este campo \\u00e9 obrigat\\u00f3rio\",\"global\":true,\"global_message\":\"Este campo \\u00e9 obrigat\\u00f3rio\"}},\"email\":{\"required\":{\"value\":true,\"message\":\"Email field is required\",\"global\":false,\"global_message\":\"Este campo \\u00e9 obrigat\\u00f3rio\"},\"email\":{\"value\":true,\"message\":\"Este campo deve conter um e-mail v\\u00e1lido\",\"global\":true,\"global_message\":\"Este campo deve conter um e-mail v\\u00e1lido\"}},\"phone\":{\"required\":{\"value\":true,\"message\":\"This field is required\",\"global\":false,\"global_message\":\"Este campo \\u00e9 obrigat\\u00f3rio\"},\"valid_phone_number\":{\"value\":false,\"message\":\"Phone number is not valid\",\"global\":false,\"global_message\":\"O n\\u00famero de telefone n\\u00e3o \\u00e9 v\\u00e1lido\"}},\"checkbox\":{\"required\":{\"value\":true,\"message\":\"Este campo \\u00e9 obrigat\\u00f3rio\",\"global_message\":\"Este campo \\u00e9 obrigat\\u00f3rio\",\"global\":true}}},\"debounce_time\":300};\n                            <\/script>\n            <\/div>\n\t\t\t\t\t\t<\/div>\n\t\t\t\t<\/div>\n\t\t\t\t\t<\/div>\n\t\t\t\t<\/div>\n\t\t<div class=\"elementor-element elementor-element-b8bb416 e-flex e-con-boxed e-con e-parent\" data-id=\"b8bb416\" data-element_type=\"container\" data-e-type=\"container\" data-settings=\"{&quot;background_background&quot;:&quot;classic&quot;}\">\n\t\t\t\t\t<div class=\"e-con-inner\">\n\t\t<div class=\"elementor-element elementor-element-c6a406b e-con-full e-flex elementor-invisible e-con e-child\" data-id=\"c6a406b\" data-element_type=\"container\" data-e-type=\"container\" data-settings=\"{&quot;animation&quot;:&quot;fadeInLeft&quot;}\">\n\t\t\t\t<div class=\"elementor-element elementor-element-e28d8bb elementor-widget elementor-widget-image\" data-id=\"e28d8bb\" data-element_type=\"widget\" data-e-type=\"widget\" data-widget_type=\"image.default\">\n\t\t\t\t\t\t\t\t\t\t\t\t\t\t\t<img decoding=\"async\" width=\"800\" height=\"534\" src=\"https:\/\/arkmeds.com\/wp-content\/uploads\/2025\/09\/engenharia-e-manutencao-hospital-scaled-.webp\" class=\"attachment-large size-large wp-image-3719\" alt=\"\" srcset=\"https:\/\/arkmeds.com\/wp-content\/uploads\/2025\/09\/engenharia-e-manutencao-hospital-scaled-.webp 1000w, https:\/\/arkmeds.com\/wp-content\/uploads\/2025\/09\/engenharia-e-manutencao-hospital-scaled--300x200.webp 300w, https:\/\/arkmeds.com\/wp-content\/uploads\/2025\/09\/engenharia-e-manutencao-hospital-scaled--768x512.webp 768w, https:\/\/arkmeds.com\/wp-content\/uploads\/2025\/09\/engenharia-e-manutencao-hospital-scaled--600x400.webp 600w\" sizes=\"(max-width: 800px) 100vw, 800px\" \/>\t\t\t\t\t\t\t\t\t\t\t\t\t\t\t<\/div>\n\t\t\t\t<\/div>\n\t\t<div class=\"elementor-element elementor-element-e9923ba e-con-full animated-slow e-flex elementor-invisible e-con e-child\" data-id=\"e9923ba\" data-element_type=\"container\" data-e-type=\"container\" data-settings=\"{&quot;animation&quot;:&quot;fadeInRight&quot;}\">\n\t\t\t\t<div class=\"elementor-element elementor-element-37e612c elementor-widget elementor-widget-heading\" data-id=\"37e612c\" data-element_type=\"widget\" data-e-type=\"widget\" data-widget_type=\"heading.default\">\n\t\t\t\t\t<h2 class=\"elementor-heading-title elementor-size-default\">O novo patamar <\/br><b>da sua carreira<\/h2>\t\t\t\t<\/div>\n\t\t\t\t<div class=\"elementor-element elementor-element-a9140ee elementor-widget elementor-widget-text-editor\" data-id=\"a9140ee\" data-element_type=\"widget\" data-e-type=\"widget\" data-widget_type=\"text-editor.default\">\n\t\t\t\t\t\t\t\t\t<p><span style=\"font-weight: 400;\">A infraestrutura \u00e9 a espinha dorsal de qualquer hospital. Do ar-condicionado \u00e0s redes el\u00e9tricas, do controle de infec\u00e7\u00e3o ao planejamento predial, cada detalhe impacta diretamente a seguran\u00e7a do paciente e a efici\u00eancia da opera\u00e7\u00e3o.<\/span><\/p><p><span style=\"font-weight: 400;\">Com a P\u00f3s em <\/span><b>Engenharia de Infraestrutura Hospitalar da Arkmeds Academy<\/b><span style=\"font-weight: 400;\">, voc\u00ea se posiciona em um <\/span><b>outro n\u00edvel de carreira<\/b><span style=\"font-weight: 400;\">, preparado para assumir decis\u00f5es estrat\u00e9gicas em coordena\u00e7\u00e3o e diretoria.<\/span><\/p>\t\t\t\t\t\t\t\t<\/div>\n\t\t\t\t<\/div>\n\t\t\t\t\t<\/div>\n\t\t\t\t<\/div>\n\t\t<div class=\"elementor-element elementor-element-1c6bf96 e-flex e-con-boxed e-con e-parent\" data-id=\"1c6bf96\" data-element_type=\"container\" data-e-type=\"container\" data-settings=\"{&quot;background_background&quot;:&quot;classic&quot;}\">\n\t\t\t\t\t<div class=\"e-con-inner\">\n\t\t<div class=\"elementor-element elementor-element-ac1fbb6 e-con-full e-flex e-con e-child\" data-id=\"ac1fbb6\" data-element_type=\"container\" data-e-type=\"container\">\n\t\t\t\t<div class=\"elementor-element elementor-element-831652a elementor-widget elementor-widget-heading\" data-id=\"831652a\" data-element_type=\"widget\" data-e-type=\"widget\" data-widget_type=\"heading.default\">\n\t\t\t\t\t<h2 class=\"elementor-heading-title elementor-size-default\">Formato das Aulas<\/h2>\t\t\t\t<\/div>\n\t\t\t\t<div class=\"elementor-element elementor-element-a7d82d1 elementor-widget__width-initial elementor-view-stacked elementor-shape-rounded elementor-widget-mobile__width-inherit elementor-position-inline-start elementor-mobile-position-block-start elementor-invisible elementor-widget elementor-widget-icon-box\" data-id=\"a7d82d1\" data-element_type=\"widget\" data-e-type=\"widget\" data-settings=\"{&quot;_animation&quot;:&quot;fadeInLeft&quot;}\" data-widget_type=\"icon-box.default\">\n\t\t\t\t\t\t\t<div class=\"elementor-icon-box-wrapper\">\n\n\t\t\t\t\t\t<div class=\"elementor-icon-box-icon\">\n\t\t\t\t<span  class=\"elementor-icon\">\n\t\t\t\t<svg aria-hidden=\"true\" class=\"e-font-icon-svg e-fas-graduation-cap\" viewBox=\"0 0 640 512\" xmlns=\"http:\/\/www.w3.org\/2000\/svg\"><path d=\"M622.34 153.2L343.4 67.5c-15.2-4.67-31.6-4.67-46.79 0L17.66 153.2c-23.54 7.23-23.54 38.36 0 45.59l48.63 14.94c-10.67 13.19-17.23 29.28-17.88 46.9C38.78 266.15 32 276.11 32 288c0 10.78 5.68 19.85 13.86 25.65L20.33 428.53C18.11 438.52 25.71 448 35.94 448h56.11c10.24 0 17.84-9.48 15.62-19.47L82.14 313.65C90.32 307.85 96 298.78 96 288c0-11.57-6.47-21.25-15.66-26.87.76-15.02 8.44-28.3 20.69-36.72L296.6 284.5c9.06 2.78 26.44 6.25 46.79 0l278.95-85.7c23.55-7.24 23.55-38.36 0-45.6zM352.79 315.09c-28.53 8.76-52.84 3.92-65.59 0l-145.02-44.55L128 384c0 35.35 85.96 64 192 64s192-28.65 192-64l-14.18-113.47-145.03 44.56z\"><\/path><\/svg>\t\t\t\t<\/span>\n\t\t\t<\/div>\n\t\t\t\n\t\t\t\t\t\t<div class=\"elementor-icon-box-content\">\n\n\t\t\t\t\t\t\t\t\t<h3 class=\"elementor-icon-box-title\">\n\t\t\t\t\t\t<span  >\n\t\t\t\t\t\t\t100% online e ao vivo via Google Meet\t\t\t\t\t\t<\/span>\n\t\t\t\t\t<\/h3>\n\t\t\t\t\n\t\t\t\t\n\t\t\t<\/div>\n\t\t\t\n\t\t<\/div>\n\t\t\t\t\t\t<\/div>\n\t\t\t\t<div class=\"elementor-element elementor-element-6c03827 elementor-widget__width-initial elementor-view-stacked elementor-shape-rounded elementor-widget-mobile__width-inherit elementor-position-inline-start elementor-mobile-position-block-start elementor-invisible elementor-widget elementor-widget-icon-box\" data-id=\"6c03827\" data-element_type=\"widget\" data-e-type=\"widget\" data-settings=\"{&quot;_animation&quot;:&quot;fadeInLeft&quot;}\" data-widget_type=\"icon-box.default\">\n\t\t\t\t\t\t\t<div class=\"elementor-icon-box-wrapper\">\n\n\t\t\t\t\t\t<div class=\"elementor-icon-box-icon\">\n\t\t\t\t<span  class=\"elementor-icon\">\n\t\t\t\t<svg aria-hidden=\"true\" class=\"e-font-icon-svg e-fab-chromecast\" viewBox=\"0 0 512 512\" xmlns=\"http:\/\/www.w3.org\/2000\/svg\"><path d=\"M447.8,64H64c-23.6,0-42.7,19.1-42.7,42.7v63.9H64v-63.9h383.8v298.6H298.6V448H448c23.6,0,42.7-19.1,42.7-42.7V106.7 C490.7,83.1,471.4,64,447.8,64z M21.3,383.6L21.3,383.6l0,63.9h63.9C85.2,412.2,56.6,383.6,21.3,383.6L21.3,383.6z M21.3,298.6V341 c58.9,0,106.6,48.1,106.6,107h42.7C170.7,365.6,103.7,298.7,21.3,298.6z M213.4,448h42.7c-0.5-129.5-105.3-234.3-234.8-234.6l0,42.4 C127.3,255.6,213.3,342,213.4,448z\"><\/path><\/svg>\t\t\t\t<\/span>\n\t\t\t<\/div>\n\t\t\t\n\t\t\t\t\t\t<div class=\"elementor-icon-box-content\">\n\n\t\t\t\t\t\t\t\t\t<h3 class=\"elementor-icon-box-title\">\n\t\t\t\t\t\t<span  >\n\t\t\t\t\t\t\tAulas mensais em tr\u00eas encontros: 1 sexta \u00e0 noite, 1 s\u00e1bado e 1 domingo pela manh\u00e3 (8h \u00e0s 12h)\t\t\t\t\t\t<\/span>\n\t\t\t\t\t<\/h3>\n\t\t\t\t\n\t\t\t\t\n\t\t\t<\/div>\n\t\t\t\n\t\t<\/div>\n\t\t\t\t\t\t<\/div>\n\t\t\t\t<div class=\"elementor-element elementor-element-f40c41f elementor-widget__width-initial elementor-view-stacked elementor-shape-rounded elementor-widget-mobile__width-inherit elementor-position-inline-start elementor-mobile-position-block-start elementor-invisible elementor-widget elementor-widget-icon-box\" data-id=\"f40c41f\" data-element_type=\"widget\" data-e-type=\"widget\" data-settings=\"{&quot;_animation&quot;:&quot;fadeInLeft&quot;}\" data-widget_type=\"icon-box.default\">\n\t\t\t\t\t\t\t<div class=\"elementor-icon-box-wrapper\">\n\n\t\t\t\t\t\t<div class=\"elementor-icon-box-icon\">\n\t\t\t\t<span  class=\"elementor-icon\">\n\t\t\t\t<svg aria-hidden=\"true\" class=\"e-font-icon-svg e-fas-certificate\" viewBox=\"0 0 512 512\" xmlns=\"http:\/\/www.w3.org\/2000\/svg\"><path d=\"M458.622 255.92l45.985-45.005c13.708-12.977 7.316-36.039-10.664-40.339l-62.65-15.99 17.661-62.015c4.991-17.838-11.829-34.663-29.661-29.671l-61.994 17.667-15.984-62.671C337.085.197 313.765-6.276 300.99 7.228L256 53.57 211.011 7.229c-12.63-13.351-36.047-7.234-40.325 10.668l-15.984 62.671-61.995-17.667C74.87 57.907 58.056 74.738 63.046 92.572l17.661 62.015-62.65 15.99C.069 174.878-6.31 197.944 7.392 210.915l45.985 45.005-45.985 45.004c-13.708 12.977-7.316 36.039 10.664 40.339l62.65 15.99-17.661 62.015c-4.991 17.838 11.829 34.663 29.661 29.671l61.994-17.667 15.984 62.671c4.439 18.575 27.696 24.018 40.325 10.668L256 458.61l44.989 46.001c12.5 13.488 35.987 7.486 40.325-10.668l15.984-62.671 61.994 17.667c17.836 4.994 34.651-11.837 29.661-29.671l-17.661-62.015 62.65-15.99c17.987-4.302 24.366-27.367 10.664-40.339l-45.984-45.004z\"><\/path><\/svg>\t\t\t\t<\/span>\n\t\t\t<\/div>\n\t\t\t\n\t\t\t\t\t\t<div class=\"elementor-icon-box-content\">\n\n\t\t\t\t\t\t\t\t\t<h3 class=\"elementor-icon-box-title\">\n\t\t\t\t\t\t<span  >\n\t\t\t\t\t\t\tFlexibilidade garantida: acesso \u00e0s grava\u00e7\u00f5es para revisar quando precisar\t\t\t\t\t\t<\/span>\n\t\t\t\t\t<\/h3>\n\t\t\t\t\n\t\t\t\t\n\t\t\t<\/div>\n\t\t\t\n\t\t<\/div>\n\t\t\t\t\t\t<\/div>\n\t\t\t\t<div class=\"elementor-element elementor-element-6b424de elementor-widget__width-initial elementor-view-stacked elementor-shape-rounded elementor-widget-mobile__width-inherit elementor-position-inline-start elementor-mobile-position-block-start elementor-invisible elementor-widget elementor-widget-icon-box\" data-id=\"6b424de\" data-element_type=\"widget\" data-e-type=\"widget\" data-settings=\"{&quot;_animation&quot;:&quot;fadeInLeft&quot;}\" data-widget_type=\"icon-box.default\">\n\t\t\t\t\t\t\t<div class=\"elementor-icon-box-wrapper\">\n\n\t\t\t\t\t\t<div class=\"elementor-icon-box-icon\">\n\t\t\t\t<span  class=\"elementor-icon\">\n\t\t\t\t<svg aria-hidden=\"true\" class=\"e-font-icon-svg e-fas-laptop-medical\" viewBox=\"0 0 640 512\" xmlns=\"http:\/\/www.w3.org\/2000\/svg\"><path d=\"M232 224h56v56a8 8 0 0 0 8 8h48a8 8 0 0 0 8-8v-56h56a8 8 0 0 0 8-8v-48a8 8 0 0 0-8-8h-56v-56a8 8 0 0 0-8-8h-48a8 8 0 0 0-8 8v56h-56a8 8 0 0 0-8 8v48a8 8 0 0 0 8 8zM576 48a48.14 48.14 0 0 0-48-48H112a48.14 48.14 0 0 0-48 48v336h512zm-64 272H128V64h384zm112 96H381.54c-.74 19.81-14.71 32-32.74 32H288c-18.69 0-33-17.47-32.77-32H16a16 16 0 0 0-16 16v16a64.19 64.19 0 0 0 64 64h512a64.19 64.19 0 0 0 64-64v-16a16 16 0 0 0-16-16z\"><\/path><\/svg>\t\t\t\t<\/span>\n\t\t\t<\/div>\n\t\t\t\n\t\t\t\t\t\t<div class=\"elementor-icon-box-content\">\n\n\t\t\t\t\t\t\t\t\t<h3 class=\"elementor-icon-box-title\">\n\t\t\t\t\t\t<span  >\n\t\t\t\t\t\t\tAmbiente pr\u00e1tico e interativo: debates, estudos de caso e din\u00e2micas com profissionais de refer\u00eancia\t\t\t\t\t\t<\/span>\n\t\t\t\t\t<\/h3>\n\t\t\t\t\n\t\t\t\t\n\t\t\t<\/div>\n\t\t\t\n\t\t<\/div>\n\t\t\t\t\t\t<\/div>\n\t\t\t\t<\/div>\n\t\t<div class=\"elementor-element elementor-element-4b52e30 e-con-full e-flex elementor-invisible e-con e-child\" data-id=\"4b52e30\" data-element_type=\"container\" data-e-type=\"container\" data-settings=\"{&quot;animation&quot;:&quot;fadeInRight&quot;}\">\n\t\t\t\t<div class=\"elementor-element elementor-element-9b790d9 elementor-widget__width-inherit elementor-widget-mobile__width-auto elementor-widget elementor-widget-html\" data-id=\"9b790d9\" data-element_type=\"widget\" data-e-type=\"widget\" data-widget_type=\"html.default\">\n\t\t\t\t\t<div class=\"tag-wrapper2\">\r\n  <span class=\"dot2\"><\/span>\r\n  Espa\u00e7o do Coordenador \r\n<\/div>\r\n\r\n\r\n\t\t\t\t<\/div>\n\t\t\t\t<div class=\"elementor-element elementor-element-6398bf5 elementor-widget elementor-widget-heading\" data-id=\"6398bf5\" data-element_type=\"widget\" data-e-type=\"widget\" data-widget_type=\"heading.default\">\n\t\t\t\t\t<h2 class=\"elementor-heading-title elementor-size-default\">Prof. Alexandre Ferreli<\/h2>\t\t\t\t<\/div>\n\t\t\t\t<div class=\"elementor-element elementor-element-109cee5 elementor-widget__width-initial elementor-widget elementor-widget-video\" data-id=\"109cee5\" data-element_type=\"widget\" data-e-type=\"widget\" data-settings=\"{&quot;youtube_url&quot;:&quot;https:\\\/\\\/youtu.be\\\/R1yV7el3a4Q&quot;,&quot;video_type&quot;:&quot;youtube&quot;,&quot;controls&quot;:&quot;yes&quot;}\" data-widget_type=\"video.default\">\n\t\t\t\t\t\t\t<div class=\"elementor-wrapper elementor-open-inline\">\n\t\t\t<div class=\"elementor-video\"><\/div>\t\t<\/div>\n\t\t\t\t\t\t<\/div>\n\t\t\t\t<\/div>\n\t\t\t\t<div class=\"elementor-element elementor-element-3697486 elementor-absolute elementor-widget elementor-widget-html\" data-id=\"3697486\" data-element_type=\"widget\" data-e-type=\"widget\" data-settings=\"{&quot;_position&quot;:&quot;absolute&quot;}\" data-widget_type=\"html.default\">\n\t\t\t\t\t<!-- Divisor de Se\u00e7\u00e3o -->\r\n<div class=\"section-divider\">\r\n  <!-- Linha gradiente -->\r\n  <div class=\"divider-line\"><\/div>\r\n  \r\n  <!-- C\u00edrculo com seta -->\r\n  <div class=\"circle-arrow\">\r\n    <div class=\"circle\">\r\n      <svg class=\"arrow-icon\" viewBox=\"0 0 24 24\" fill=\"none\" xmlns=\"http:\/\/www.w3.org\/2000\/svg\">\r\n        <path stroke-linecap=\"round\" stroke-linejoin=\"round\" stroke-width=\"2\" d=\"M19 14l-7 7m0 0l-7-7m7 7V3\"><\/path>\r\n      <\/svg>\r\n    <\/div>\r\n  <\/div>\r\n<\/div>\r\n\r\n<style>\r\n    .circle {\r\n  width: 40px;\r\n  height: 40px;\r\n  border-radius: 50%;\r\n  background: #0097A9;\r\n  display: flex;\r\n  align-items: center;\r\n  justify-content: center;\r\n  position: relative;\r\n  transition: all 0.3s ease;\r\n}\r\n\r\n.circle::before {\r\n  content: '';\r\n  position: absolute;\r\n  inset: -4px;\r\n  border-radius: 50%;\r\n  border: 2px solid #0097A9;\r\n  animation: wave 2s infinite;\r\n  opacity: 0;\r\n}\r\n\r\n.arrow-icon {\r\n  width: 20px;\r\n  height: 20px;\r\n  stroke: white;\r\n  transition: all 0.3s ease;\r\n}\r\n\r\n\/* Hover Effects *\/\r\n.circle:hover {\r\n  transform: scale(1.1);\r\n  background: #5499FF;\r\n  box-shadow: 0 0 20px rgba(52, 132, 247, 0.4);\r\n}\r\n\r\n.circle:hover::before {\r\n  border-color: #5499FF;\r\n  animation: wave 1.5s infinite; \/* Onda mais r\u00e1pida no hover *\/\r\n}\r\n\r\n.circle:hover .arrow-icon {\r\n  transform: translateY(2px); \/* Pequeno movimento da seta *\/\r\n  filter: drop-shadow(0 0 4px rgba(255, 255, 255, 0.5));\r\n}\r\n\r\n@keyframes wave {\r\n  0% {\r\n    transform: scale(1);\r\n    opacity: 0.8;\r\n  }\r\n  100% {\r\n    transform: scale(1.4);\r\n    opacity: 0;\r\n  }\r\n}\r\n<\/style>\r\n\t\t\t\t<\/div>\n\t\t\t\t\t<\/div>\n\t\t\t\t<\/div>\n\t\t<div class=\"elementor-element elementor-element-aab03a0 e-flex e-con-boxed e-con e-parent\" data-id=\"aab03a0\" data-element_type=\"container\" data-e-type=\"container\" data-settings=\"{&quot;background_background&quot;:&quot;gradient&quot;}\">\n\t\t\t\t\t<div class=\"e-con-inner\">\n\t\t<div class=\"elementor-element elementor-element-a59e972 e-con-full e-flex elementor-invisible e-con e-child\" data-id=\"a59e972\" data-element_type=\"container\" data-e-type=\"container\" data-settings=\"{&quot;animation&quot;:&quot;fadeInLeft&quot;}\">\n\t\t\t\t<div class=\"elementor-element elementor-element-b5e5db7 elementor-widget elementor-widget-heading\" data-id=\"b5e5db7\" data-element_type=\"widget\" data-e-type=\"widget\" data-widget_type=\"heading.default\">\n\t\t\t\t\t<h2 class=\"elementor-heading-title elementor-size-default\">Diferenciais Arkmeds Academy<\/h2>\t\t\t\t<\/div>\n\t\t\t\t<div class=\"elementor-element elementor-element-e9a057f elementor-icon-list--layout-traditional elementor-list-item-link-full_width elementor-widget elementor-widget-icon-list\" data-id=\"e9a057f\" data-element_type=\"widget\" data-e-type=\"widget\" data-widget_type=\"icon-list.default\">\n\t\t\t\t\t\t\t<ul class=\"elementor-icon-list-items\">\n\t\t\t\t\t\t\t<li class=\"elementor-icon-list-item\">\n\t\t\t\t\t\t\t\t\t\t\t<span class=\"elementor-icon-list-icon\">\n\t\t\t\t\t\t\t<svg aria-hidden=\"true\" class=\"e-font-icon-svg e-fas-dot-circle\" viewBox=\"0 0 512 512\" xmlns=\"http:\/\/www.w3.org\/2000\/svg\"><path d=\"M256 8C119.033 8 8 119.033 8 256s111.033 248 248 248 248-111.033 248-248S392.967 8 256 8zm80 248c0 44.112-35.888 80-80 80s-80-35.888-80-80 35.888-80 80-80 80 35.888 80 80z\"><\/path><\/svg>\t\t\t\t\t\t<\/span>\n\t\t\t\t\t\t\t\t\t\t<span class=\"elementor-icon-list-text\">Disciplinas segmentadas por \u00e1reas da engenharia, cobrindo de forma aprofundada el\u00e9trica, hidr\u00e1ulica, climatiza\u00e7\u00e3o, arquitetura hospitalar, manuten\u00e7\u00e3o e seguran\u00e7a do trabalho<\/span>\n\t\t\t\t\t\t\t\t\t<\/li>\n\t\t\t\t\t\t\t\t<li class=\"elementor-icon-list-item\">\n\t\t\t\t\t\t\t\t\t\t\t<span class=\"elementor-icon-list-icon\">\n\t\t\t\t\t\t\t<svg aria-hidden=\"true\" class=\"e-font-icon-svg e-fas-dot-circle\" viewBox=\"0 0 512 512\" xmlns=\"http:\/\/www.w3.org\/2000\/svg\"><path d=\"M256 8C119.033 8 8 119.033 8 256s111.033 248 248 248 248-111.033 248-248S392.967 8 256 8zm80 248c0 44.112-35.888 80-80 80s-80-35.888-80-80 35.888-80 80-80 80 35.888 80 80z\"><\/path><\/svg>\t\t\t\t\t\t<\/span>\n\t\t\t\t\t\t\t\t\t\t<span class=\"elementor-icon-list-text\">Plataforma automatizada: notas em tempo real e +70 cursos complementares dispon\u00edveis<\/span>\n\t\t\t\t\t\t\t\t\t<\/li>\n\t\t\t\t\t\t\t\t<li class=\"elementor-icon-list-item\">\n\t\t\t\t\t\t\t\t\t\t\t<span class=\"elementor-icon-list-icon\">\n\t\t\t\t\t\t\t<svg aria-hidden=\"true\" class=\"e-font-icon-svg e-fas-dot-circle\" viewBox=\"0 0 512 512\" xmlns=\"http:\/\/www.w3.org\/2000\/svg\"><path d=\"M256 8C119.033 8 8 119.033 8 256s111.033 248 248 248 248-111.033 248-248S392.967 8 256 8zm80 248c0 44.112-35.888 80-80 80s-80-35.888-80-80 35.888-80 80-80 80 35.888 80 80z\"><\/path><\/svg>\t\t\t\t\t\t<\/span>\n\t\t\t\t\t\t\t\t\t\t<span class=\"elementor-icon-list-text\">Palestras e workshops com empresas l\u00edderes no setor da sa\u00fade e infraestrutura Curso registrado no MEC e cadastrado no CREA<\/span>\n\t\t\t\t\t\t\t\t\t<\/li>\n\t\t\t\t\t\t\t\t<li class=\"elementor-icon-list-item\">\n\t\t\t\t\t\t\t\t\t\t\t<span class=\"elementor-icon-list-icon\">\n\t\t\t\t\t\t\t<svg aria-hidden=\"true\" class=\"e-font-icon-svg e-fas-dot-circle\" viewBox=\"0 0 512 512\" xmlns=\"http:\/\/www.w3.org\/2000\/svg\"><path d=\"M256 8C119.033 8 8 119.033 8 256s111.033 248 248 248 248-111.033 248-248S392.967 8 256 8zm80 248c0 44.112-35.888 80-80 80s-80-35.888-80-80 35.888-80 80-80 80 35.888 80 80z\"><\/path><\/svg>\t\t\t\t\t\t<\/span>\n\t\t\t\t\t\t\t\t\t\t<span class=\"elementor-icon-list-text\">Corpo docente composto por 18 especialistas atuantes em hospitais, empresas de engenharia e associa\u00e7\u00f5es nacionais (ABDEH, ANVISA, CREA, NFPA)<\/span>\n\t\t\t\t\t\t\t\t\t<\/li>\n\t\t\t\t\t\t<\/ul>\n\t\t\t\t\t\t<\/div>\n\t\t\t\t<div class=\"elementor-element elementor-element-2a4fd2c elementor-align-justify elementor-mobile-align-center elementor-widget-mobile__width-inherit animated-slow elementor-widget__width-initial elementor-invisible elementor-widget elementor-widget-button\" data-id=\"2a4fd2c\" data-element_type=\"widget\" data-e-type=\"widget\" data-settings=\"{&quot;_animation&quot;:&quot;fadeIn&quot;}\" data-widget_type=\"button.default\">\n\t\t\t\t\t\t\t\t\t\t<a class=\"elementor-button elementor-button-link elementor-size-sm elementor-animation-grow\" href=\"https:\/\/drive.google.com\/file\/d\/1DBpINixNzRwy5E83A66RfsSWHcAOIe40\/view?usp=drive_link\">\n\t\t\t\t\t\t<span class=\"elementor-button-content-wrapper\">\n\t\t\t\t\t\t\t\t\t<span class=\"elementor-button-text\">Veja a ementa completa<\/span>\n\t\t\t\t\t<\/span>\n\t\t\t\t\t<\/a>\n\t\t\t\t\t\t\t\t<\/div>\n\t\t\t\t<\/div>\n\t\t<div class=\"elementor-element elementor-element-93caed9 e-con-full animated-slow e-flex elementor-invisible e-con e-child\" data-id=\"93caed9\" data-element_type=\"container\" data-e-type=\"container\" data-settings=\"{&quot;animation&quot;:&quot;fadeInRight&quot;}\">\n\t\t\t\t<div class=\"elementor-element elementor-element-1440b25 elementor-widget elementor-widget-image\" data-id=\"1440b25\" data-element_type=\"widget\" data-e-type=\"widget\" data-widget_type=\"image.default\">\n\t\t\t\t\t\t\t\t\t\t\t\t\t\t\t<img decoding=\"async\" width=\"800\" height=\"720\" src=\"https:\/\/arkmeds.com\/wp-content\/uploads\/2025\/06\/24c17413-b753-4df6-b33c-f2eb7380c8bc-copiar.webp\" class=\"attachment-large size-large wp-image-474\" alt=\"\" srcset=\"https:\/\/arkmeds.com\/wp-content\/uploads\/2025\/06\/24c17413-b753-4df6-b33c-f2eb7380c8bc-copiar.webp 1000w, https:\/\/arkmeds.com\/wp-content\/uploads\/2025\/06\/24c17413-b753-4df6-b33c-f2eb7380c8bc-copiar-300x270.webp 300w, https:\/\/arkmeds.com\/wp-content\/uploads\/2025\/06\/24c17413-b753-4df6-b33c-f2eb7380c8bc-copiar-768x691.webp 768w\" sizes=\"(max-width: 800px) 100vw, 800px\" \/>\t\t\t\t\t\t\t\t\t\t\t\t\t\t\t<\/div>\n\t\t\t\t<\/div>\n\t\t\t\t\t<\/div>\n\t\t\t\t<\/div>\n\t\t<div class=\"elementor-element elementor-element-830867a e-flex e-con-boxed e-con e-parent\" data-id=\"830867a\" data-element_type=\"container\" data-e-type=\"container\" data-settings=\"{&quot;background_background&quot;:&quot;gradient&quot;}\">\n\t\t\t\t\t<div class=\"e-con-inner\">\n\t\t<div class=\"elementor-element elementor-element-560202f e-con-full e-flex e-con e-child\" data-id=\"560202f\" data-element_type=\"container\" data-e-type=\"container\">\n\t\t\t\t<div class=\"elementor-element elementor-element-231f63e elementor-widget elementor-widget-heading\" data-id=\"231f63e\" data-element_type=\"widget\" data-e-type=\"widget\" data-widget_type=\"heading.default\">\n\t\t\t\t\t<h2 class=\"elementor-heading-title elementor-size-default\">Corpo  Docente:<\/h2>\t\t\t\t<\/div>\n\t\t\t\t<div class=\"elementor-element elementor-element-00c07ee elementor-widget elementor-widget-heading\" data-id=\"00c07ee\" data-element_type=\"widget\" data-e-type=\"widget\" data-widget_type=\"heading.default\">\n\t\t\t\t\t<h2 class=\"elementor-heading-title elementor-size-default\">Aproveite o conhecimento de quem \u00e9 lideran\u00e7a nas\nprincipais empresas de sa\u00fade do Brasil.<\/h2>\t\t\t\t<\/div>\n\t\t\t\t<\/div>\n\t\t<div class=\"elementor-element elementor-element-15c9b06 e-con-full animated-slow e-flex elementor-invisible e-con e-child\" data-id=\"15c9b06\" data-element_type=\"container\" data-e-type=\"container\" data-settings=\"{&quot;animation&quot;:&quot;fadeIn&quot;}\">\n\t\t<div class=\"elementor-element elementor-element-2b716a7 e-con-full e-flex e-con e-child\" data-id=\"2b716a7\" data-element_type=\"container\" data-e-type=\"container\" data-settings=\"{&quot;background_background&quot;:&quot;classic&quot;,&quot;animation_mobile&quot;:&quot;fadeInLeft&quot;}\">\n\t\t\t\t<div class=\"elementor-element elementor-element-b56b536 elementor-widget elementor-widget-n-accordion\" data-id=\"b56b536\" data-element_type=\"widget\" data-e-type=\"widget\" data-settings=\"{&quot;default_state&quot;:&quot;all_collapsed&quot;,&quot;max_items_expended&quot;:&quot;one&quot;,&quot;n_accordion_animation_duration&quot;:{&quot;unit&quot;:&quot;ms&quot;,&quot;size&quot;:400,&quot;sizes&quot;:[]}}\" data-widget_type=\"nested-accordion.default\">\n\t\t\t\t\t\t\t<div class=\"e-n-accordion\" aria-label=\"Accordion. Open links with Enter or Space, close with Escape, and navigate with Arrow Keys\">\n\t\t\t\t\t\t<details id=\"e-n-accordion-item-1900\" class=\"e-n-accordion-item\" >\n\t\t\t\t<summary class=\"e-n-accordion-item-title\" data-accordion-index=\"1\" tabindex=\"0\" aria-expanded=\"false\" aria-controls=\"e-n-accordion-item-1900\" >\n\t\t\t\t\t<span class='e-n-accordion-item-title-header'><div class=\"e-n-accordion-item-title-text\"> Alexandre Ferreli <\/div><\/span>\n\t\t\t\t\t\t\t<span class='e-n-accordion-item-title-icon'>\n\t\t\t<span class='e-opened' ><svg aria-hidden=\"true\" class=\"e-font-icon-svg e-fas-caret-down\" viewBox=\"0 0 320 512\" xmlns=\"http:\/\/www.w3.org\/2000\/svg\"><path d=\"M31.3 192h257.3c17.8 0 26.7 21.5 14.1 34.1L174.1 354.8c-7.8 7.8-20.5 7.8-28.3 0L17.2 226.1C4.6 213.5 13.5 192 31.3 192z\"><\/path><\/svg><\/span>\n\t\t\t<span class='e-closed'><svg aria-hidden=\"true\" class=\"e-font-icon-svg e-fas-caret-right\" viewBox=\"0 0 192 512\" xmlns=\"http:\/\/www.w3.org\/2000\/svg\"><path d=\"M0 384.662V127.338c0-17.818 21.543-26.741 34.142-14.142l128.662 128.662c7.81 7.81 7.81 20.474 0 28.284L34.142 398.804C21.543 411.404 0 402.48 0 384.662z\"><\/path><\/svg><\/span>\n\t\t<\/span>\n\n\t\t\t\t\t\t<\/summary>\n\t\t\t\t<div role=\"region\" aria-labelledby=\"e-n-accordion-item-1900\" class=\"elementor-element elementor-element-4c62686 e-con-full e-flex e-con e-child\" data-id=\"4c62686\" data-element_type=\"container\" data-e-type=\"container\" data-settings=\"{&quot;background_background&quot;:&quot;classic&quot;}\">\n\t\t<div role=\"region\" aria-labelledby=\"e-n-accordion-item-1900\" class=\"elementor-element elementor-element-4d63dd6 e-flex e-con-boxed e-con e-child\" data-id=\"4d63dd6\" data-element_type=\"container\" data-e-type=\"container\">\n\t\t\t\t\t<div class=\"e-con-inner\">\n\t\t\t\t<div class=\"elementor-element elementor-element-8a3dd51 elementor-widget elementor-widget-text-editor\" data-id=\"8a3dd51\" data-element_type=\"widget\" data-e-type=\"widget\" data-widget_type=\"text-editor.default\">\n\t\t\t\t\t\t\t\t\t<p>Alexandre Ferreli Souza \u00e9 graduado em Engenharia em Eletr\u00f4nica na Escola Polit\u00e9cnica da Universidade Federal do Rio de Janeiro (2000), obteve o t\u00edtulo de Mestre em Engenharia Biom\u00e9dica na COPPE\/UFRJ em 2003, MBA em Engenharia de Manuten\u00e7\u00e3o em 2004 (UFRJ), t\u00edtulo de especialista em Seguran\u00e7a do Trabalho em 2013 (UFRJ) e t\u00edtulo de especialista em Engenharia Cl\u00ednica em 2016 (HIAE). Atuou em companhias de equipamentos m\u00e9dicos e Engenharia Cl\u00ednica desde 1995, como engenheiro de campo, supervisor, coordenador, perito judicial e gerente. Publicou com mais 3 autores o livro \"Gest\u00e3o de manuten\u00e7\u00e3o em Servi\u00e7os de Sa\u00fade\" (2010). Atuou na Associa\u00e7\u00e3o Brasileira de Engenharia Cl\u00ednica, como Presidente na gest\u00e3o 2017\/2020. Prestou consultoria para v\u00e1rias empresas e \u00f3rg\u00e3os p\u00fablicos. Participou de v\u00e1rios grupos de trabalho no sistema CONFEA\/CREA sobre Engenharia Cl\u00ednica e fiscaliza\u00e7\u00e3o de hospitais. \u00c9 colaborador do IFMBE. Atua como Gerente Operacional na Staff Engenharia Cl\u00ednica e coordenador do curso de especializa\u00e7\u00e3o em Engenharia Cl\u00ednica no Instituto E-Health. No seu campo de interesse destacam-se seguran\u00e7a do paciente, aplica\u00e7\u00e3o de padr\u00f5es de Engenharia de Manuten\u00e7\u00e3o na \u00e1rea m\u00e9dico-hospitalar, otimiza\u00e7\u00e3o de processos em Engenharia Cl\u00ednica.<\/p>\t\t\t\t\t\t\t\t<\/div>\n\t\t\t\t\t<\/div>\n\t\t\t\t<\/div>\n\t\t\t\t<\/div>\n\t\t\t\t\t<\/details>\n\t\t\t\t\t\t<details id=\"e-n-accordion-item-1901\" class=\"e-n-accordion-item\" >\n\t\t\t\t<summary class=\"e-n-accordion-item-title\" data-accordion-index=\"2\" tabindex=\"-1\" aria-expanded=\"false\" aria-controls=\"e-n-accordion-item-1901\" >\n\t\t\t\t\t<span class='e-n-accordion-item-title-header'><div class=\"e-n-accordion-item-title-text\"> Bianca Viola <\/div><\/span>\n\t\t\t\t\t\t\t<span class='e-n-accordion-item-title-icon'>\n\t\t\t<span class='e-opened' ><svg aria-hidden=\"true\" class=\"e-font-icon-svg e-fas-caret-down\" viewBox=\"0 0 320 512\" xmlns=\"http:\/\/www.w3.org\/2000\/svg\"><path d=\"M31.3 192h257.3c17.8 0 26.7 21.5 14.1 34.1L174.1 354.8c-7.8 7.8-20.5 7.8-28.3 0L17.2 226.1C4.6 213.5 13.5 192 31.3 192z\"><\/path><\/svg><\/span>\n\t\t\t<span class='e-closed'><svg aria-hidden=\"true\" class=\"e-font-icon-svg e-fas-caret-right\" viewBox=\"0 0 192 512\" xmlns=\"http:\/\/www.w3.org\/2000\/svg\"><path d=\"M0 384.662V127.338c0-17.818 21.543-26.741 34.142-14.142l128.662 128.662c7.81 7.81 7.81 20.474 0 28.284L34.142 398.804C21.543 411.404 0 402.48 0 384.662z\"><\/path><\/svg><\/span>\n\t\t<\/span>\n\n\t\t\t\t\t\t<\/summary>\n\t\t\t\t<div role=\"region\" aria-labelledby=\"e-n-accordion-item-1901\" class=\"elementor-element elementor-element-35e3440 e-con-full e-flex e-con e-child\" data-id=\"35e3440\" data-element_type=\"container\" data-e-type=\"container\" data-settings=\"{&quot;background_background&quot;:&quot;classic&quot;}\">\n\t\t<div role=\"region\" aria-labelledby=\"e-n-accordion-item-1901\" class=\"elementor-element elementor-element-941376f e-flex e-con-boxed e-con e-child\" data-id=\"941376f\" data-element_type=\"container\" data-e-type=\"container\">\n\t\t\t\t\t<div class=\"e-con-inner\">\n\t\t\t\t<div class=\"elementor-element elementor-element-738fa9a elementor-widget elementor-widget-text-editor\" data-id=\"738fa9a\" data-element_type=\"widget\" data-e-type=\"widget\" data-widget_type=\"text-editor.default\">\n\t\t\t\t\t\t\t\t\t<p>Engenheira Civil com mais de 10 anos de experi\u00eancia na \u00e1rea de planejamento e controle de grandes constru\u00e7\u00f5es (somadas s\u00e3o mais 465mil m\u00b2). Com foco desde 2015 na constru\u00e7\u00e3o de hospitais, e a partir de 2020 atuando como Gestora de Engenharia Hospitalar, coordenando Eng. Predial e Cl\u00ednica. Experi\u00eancia de campo na \u00e1rea da constru\u00e7\u00e3o de edifica\u00e7\u00f5es, infraestrutura urbana, instala\u00e7\u00f5es prediais, planejamento de obras, gest\u00e3o de projetos, administra\u00e7\u00e3o p\u00fablica e licita\u00e7\u00f5es.<\/p>\t\t\t\t\t\t\t\t<\/div>\n\t\t\t\t\t<\/div>\n\t\t\t\t<\/div>\n\t\t\t\t<\/div>\n\t\t\t\t\t<\/details>\n\t\t\t\t\t\t<details id=\"e-n-accordion-item-1902\" class=\"e-n-accordion-item\" >\n\t\t\t\t<summary class=\"e-n-accordion-item-title\" data-accordion-index=\"3\" tabindex=\"-1\" aria-expanded=\"false\" aria-controls=\"e-n-accordion-item-1902\" >\n\t\t\t\t\t<span class='e-n-accordion-item-title-header'><div class=\"e-n-accordion-item-title-text\"> Celeste Maria de Freitas Fran\u00e7a <\/div><\/span>\n\t\t\t\t\t\t\t<span class='e-n-accordion-item-title-icon'>\n\t\t\t<span class='e-opened' ><svg aria-hidden=\"true\" class=\"e-font-icon-svg e-fas-caret-down\" viewBox=\"0 0 320 512\" xmlns=\"http:\/\/www.w3.org\/2000\/svg\"><path d=\"M31.3 192h257.3c17.8 0 26.7 21.5 14.1 34.1L174.1 354.8c-7.8 7.8-20.5 7.8-28.3 0L17.2 226.1C4.6 213.5 13.5 192 31.3 192z\"><\/path><\/svg><\/span>\n\t\t\t<span class='e-closed'><svg aria-hidden=\"true\" class=\"e-font-icon-svg e-fas-caret-right\" viewBox=\"0 0 192 512\" xmlns=\"http:\/\/www.w3.org\/2000\/svg\"><path d=\"M0 384.662V127.338c0-17.818 21.543-26.741 34.142-14.142l128.662 128.662c7.81 7.81 7.81 20.474 0 28.284L34.142 398.804C21.543 411.404 0 402.48 0 384.662z\"><\/path><\/svg><\/span>\n\t\t<\/span>\n\n\t\t\t\t\t\t<\/summary>\n\t\t\t\t<div role=\"region\" aria-labelledby=\"e-n-accordion-item-1902\" class=\"elementor-element elementor-element-1d4d306 e-con-full e-flex e-con e-child\" data-id=\"1d4d306\" data-element_type=\"container\" data-e-type=\"container\" data-settings=\"{&quot;background_background&quot;:&quot;classic&quot;}\">\n\t\t<div role=\"region\" aria-labelledby=\"e-n-accordion-item-1902\" class=\"elementor-element elementor-element-f69e8e6 e-flex e-con-boxed e-con e-child\" data-id=\"f69e8e6\" data-element_type=\"container\" data-e-type=\"container\">\n\t\t\t\t\t<div class=\"e-con-inner\">\n\t\t\t\t<div class=\"elementor-element elementor-element-a32efc9 elementor-widget elementor-widget-text-editor\" data-id=\"a32efc9\" data-element_type=\"widget\" data-e-type=\"widget\" data-widget_type=\"text-editor.default\">\n\t\t\t\t\t\t\t\t\t<p>Gradua\u00e7\u00e3o em Engenharia Qu\u00edmica pela UFRJ (1981), P\u00f3s Gradua\u00e7\u00e3o em Engenharia de Seguran\u00e7a do Trabalho UFRJ, Mestrado de Sistemas em Gest\u00e3o de Seguran\u00e7a do Trabalho UFF, Coordenadora T\u00e9cnica\/Docente na UCAM em P\u00f3s gradua\u00e7\u00e3o em Engenharia de Seguran\u00e7a do Trabalho, Auditoria em Gerenciamento de Res\u00edduos Industriais\/Infectantes\/Urbanos, Auditoria Ambiental\/Sistemas de Gest\u00e3o Ambiental\/Seguran\u00e7a e Consultoria\/Assessoria em Sistemas de Gest\u00e3o, experi\u00eancia na \u00e1rea de Engenharia Qu\u00edmica, com \u00eanfase em Engenharia de Processo.<\/p>\t\t\t\t\t\t\t\t<\/div>\n\t\t\t\t\t<\/div>\n\t\t\t\t<\/div>\n\t\t\t\t<\/div>\n\t\t\t\t\t<\/details>\n\t\t\t\t\t\t<details id=\"e-n-accordion-item-1903\" class=\"e-n-accordion-item\" >\n\t\t\t\t<summary class=\"e-n-accordion-item-title\" data-accordion-index=\"4\" tabindex=\"-1\" aria-expanded=\"false\" aria-controls=\"e-n-accordion-item-1903\" >\n\t\t\t\t\t<span class='e-n-accordion-item-title-header'><div class=\"e-n-accordion-item-title-text\"> Christiane Lacerda   <\/div><\/span>\n\t\t\t\t\t\t\t<span class='e-n-accordion-item-title-icon'>\n\t\t\t<span class='e-opened' ><svg aria-hidden=\"true\" class=\"e-font-icon-svg e-fas-caret-down\" viewBox=\"0 0 320 512\" xmlns=\"http:\/\/www.w3.org\/2000\/svg\"><path d=\"M31.3 192h257.3c17.8 0 26.7 21.5 14.1 34.1L174.1 354.8c-7.8 7.8-20.5 7.8-28.3 0L17.2 226.1C4.6 213.5 13.5 192 31.3 192z\"><\/path><\/svg><\/span>\n\t\t\t<span class='e-closed'><svg aria-hidden=\"true\" class=\"e-font-icon-svg e-fas-caret-right\" viewBox=\"0 0 192 512\" xmlns=\"http:\/\/www.w3.org\/2000\/svg\"><path d=\"M0 384.662V127.338c0-17.818 21.543-26.741 34.142-14.142l128.662 128.662c7.81 7.81 7.81 20.474 0 28.284L34.142 398.804C21.543 411.404 0 402.48 0 384.662z\"><\/path><\/svg><\/span>\n\t\t<\/span>\n\n\t\t\t\t\t\t<\/summary>\n\t\t\t\t<div role=\"region\" aria-labelledby=\"e-n-accordion-item-1903\" class=\"elementor-element elementor-element-e7ac8a3 e-con-full e-flex e-con e-child\" data-id=\"e7ac8a3\" data-element_type=\"container\" data-e-type=\"container\" data-settings=\"{&quot;background_background&quot;:&quot;classic&quot;}\">\n\t\t<div role=\"region\" aria-labelledby=\"e-n-accordion-item-1903\" class=\"elementor-element elementor-element-d904c44 e-flex e-con-boxed e-con e-child\" data-id=\"d904c44\" data-element_type=\"container\" data-e-type=\"container\">\n\t\t\t\t\t<div class=\"e-con-inner\">\n\t\t\t\t<div class=\"elementor-element elementor-element-99b2014 elementor-widget elementor-widget-text-editor\" data-id=\"99b2014\" data-element_type=\"widget\" data-e-type=\"widget\" data-widget_type=\"text-editor.default\">\n\t\t\t\t\t\t\t\t\t<p>Engenheira Qu\u00edmica(UFRJ); MBA em Gest\u00e3o Estrat\u00e9gica e Econ\u00f4mica de Neg\u00f3cios (FGV SP); Especialista em Qualidade do Ar e Polui\u00e7\u00e3o em Ambientes Internos (PECE\/USP); Especialista em Tratamento Qu\u00edmico de Sistemas de Resfriamento de \u00c1gua, com mais de 25 anos de experi\u00eancia; Especialista em tratamento qu\u00edmico e an\u00e1lises laboratoriais de \u00e1gua, ar e efluentes; Co-orientadora do Student Branch RJ e chair do Comit\u00ea de Diversidade da ASHRAE Brasil Chapter; Presidente do SINDRATAR RJ\u00a0 (Sindicato da Ind\u00fastria de Refrigera\u00e7\u00e3o, Aquecimento e Tratamento de Ar); Presidente da ABEMEC-RJ (Associa\u00e7\u00e3o Brasileira de Engenharia Mec\u00e2nica e Industrial); Diretora Executiva da GHS Brasil (www.ghsbrasil.com).<\/p>\t\t\t\t\t\t\t\t<\/div>\n\t\t\t\t\t<\/div>\n\t\t\t\t<\/div>\n\t\t\t\t<\/div>\n\t\t\t\t\t<\/details>\n\t\t\t\t\t\t<details id=\"e-n-accordion-item-1904\" class=\"e-n-accordion-item\" >\n\t\t\t\t<summary class=\"e-n-accordion-item-title\" data-accordion-index=\"5\" tabindex=\"-1\" aria-expanded=\"false\" aria-controls=\"e-n-accordion-item-1904\" >\n\t\t\t\t\t<span class='e-n-accordion-item-title-header'><div class=\"e-n-accordion-item-title-text\"> Douglas Cury <\/div><\/span>\n\t\t\t\t\t\t\t<span class='e-n-accordion-item-title-icon'>\n\t\t\t<span class='e-opened' ><svg aria-hidden=\"true\" class=\"e-font-icon-svg e-fas-caret-down\" viewBox=\"0 0 320 512\" xmlns=\"http:\/\/www.w3.org\/2000\/svg\"><path d=\"M31.3 192h257.3c17.8 0 26.7 21.5 14.1 34.1L174.1 354.8c-7.8 7.8-20.5 7.8-28.3 0L17.2 226.1C4.6 213.5 13.5 192 31.3 192z\"><\/path><\/svg><\/span>\n\t\t\t<span class='e-closed'><svg aria-hidden=\"true\" class=\"e-font-icon-svg e-fas-caret-right\" viewBox=\"0 0 192 512\" xmlns=\"http:\/\/www.w3.org\/2000\/svg\"><path d=\"M0 384.662V127.338c0-17.818 21.543-26.741 34.142-14.142l128.662 128.662c7.81 7.81 7.81 20.474 0 28.284L34.142 398.804C21.543 411.404 0 402.48 0 384.662z\"><\/path><\/svg><\/span>\n\t\t<\/span>\n\n\t\t\t\t\t\t<\/summary>\n\t\t\t\t<div role=\"region\" aria-labelledby=\"e-n-accordion-item-1904\" class=\"elementor-element elementor-element-9acc1a3 e-con-full e-flex e-con e-child\" data-id=\"9acc1a3\" data-element_type=\"container\" data-e-type=\"container\" data-settings=\"{&quot;background_background&quot;:&quot;classic&quot;}\">\n\t\t<div role=\"region\" aria-labelledby=\"e-n-accordion-item-1904\" class=\"elementor-element elementor-element-096a7b1 e-flex e-con-boxed e-con e-child\" data-id=\"096a7b1\" data-element_type=\"container\" data-e-type=\"container\">\n\t\t\t\t\t<div class=\"e-con-inner\">\n\t\t\t\t<div class=\"elementor-element elementor-element-dc5aae9 elementor-widget elementor-widget-text-editor\" data-id=\"dc5aae9\" data-element_type=\"widget\" data-e-type=\"widget\" data-widget_type=\"text-editor.default\">\n\t\t\t\t\t\t\t\t\t<p>Formado em Engenharia Industrial- El\u00e9trica pela universidade Santa Cecilia em Santos-SP. P\u00f3s gradua\u00e7\u00e3o em administra\u00e7\u00e3o de empresas, Latu Sensu. Fundador e Diretor T\u00e9cnico da Grau Engenharia de Instala\u00e7\u00f5es, empresa especializada em projetos de instala\u00e7\u00f5es\u00a0 hospitalares, el\u00e9trica , hidr\u00e1ulica, ar condicionado, desde outubro de 1992. Membro da ABDEH , Associa\u00e7\u00e3o Brasileira para o Desenvolvimento do Edif\u00edcio Hospitalar onde atua como palestrante ministrando cursos de instala\u00e7\u00f5es em todas capitais do\u00a0 Brasil para arquitetos, engenheiros equipes de manuten\u00e7\u00e3o e membros da Anvisa. Ministrou curso de instala\u00e7\u00f5es hospitalares em diversos hospitais de S\u00e3o Paulo para equipes de manuten\u00e7\u00e3o. Participou como convidado palestrante nos f\u00f3runs da ABEClin, Tecsaude, IPH, IBAPE, ABDEH.<\/p>\t\t\t\t\t\t\t\t<\/div>\n\t\t\t\t\t<\/div>\n\t\t\t\t<\/div>\n\t\t\t\t<\/div>\n\t\t\t\t\t<\/details>\n\t\t\t\t\t\t<details id=\"e-n-accordion-item-1905\" class=\"e-n-accordion-item\" >\n\t\t\t\t<summary class=\"e-n-accordion-item-title\" data-accordion-index=\"6\" tabindex=\"-1\" aria-expanded=\"false\" aria-controls=\"e-n-accordion-item-1905\" >\n\t\t\t\t\t<span class='e-n-accordion-item-title-header'><div class=\"e-n-accordion-item-title-text\"> D\u00f3ris Vilas Boas  <\/div><\/span>\n\t\t\t\t\t\t\t<span class='e-n-accordion-item-title-icon'>\n\t\t\t<span class='e-opened' ><svg aria-hidden=\"true\" class=\"e-font-icon-svg e-fas-caret-down\" viewBox=\"0 0 320 512\" xmlns=\"http:\/\/www.w3.org\/2000\/svg\"><path d=\"M31.3 192h257.3c17.8 0 26.7 21.5 14.1 34.1L174.1 354.8c-7.8 7.8-20.5 7.8-28.3 0L17.2 226.1C4.6 213.5 13.5 192 31.3 192z\"><\/path><\/svg><\/span>\n\t\t\t<span class='e-closed'><svg aria-hidden=\"true\" class=\"e-font-icon-svg e-fas-caret-right\" viewBox=\"0 0 192 512\" xmlns=\"http:\/\/www.w3.org\/2000\/svg\"><path d=\"M0 384.662V127.338c0-17.818 21.543-26.741 34.142-14.142l128.662 128.662c7.81 7.81 7.81 20.474 0 28.284L34.142 398.804C21.543 411.404 0 402.48 0 384.662z\"><\/path><\/svg><\/span>\n\t\t<\/span>\n\n\t\t\t\t\t\t<\/summary>\n\t\t\t\t<div role=\"region\" aria-labelledby=\"e-n-accordion-item-1905\" class=\"elementor-element elementor-element-058d505 e-con-full e-flex e-con e-child\" data-id=\"058d505\" data-element_type=\"container\" data-e-type=\"container\" data-settings=\"{&quot;background_background&quot;:&quot;classic&quot;}\">\n\t\t<div role=\"region\" aria-labelledby=\"e-n-accordion-item-1905\" class=\"elementor-element elementor-element-a72e798 e-flex e-con-boxed e-con e-child\" data-id=\"a72e798\" data-element_type=\"container\" data-e-type=\"container\">\n\t\t\t\t\t<div class=\"e-con-inner\">\n\t\t\t\t<div class=\"elementor-element elementor-element-a6e73fc elementor-widget elementor-widget-text-editor\" data-id=\"a6e73fc\" data-element_type=\"widget\" data-e-type=\"widget\" data-widget_type=\"text-editor.default\">\n\t\t\t\t\t\t\t\t\t<p>Arquiteta e urbanista graduada pela Universidade Federal da Bahia (UFBA) e pela Universidade Polit\u00e9cnica de Valencia (UPV) \u2013 Espanha. Especialista em sistemas de Sa\u00fade pela UFBA. Professora dos cursos de \u201cArquitetura de Hospitais, Cl\u00ednicas e Laborat\u00f3rios\" promovido pela AEA Educa\u00e7\u00e3o Continuada e pelo Imbec, dos cursos de extens\u00e3o em Arquitetura de Estabelecimentos de Sa\u00fade realizado pela Faculdade de Arquitetura da UFBA. Desenvolve pesquisas nas \u00e1reas de Sustentabilidade e Tecnologias limpas para Estabelecimentos Assistenciais de Sa\u00fade (EAS), Humaniza\u00e7\u00e3o em EAS e Arquitetura Baseada em Evid\u00eancias. Diretora da Regional Bahia da ABDEH -2014\/2017. Vice Presidente\/Marketing Diretoria Nacional da ABDEH (Associa\u00e7\u00e3o Brasileira para o Desenvolvimento do Edif\u00edcio Hospitalar)2017\/2020. Presidente do VII Congresso Brasileiro para o Desenvolvimento do Edif\u00edcio Hospitalar. Membro da Rede Conex\u00e3o Projetos. S\u00f3cia propriet\u00e1ria do Escrit\u00f3rio Vilas-Boas Arquitetura que atua principalmente nas \u00e1reas de Planejamento em sa\u00fade, Arquitetura Hospitalar, Educacional e Religiosa. \u00a0\u00a0<\/p>\t\t\t\t\t\t\t\t<\/div>\n\t\t\t\t\t<\/div>\n\t\t\t\t<\/div>\n\t\t\t\t<\/div>\n\t\t\t\t\t<\/details>\n\t\t\t\t\t\t<details id=\"e-n-accordion-item-1906\" class=\"e-n-accordion-item\" >\n\t\t\t\t<summary class=\"e-n-accordion-item-title\" data-accordion-index=\"7\" tabindex=\"-1\" aria-expanded=\"false\" aria-controls=\"e-n-accordion-item-1906\" >\n\t\t\t\t\t<span class='e-n-accordion-item-title-header'><div class=\"e-n-accordion-item-title-text\">  Elizangela Tavares <\/div><\/span>\n\t\t\t\t\t\t\t<span class='e-n-accordion-item-title-icon'>\n\t\t\t<span class='e-opened' ><svg aria-hidden=\"true\" class=\"e-font-icon-svg e-fas-caret-down\" viewBox=\"0 0 320 512\" xmlns=\"http:\/\/www.w3.org\/2000\/svg\"><path d=\"M31.3 192h257.3c17.8 0 26.7 21.5 14.1 34.1L174.1 354.8c-7.8 7.8-20.5 7.8-28.3 0L17.2 226.1C4.6 213.5 13.5 192 31.3 192z\"><\/path><\/svg><\/span>\n\t\t\t<span class='e-closed'><svg aria-hidden=\"true\" class=\"e-font-icon-svg e-fas-caret-right\" viewBox=\"0 0 192 512\" xmlns=\"http:\/\/www.w3.org\/2000\/svg\"><path d=\"M0 384.662V127.338c0-17.818 21.543-26.741 34.142-14.142l128.662 128.662c7.81 7.81 7.81 20.474 0 28.284L34.142 398.804C21.543 411.404 0 402.48 0 384.662z\"><\/path><\/svg><\/span>\n\t\t<\/span>\n\n\t\t\t\t\t\t<\/summary>\n\t\t\t\t<div role=\"region\" aria-labelledby=\"e-n-accordion-item-1906\" class=\"elementor-element elementor-element-1bcfb85 e-con-full e-flex e-con e-child\" data-id=\"1bcfb85\" data-element_type=\"container\" data-e-type=\"container\" data-settings=\"{&quot;background_background&quot;:&quot;classic&quot;}\">\n\t\t<div role=\"region\" aria-labelledby=\"e-n-accordion-item-1906\" class=\"elementor-element elementor-element-6798d84 e-flex e-con-boxed e-con e-child\" data-id=\"6798d84\" data-element_type=\"container\" data-e-type=\"container\">\n\t\t\t\t\t<div class=\"e-con-inner\">\n\t\t\t\t<div class=\"elementor-element elementor-element-ad4277a elementor-widget elementor-widget-text-editor\" data-id=\"ad4277a\" data-element_type=\"widget\" data-e-type=\"widget\" data-widget_type=\"text-editor.default\">\n\t\t\t\t\t\t\t\t\t<p>P\u00f3s Graduada em Engenharia De Seguran\u00e7a do Trabalho pela UFRJ (Atuando na \u00e1rea de Sa\u00fade, desde 2003, entre Hospitais, laborat\u00f3rios e cl\u00ednicas).Graduada em Engenharia Civil pelo Centro Universit\u00e1rio Augusto Motta. Fez parte do quadro de Engenheiros OTT 2010 do Minist\u00e9rio da Defesa &#8211; Ex\u00e9rcito Brasileiro. Gerente da empresa ETS Seguran\u00e7a do Trabalho Ltda.Consultora em Engenharia de Seguran\u00e7a do Trabalho. Respons\u00e1vel pela Engenharia de Seguran\u00e7a do Trabalho do Hospital da Unimed Rio desde 2012.\u00a0\u00a0\u00a0<\/p>\t\t\t\t\t\t\t\t<\/div>\n\t\t\t\t\t<\/div>\n\t\t\t\t<\/div>\n\t\t\t\t<\/div>\n\t\t\t\t\t<\/details>\n\t\t\t\t\t<\/div>\n\t\t\t\t\t\t<\/div>\n\t\t\t\t<\/div>\n\t\t<div class=\"elementor-element elementor-element-75d5340 e-con-full e-flex e-con e-child\" data-id=\"75d5340\" data-element_type=\"container\" data-e-type=\"container\" data-settings=\"{&quot;background_background&quot;:&quot;classic&quot;,&quot;animation_mobile&quot;:&quot;fadeInLeft&quot;}\">\n\t\t\t\t<div class=\"elementor-element elementor-element-964b3e7 elementor-widget elementor-widget-n-accordion\" data-id=\"964b3e7\" data-element_type=\"widget\" data-e-type=\"widget\" data-settings=\"{&quot;default_state&quot;:&quot;all_collapsed&quot;,&quot;max_items_expended&quot;:&quot;one&quot;,&quot;n_accordion_animation_duration&quot;:{&quot;unit&quot;:&quot;ms&quot;,&quot;size&quot;:400,&quot;sizes&quot;:[]}}\" data-widget_type=\"nested-accordion.default\">\n\t\t\t\t\t\t\t<div class=\"e-n-accordion\" aria-label=\"Accordion. Open links with Enter or Space, close with Escape, and navigate with Arrow Keys\">\n\t\t\t\t\t\t<details id=\"e-n-accordion-item-1570\" class=\"e-n-accordion-item\" >\n\t\t\t\t<summary class=\"e-n-accordion-item-title\" data-accordion-index=\"1\" tabindex=\"0\" aria-expanded=\"false\" aria-controls=\"e-n-accordion-item-1570\" >\n\t\t\t\t\t<span class='e-n-accordion-item-title-header'><div class=\"e-n-accordion-item-title-text\"> Fernando Meira <\/div><\/span>\n\t\t\t\t\t\t\t<span class='e-n-accordion-item-title-icon'>\n\t\t\t<span class='e-opened' ><svg aria-hidden=\"true\" class=\"e-font-icon-svg e-fas-caret-down\" viewBox=\"0 0 320 512\" xmlns=\"http:\/\/www.w3.org\/2000\/svg\"><path d=\"M31.3 192h257.3c17.8 0 26.7 21.5 14.1 34.1L174.1 354.8c-7.8 7.8-20.5 7.8-28.3 0L17.2 226.1C4.6 213.5 13.5 192 31.3 192z\"><\/path><\/svg><\/span>\n\t\t\t<span class='e-closed'><svg aria-hidden=\"true\" class=\"e-font-icon-svg e-fas-caret-right\" viewBox=\"0 0 192 512\" xmlns=\"http:\/\/www.w3.org\/2000\/svg\"><path d=\"M0 384.662V127.338c0-17.818 21.543-26.741 34.142-14.142l128.662 128.662c7.81 7.81 7.81 20.474 0 28.284L34.142 398.804C21.543 411.404 0 402.48 0 384.662z\"><\/path><\/svg><\/span>\n\t\t<\/span>\n\n\t\t\t\t\t\t<\/summary>\n\t\t\t\t<div role=\"region\" aria-labelledby=\"e-n-accordion-item-1570\" class=\"elementor-element elementor-element-865b1ec e-con-full e-flex e-con e-child\" data-id=\"865b1ec\" data-element_type=\"container\" data-e-type=\"container\" data-settings=\"{&quot;background_background&quot;:&quot;classic&quot;}\">\n\t\t<div role=\"region\" aria-labelledby=\"e-n-accordion-item-1570\" class=\"elementor-element elementor-element-e9071df e-flex e-con-boxed e-con e-child\" data-id=\"e9071df\" data-element_type=\"container\" data-e-type=\"container\">\n\t\t\t\t\t<div class=\"e-con-inner\">\n\t\t\t\t<div class=\"elementor-element elementor-element-40caac5 elementor-widget elementor-widget-text-editor\" data-id=\"40caac5\" data-element_type=\"widget\" data-e-type=\"widget\" data-widget_type=\"text-editor.default\">\n\t\t\t\t\t\t\t\t\t<p>Graduado em Engenharia Mec\u00e2nica pela Pontif\u00edcia Universidade Cat\u00f3lica do RS (1984); especializa\u00e7\u00e3o em projetos de tratamentos de efluentes s\u00f3lidos l\u00edquidos e gasosos pela PUC-RS;\u00a0 p\u00f3s-graduado no Mestrado de Mec\u00e2nica de Flu\u00eddos da UFRGS; \u00c9 cofundador e CKO da Rede Brasileira de Engenharia Cl\u00ednica e Hospitalar &#8211; EngeHosp; \u00c9 cofundador e CEO da empresa de dispositivos IoT para a \u00e1rea da sa\u00fade DataSensors; \u00c9 cofundador e CTO da empresa DataClin; Foi vice-Presidente da ABEClin nas gest\u00f5es de 2012 a 2017; Foi professor universit\u00e1rio nas Faculdades Fadergs e UniLasalle; \u00c9 professor universit\u00e1rio na Facesc no Curso de Gest\u00e3o Hospitalar;<\/p>\t\t\t\t\t\t\t\t<\/div>\n\t\t\t\t\t<\/div>\n\t\t\t\t<\/div>\n\t\t\t\t<\/div>\n\t\t\t\t\t<\/details>\n\t\t\t\t\t\t<details id=\"e-n-accordion-item-1571\" class=\"e-n-accordion-item\" >\n\t\t\t\t<summary class=\"e-n-accordion-item-title\" data-accordion-index=\"2\" tabindex=\"-1\" aria-expanded=\"false\" aria-controls=\"e-n-accordion-item-1571\" >\n\t\t\t\t\t<span class='e-n-accordion-item-title-header'><div class=\"e-n-accordion-item-title-text\">  Leandro Amatti dos Santos <\/div><\/span>\n\t\t\t\t\t\t\t<span class='e-n-accordion-item-title-icon'>\n\t\t\t<span class='e-opened' ><svg aria-hidden=\"true\" class=\"e-font-icon-svg e-fas-caret-down\" viewBox=\"0 0 320 512\" xmlns=\"http:\/\/www.w3.org\/2000\/svg\"><path d=\"M31.3 192h257.3c17.8 0 26.7 21.5 14.1 34.1L174.1 354.8c-7.8 7.8-20.5 7.8-28.3 0L17.2 226.1C4.6 213.5 13.5 192 31.3 192z\"><\/path><\/svg><\/span>\n\t\t\t<span class='e-closed'><svg aria-hidden=\"true\" class=\"e-font-icon-svg e-fas-caret-right\" viewBox=\"0 0 192 512\" xmlns=\"http:\/\/www.w3.org\/2000\/svg\"><path d=\"M0 384.662V127.338c0-17.818 21.543-26.741 34.142-14.142l128.662 128.662c7.81 7.81 7.81 20.474 0 28.284L34.142 398.804C21.543 411.404 0 402.48 0 384.662z\"><\/path><\/svg><\/span>\n\t\t<\/span>\n\n\t\t\t\t\t\t<\/summary>\n\t\t\t\t<div role=\"region\" aria-labelledby=\"e-n-accordion-item-1571\" class=\"elementor-element elementor-element-72ea0bb e-con-full e-flex e-con e-child\" data-id=\"72ea0bb\" data-element_type=\"container\" data-e-type=\"container\" data-settings=\"{&quot;background_background&quot;:&quot;classic&quot;}\">\n\t\t<div role=\"region\" aria-labelledby=\"e-n-accordion-item-1571\" class=\"elementor-element elementor-element-44cb30e e-flex e-con-boxed e-con e-child\" data-id=\"44cb30e\" data-element_type=\"container\" data-e-type=\"container\">\n\t\t\t\t\t<div class=\"e-con-inner\">\n\t\t\t\t<div class=\"elementor-element elementor-element-204b302 elementor-widget elementor-widget-text-editor\" data-id=\"204b302\" data-element_type=\"widget\" data-e-type=\"widget\" data-widget_type=\"text-editor.default\">\n\t\t\t\t\t\t\t\t\t<p>Engenheiro Eletricista especialista em Qualidade de Energia em ambientes Hospitalares e Laboratoriais, com mais de 25 anos de experi\u00eancia. P\u00f3s-graduado em Efici\u00eancia Energ\u00e9tica pela PECE-USP, P\u00f3s em Constru\u00e7\u00e3o Sustent\u00e1vel, pelo Inbec &#8211; GBCBrasil e P\u00f3s pelo programa Tecnol\u00f3gico Brasil-Alemanha\u00a0 \u201cEUREM\u201d &#8211; Europa Energy Manager, com Certifica\u00e7\u00e3o Internacional em Efici\u00eancia Energ\u00e9tica, Energias Renov\u00e1veis e Cr\u00e9ditos de Carbono. Professor, palestrante do tema \u201c Qualidade de Energia El\u00e9trica \u201c e Instrutor do Curso de Qualidade de Energia El\u00e9trica\u201d. Atualmente CEO do Grupo Amatti Engenharia e Maxxima Power Quality.<\/p>\t\t\t\t\t\t\t\t<\/div>\n\t\t\t\t\t<\/div>\n\t\t\t\t<\/div>\n\t\t\t\t<\/div>\n\t\t\t\t\t<\/details>\n\t\t\t\t\t\t<details id=\"e-n-accordion-item-1572\" class=\"e-n-accordion-item\" >\n\t\t\t\t<summary class=\"e-n-accordion-item-title\" data-accordion-index=\"3\" tabindex=\"-1\" aria-expanded=\"false\" aria-controls=\"e-n-accordion-item-1572\" >\n\t\t\t\t\t<span class='e-n-accordion-item-title-header'><div class=\"e-n-accordion-item-title-text\"> Maira F\u00e1tima de Oliveira Nobre <\/div><\/span>\n\t\t\t\t\t\t\t<span class='e-n-accordion-item-title-icon'>\n\t\t\t<span class='e-opened' ><svg aria-hidden=\"true\" class=\"e-font-icon-svg e-fas-caret-down\" viewBox=\"0 0 320 512\" xmlns=\"http:\/\/www.w3.org\/2000\/svg\"><path d=\"M31.3 192h257.3c17.8 0 26.7 21.5 14.1 34.1L174.1 354.8c-7.8 7.8-20.5 7.8-28.3 0L17.2 226.1C4.6 213.5 13.5 192 31.3 192z\"><\/path><\/svg><\/span>\n\t\t\t<span class='e-closed'><svg aria-hidden=\"true\" class=\"e-font-icon-svg e-fas-caret-right\" viewBox=\"0 0 192 512\" xmlns=\"http:\/\/www.w3.org\/2000\/svg\"><path d=\"M0 384.662V127.338c0-17.818 21.543-26.741 34.142-14.142l128.662 128.662c7.81 7.81 7.81 20.474 0 28.284L34.142 398.804C21.543 411.404 0 402.48 0 384.662z\"><\/path><\/svg><\/span>\n\t\t<\/span>\n\n\t\t\t\t\t\t<\/summary>\n\t\t\t\t<div role=\"region\" aria-labelledby=\"e-n-accordion-item-1572\" class=\"elementor-element elementor-element-3c80a8b e-con-full e-flex e-con e-child\" data-id=\"3c80a8b\" data-element_type=\"container\" data-e-type=\"container\" data-settings=\"{&quot;background_background&quot;:&quot;classic&quot;}\">\n\t\t<div role=\"region\" aria-labelledby=\"e-n-accordion-item-1572\" class=\"elementor-element elementor-element-0ceff42 e-flex e-con-boxed e-con e-child\" data-id=\"0ceff42\" data-element_type=\"container\" data-e-type=\"container\">\n\t\t\t\t\t<div class=\"e-con-inner\">\n\t\t\t\t<div class=\"elementor-element elementor-element-cdb7abf elementor-widget elementor-widget-text-editor\" data-id=\"cdb7abf\" data-element_type=\"widget\" data-e-type=\"widget\" data-widget_type=\"text-editor.default\">\n\t\t\t\t\t\t\t\t\t<p>Possui gradua\u00e7\u00e3o e licenciatura plena em Letras &#8211; Portugu\u00eas-Literaturas pela Universidade Federal do Rio de Janeiro (1985); mestrado em Letras (Ci\u00eancia da Literatura) pela Universidade Federal do Rio de Janeiro (1995); doutorado em Hist\u00f3ria das Ci\u00eancias, das T\u00e9cnicas e Epistemologias pelo HCTE\/UFRJ (2014). Com p\u00f3s-doutorado no Programa Avan\u00e7ado de Cultura Contempor\u00e2nea (PACC) da UFRJ (2019). Foi pesquisadora na Academia Brasileira de Ci\u00eancias tendo trabalhado nos Projetos Ecologia e Biodiversidade, Microgravidade Zero e Mem\u00f3ria Cient\u00edfica (1995-2005). Pesquisadora do Grupo de Pesquisa Hist\u00f3ria das Ci\u00eancias e das T\u00e9cnicas no Brasil da Universidade Federal do Rio de Janeiro (2015-2017). Pesquisadora no grupo de pesquisa Perspectivas Filos\u00f3ficas em Informa\u00e7\u00e3o (Perfil-i), do Instituto Brasileiro de Informa\u00e7\u00f5es em Ci\u00eancia e Tecnologia (2020). Estreia na produ\u00e7\u00e3o liter\u00e1ria com a publica\u00e7\u00e3o impressa do conto Desola\u00e7\u00e3o Corn\u00edfera classificado entre os 68 melhores Contos da Quarentena, concurso realizado pela TV247 em que houve 1.827 textos inscritos (2020).Autora do livro Tempos de 2016: Fascismo na Era da P\u00f3s-Verdade no prelo. Professora de Portugu\u00eas e Metodologia Cient\u00edfica do Instituto E-Classe e da Escola Polit\u00e9cnica (UFRJ). Atualmente, elaborando o Manual de Gram\u00e1tica e Metodologia Cient\u00edfica (2021).<\/p>\t\t\t\t\t\t\t\t<\/div>\n\t\t\t\t\t<\/div>\n\t\t\t\t<\/div>\n\t\t\t\t<\/div>\n\t\t\t\t\t<\/details>\n\t\t\t\t\t\t<details id=\"e-n-accordion-item-1573\" class=\"e-n-accordion-item\" >\n\t\t\t\t<summary class=\"e-n-accordion-item-title\" data-accordion-index=\"4\" tabindex=\"-1\" aria-expanded=\"false\" aria-controls=\"e-n-accordion-item-1573\" >\n\t\t\t\t\t<span class='e-n-accordion-item-title-header'><div class=\"e-n-accordion-item-title-text\"> Marcos Kahn <\/div><\/span>\n\t\t\t\t\t\t\t<span class='e-n-accordion-item-title-icon'>\n\t\t\t<span class='e-opened' ><svg aria-hidden=\"true\" class=\"e-font-icon-svg e-fas-caret-down\" viewBox=\"0 0 320 512\" xmlns=\"http:\/\/www.w3.org\/2000\/svg\"><path d=\"M31.3 192h257.3c17.8 0 26.7 21.5 14.1 34.1L174.1 354.8c-7.8 7.8-20.5 7.8-28.3 0L17.2 226.1C4.6 213.5 13.5 192 31.3 192z\"><\/path><\/svg><\/span>\n\t\t\t<span class='e-closed'><svg aria-hidden=\"true\" class=\"e-font-icon-svg e-fas-caret-right\" viewBox=\"0 0 192 512\" xmlns=\"http:\/\/www.w3.org\/2000\/svg\"><path d=\"M0 384.662V127.338c0-17.818 21.543-26.741 34.142-14.142l128.662 128.662c7.81 7.81 7.81 20.474 0 28.284L34.142 398.804C21.543 411.404 0 402.48 0 384.662z\"><\/path><\/svg><\/span>\n\t\t<\/span>\n\n\t\t\t\t\t\t<\/summary>\n\t\t\t\t<div role=\"region\" aria-labelledby=\"e-n-accordion-item-1573\" class=\"elementor-element elementor-element-8947569 e-con-full e-flex e-con e-child\" data-id=\"8947569\" data-element_type=\"container\" data-e-type=\"container\" data-settings=\"{&quot;background_background&quot;:&quot;classic&quot;}\">\n\t\t<div role=\"region\" aria-labelledby=\"e-n-accordion-item-1573\" class=\"elementor-element elementor-element-c6e9bf0 e-flex e-con-boxed e-con e-child\" data-id=\"c6e9bf0\" data-element_type=\"container\" data-e-type=\"container\">\n\t\t\t\t\t<div class=\"e-con-inner\">\n\t\t\t\t<div class=\"elementor-element elementor-element-2c36ecc elementor-widget elementor-widget-text-editor\" data-id=\"2c36ecc\" data-element_type=\"widget\" data-e-type=\"widget\" data-widget_type=\"text-editor.default\">\n\t\t\t\t\t\t\t\t\t<p>\u00c9 engenheiro eletricista com p\u00f3s-gradua\u00e7\u00e3o em seguran\u00e7a do trabalho. Especialista em engenharia de seguran\u00e7a contra inc\u00eandio. Consultor e projetista de grandes hospitais, laborat\u00f3rios e de renomadas empresas nacionais e multinacionais. Autor do \u2018Manual de Seguran\u00e7a Contra Inc\u00eandio em Estabelecimentos Assistenciais de Sa\u00fade\u2019 da OPAS \/ ANVISA (2014). Membro da Health Care Section da National Fire Protection Association (NFPA) desde 1998. Membro de diversos comit\u00eas de normaliza\u00e7\u00e3o da ABNT. Professor do curso de p\u00f3s- gradua\u00e7\u00e3o em Arquitetura Hospitalar do IEP Albert Einstein. \u00c9 membro fundador e palestrante da ABPP &#8211; Associa\u00e7\u00e3o Brasileira de Prote\u00e7\u00e3o Passiva. \u00c9 tamb\u00e9m membro fundador, palestrante e integrante do Comit\u00ea T\u00e9cnico Institucional da ABDEH &#8211; Associa\u00e7\u00e3o Brasileira para o Desenvolvimento do Edif\u00edcio Hospitalar e Diretor T\u00e9cnico da KB Engenharia.<\/p>\t\t\t\t\t\t\t\t<\/div>\n\t\t\t\t\t<\/div>\n\t\t\t\t<\/div>\n\t\t\t\t<\/div>\n\t\t\t\t\t<\/details>\n\t\t\t\t\t\t<details id=\"e-n-accordion-item-1574\" class=\"e-n-accordion-item\" >\n\t\t\t\t<summary class=\"e-n-accordion-item-title\" data-accordion-index=\"5\" tabindex=\"-1\" aria-expanded=\"false\" aria-controls=\"e-n-accordion-item-1574\" >\n\t\t\t\t\t<span class='e-n-accordion-item-title-header'><div class=\"e-n-accordion-item-title-text\">  Olivia Gomes Machado <\/div><\/span>\n\t\t\t\t\t\t\t<span class='e-n-accordion-item-title-icon'>\n\t\t\t<span class='e-opened' ><svg aria-hidden=\"true\" class=\"e-font-icon-svg e-fas-caret-down\" viewBox=\"0 0 320 512\" xmlns=\"http:\/\/www.w3.org\/2000\/svg\"><path d=\"M31.3 192h257.3c17.8 0 26.7 21.5 14.1 34.1L174.1 354.8c-7.8 7.8-20.5 7.8-28.3 0L17.2 226.1C4.6 213.5 13.5 192 31.3 192z\"><\/path><\/svg><\/span>\n\t\t\t<span class='e-closed'><svg aria-hidden=\"true\" class=\"e-font-icon-svg e-fas-caret-right\" viewBox=\"0 0 192 512\" xmlns=\"http:\/\/www.w3.org\/2000\/svg\"><path d=\"M0 384.662V127.338c0-17.818 21.543-26.741 34.142-14.142l128.662 128.662c7.81 7.81 7.81 20.474 0 28.284L34.142 398.804C21.543 411.404 0 402.48 0 384.662z\"><\/path><\/svg><\/span>\n\t\t<\/span>\n\n\t\t\t\t\t\t<\/summary>\n\t\t\t\t<div role=\"region\" aria-labelledby=\"e-n-accordion-item-1574\" class=\"elementor-element elementor-element-c6ded05 e-con-full e-flex e-con e-child\" data-id=\"c6ded05\" data-element_type=\"container\" data-e-type=\"container\" data-settings=\"{&quot;background_background&quot;:&quot;classic&quot;}\">\n\t\t<div role=\"region\" aria-labelledby=\"e-n-accordion-item-1574\" class=\"elementor-element elementor-element-7319713 e-flex e-con-boxed e-con e-child\" data-id=\"7319713\" data-element_type=\"container\" data-e-type=\"container\">\n\t\t\t\t\t<div class=\"e-con-inner\">\n\t\t\t\t<div class=\"elementor-element elementor-element-fcbb3e9 elementor-widget elementor-widget-text-editor\" data-id=\"fcbb3e9\" data-element_type=\"widget\" data-e-type=\"widget\" data-widget_type=\"text-editor.default\">\n\t\t\t\t\t\t\t\t\t<p>M\u00e9dica formada pela FMT-FESO (Faculdade de Medicina de Teres\u00f3polis). P\u00f3s-graduada em Pneumologia e Tisiologia pela UERJ. Especialista em Gest\u00e3o das Cl\u00ednicas nas Redes Metropolitanas de Aten\u00e7\u00e3o \u00e0 Sa\u00fade pelo Instituto de Ensino S\u00edrio-liban\u00eas. Membro efetivo da C\u00e2mara T\u00e9cnica de Qualidade e Seguran\u00e7a do Paciente da Funda\u00e7\u00e3o Sa\u00fade do Estado do Rio de Janeiro. Experi\u00eancia: m\u00e9dica pneumologista concursada da Secretaria de Sa\u00fade do Estado do Rio de Janeiro (SES-RJ). Diretora Geral interina do Hospital Estadual Get\u00falio Vargas e do LACEN (Laborat\u00f3rio Central Noel Nutels do Rio de Janeiro). Gerente de Ambi\u00eancia da Dire\u00e7\u00e3o T\u00e9cnicoAssistencial da Funda\u00e7\u00e3o Sa\u00fade do Estado do Rio de Janeiro. Superintendente dos Centros de Refer\u00eancia de Doen\u00e7as Infecciosas da Subsecretaria de Vigil\u00e2ncia em Sa\u00fade da SES-RJ. Coordenadora de Cl\u00ednica M\u00e9dica da Superintend\u00eancia de Unidades Pr\u00f3prias da SES-RJ. Diretora de Divis\u00e3o T\u00e9cnica do Hospital Estadual Santa Maria. Coordenadora do N\u00facleo Interno de Regula\u00e7\u00e3o do Hospital Estadual Santa Maria. Gerente de apoio e diagn\u00f3stico do Hospital Estadual Santa Maria.<\/p>\t\t\t\t\t\t\t\t<\/div>\n\t\t\t\t\t<\/div>\n\t\t\t\t<\/div>\n\t\t\t\t<\/div>\n\t\t\t\t\t<\/details>\n\t\t\t\t\t\t<details id=\"e-n-accordion-item-1575\" class=\"e-n-accordion-item\" >\n\t\t\t\t<summary class=\"e-n-accordion-item-title\" data-accordion-index=\"6\" tabindex=\"-1\" aria-expanded=\"false\" aria-controls=\"e-n-accordion-item-1575\" >\n\t\t\t\t\t<span class='e-n-accordion-item-title-header'><div class=\"e-n-accordion-item-title-text\"> Patr\u00edcia de Azambuja <\/div><\/span>\n\t\t\t\t\t\t\t<span class='e-n-accordion-item-title-icon'>\n\t\t\t<span class='e-opened' ><svg aria-hidden=\"true\" class=\"e-font-icon-svg e-fas-caret-down\" viewBox=\"0 0 320 512\" xmlns=\"http:\/\/www.w3.org\/2000\/svg\"><path d=\"M31.3 192h257.3c17.8 0 26.7 21.5 14.1 34.1L174.1 354.8c-7.8 7.8-20.5 7.8-28.3 0L17.2 226.1C4.6 213.5 13.5 192 31.3 192z\"><\/path><\/svg><\/span>\n\t\t\t<span class='e-closed'><svg aria-hidden=\"true\" class=\"e-font-icon-svg e-fas-caret-right\" viewBox=\"0 0 192 512\" xmlns=\"http:\/\/www.w3.org\/2000\/svg\"><path d=\"M0 384.662V127.338c0-17.818 21.543-26.741 34.142-14.142l128.662 128.662c7.81 7.81 7.81 20.474 0 28.284L34.142 398.804C21.543 411.404 0 402.48 0 384.662z\"><\/path><\/svg><\/span>\n\t\t<\/span>\n\n\t\t\t\t\t\t<\/summary>\n\t\t\t\t<div role=\"region\" aria-labelledby=\"e-n-accordion-item-1575\" class=\"elementor-element elementor-element-5087c1b e-con-full e-flex e-con e-child\" data-id=\"5087c1b\" data-element_type=\"container\" data-e-type=\"container\" data-settings=\"{&quot;background_background&quot;:&quot;classic&quot;}\">\n\t\t<div role=\"region\" aria-labelledby=\"e-n-accordion-item-1575\" class=\"elementor-element elementor-element-87f8545 e-flex e-con-boxed e-con e-child\" data-id=\"87f8545\" data-element_type=\"container\" data-e-type=\"container\">\n\t\t\t\t\t<div class=\"e-con-inner\">\n\t\t\t\t<div class=\"elementor-element elementor-element-11941d8 elementor-widget elementor-widget-text-editor\" data-id=\"11941d8\" data-element_type=\"widget\" data-e-type=\"widget\" data-widget_type=\"text-editor.default\">\n\t\t\t\t\t\t\t\t\t<p>Mestranda em Neuroci\u00eancias na UFMG. Especializa\u00e7\u00e3o em Engenharia Biom\u00e9dica e Engenharia Cl\u00ednica (INATEL). Possui t\u00edtulo de profici\u00eancia em Anatomia Humana pela Sociedade Brasileira de Anatomia (2014), gradua\u00e7\u00e3o em Ci\u00eancias Biol\u00f3gicas pela Universidade Federal de Minas Gerais (2000). Tem experi\u00eancia na \u00e1rea de Morfologia, com \u00eanfase em Anatomia Humana e Neuroanatomia, atuando principalmente nos seguintes temas: les\u00e3o cerebral e reabilita\u00e7\u00e3o.<\/p>\t\t\t\t\t\t\t\t<\/div>\n\t\t\t\t\t<\/div>\n\t\t\t\t<\/div>\n\t\t\t\t<\/div>\n\t\t\t\t\t<\/details>\n\t\t\t\t\t\t<details id=\"e-n-accordion-item-1576\" class=\"e-n-accordion-item\" >\n\t\t\t\t<summary class=\"e-n-accordion-item-title\" data-accordion-index=\"7\" tabindex=\"-1\" aria-expanded=\"false\" aria-controls=\"e-n-accordion-item-1576\" >\n\t\t\t\t\t<span class='e-n-accordion-item-title-header'><div class=\"e-n-accordion-item-title-text\"> Tatiana Cristina Louren\u00e7o <\/div><\/span>\n\t\t\t\t\t\t\t<span class='e-n-accordion-item-title-icon'>\n\t\t\t<span class='e-opened' ><svg aria-hidden=\"true\" class=\"e-font-icon-svg e-fas-caret-down\" viewBox=\"0 0 320 512\" xmlns=\"http:\/\/www.w3.org\/2000\/svg\"><path d=\"M31.3 192h257.3c17.8 0 26.7 21.5 14.1 34.1L174.1 354.8c-7.8 7.8-20.5 7.8-28.3 0L17.2 226.1C4.6 213.5 13.5 192 31.3 192z\"><\/path><\/svg><\/span>\n\t\t\t<span class='e-closed'><svg aria-hidden=\"true\" class=\"e-font-icon-svg e-fas-caret-right\" viewBox=\"0 0 192 512\" xmlns=\"http:\/\/www.w3.org\/2000\/svg\"><path d=\"M0 384.662V127.338c0-17.818 21.543-26.741 34.142-14.142l128.662 128.662c7.81 7.81 7.81 20.474 0 28.284L34.142 398.804C21.543 411.404 0 402.48 0 384.662z\"><\/path><\/svg><\/span>\n\t\t<\/span>\n\n\t\t\t\t\t\t<\/summary>\n\t\t\t\t<div role=\"region\" aria-labelledby=\"e-n-accordion-item-1576\" class=\"elementor-element elementor-element-7848a5d e-con-full e-flex e-con e-child\" data-id=\"7848a5d\" data-element_type=\"container\" data-e-type=\"container\" data-settings=\"{&quot;background_background&quot;:&quot;classic&quot;}\">\n\t\t<div role=\"region\" aria-labelledby=\"e-n-accordion-item-1576\" class=\"elementor-element elementor-element-3a90b4a e-flex e-con-boxed e-con e-child\" data-id=\"3a90b4a\" data-element_type=\"container\" data-e-type=\"container\">\n\t\t\t\t\t<div class=\"e-con-inner\">\n\t\t\t\t<div class=\"elementor-element elementor-element-90b43fa elementor-widget elementor-widget-text-editor\" data-id=\"90b43fa\" data-element_type=\"widget\" data-e-type=\"widget\" data-widget_type=\"text-editor.default\">\n\t\t\t\t\t\t\t\t\t<p>Arquiteta e Urbanista pela Universidade Anhembi Morumbi (2003). Atuou com projetos e gerenciamento de Obras Hospitalares desde 2004 em hospitais p\u00fablicos e privados. Avaliadora L\u00edder do Sistema Brasileiro de Acredita\u00e7\u00e3o \u2013 ONA desde 2014. Avaliadora L\u00edder e Gestora de Projetos \u2013 Metodologia de Acredita\u00e7\u00e3o Espanhola \u2013 ACSA desde 2017, ambos pela Institui\u00e7\u00e3o Acreditadora \u2013 IBES \u2013 Instituto Brasileiro para Excel\u00eancia em Sa\u00fade. Prestou consultoria para prepara\u00e7\u00e3o da Acredita\u00e7\u00e3o em diversos servi\u00e7os de sa\u00fade. Gerente de Avalia\u00e7\u00e3o e Certifica\u00e7\u00e3o IBES desde 2019.<\/p>\t\t\t\t\t\t\t\t<\/div>\n\t\t\t\t\t<\/div>\n\t\t\t\t<\/div>\n\t\t\t\t<\/div>\n\t\t\t\t\t<\/details>\n\t\t\t\t\t<\/div>\n\t\t\t\t\t\t<\/div>\n\t\t\t\t<\/div>\n\t\t<div class=\"elementor-element elementor-element-b3c1f6a e-con-full e-flex e-con e-child\" data-id=\"b3c1f6a\" data-element_type=\"container\" data-e-type=\"container\" data-settings=\"{&quot;background_background&quot;:&quot;classic&quot;,&quot;animation_mobile&quot;:&quot;fadeInLeft&quot;}\">\n\t\t\t\t<div class=\"elementor-element elementor-element-f7fc831 elementor-widget elementor-widget-n-accordion\" data-id=\"f7fc831\" data-element_type=\"widget\" data-e-type=\"widget\" data-settings=\"{&quot;default_state&quot;:&quot;all_collapsed&quot;,&quot;max_items_expended&quot;:&quot;one&quot;,&quot;n_accordion_animation_duration&quot;:{&quot;unit&quot;:&quot;ms&quot;,&quot;size&quot;:400,&quot;sizes&quot;:[]}}\" data-widget_type=\"nested-accordion.default\">\n\t\t\t\t\t\t\t<div class=\"e-n-accordion\" aria-label=\"Accordion. Open links with Enter or Space, close with Escape, and navigate with Arrow Keys\">\n\t\t\t\t\t\t<details id=\"e-n-accordion-item-2600\" class=\"e-n-accordion-item\" >\n\t\t\t\t<summary class=\"e-n-accordion-item-title\" data-accordion-index=\"1\" tabindex=\"0\" aria-expanded=\"false\" aria-controls=\"e-n-accordion-item-2600\" >\n\t\t\t\t\t<span class='e-n-accordion-item-title-header'><div class=\"e-n-accordion-item-title-text\"> George Hebert de Azevedo Santos <\/div><\/span>\n\t\t\t\t\t\t\t<span class='e-n-accordion-item-title-icon'>\n\t\t\t<span class='e-opened' ><svg aria-hidden=\"true\" class=\"e-font-icon-svg e-fas-caret-down\" viewBox=\"0 0 320 512\" xmlns=\"http:\/\/www.w3.org\/2000\/svg\"><path d=\"M31.3 192h257.3c17.8 0 26.7 21.5 14.1 34.1L174.1 354.8c-7.8 7.8-20.5 7.8-28.3 0L17.2 226.1C4.6 213.5 13.5 192 31.3 192z\"><\/path><\/svg><\/span>\n\t\t\t<span class='e-closed'><svg aria-hidden=\"true\" class=\"e-font-icon-svg e-fas-caret-right\" viewBox=\"0 0 192 512\" xmlns=\"http:\/\/www.w3.org\/2000\/svg\"><path d=\"M0 384.662V127.338c0-17.818 21.543-26.741 34.142-14.142l128.662 128.662c7.81 7.81 7.81 20.474 0 28.284L34.142 398.804C21.543 411.404 0 402.48 0 384.662z\"><\/path><\/svg><\/span>\n\t\t<\/span>\n\n\t\t\t\t\t\t<\/summary>\n\t\t\t\t<div role=\"region\" aria-labelledby=\"e-n-accordion-item-2600\" class=\"elementor-element elementor-element-323715a e-con-full e-flex e-con e-child\" data-id=\"323715a\" data-element_type=\"container\" data-e-type=\"container\" data-settings=\"{&quot;background_background&quot;:&quot;classic&quot;}\">\n\t\t<div role=\"region\" aria-labelledby=\"e-n-accordion-item-2600\" class=\"elementor-element elementor-element-00bca46 e-flex e-con-boxed e-con e-child\" data-id=\"00bca46\" data-element_type=\"container\" data-e-type=\"container\">\n\t\t\t\t\t<div class=\"e-con-inner\">\n\t\t\t\t<div class=\"elementor-element elementor-element-f8137f9 elementor-widget elementor-widget-text-editor\" data-id=\"f8137f9\" data-element_type=\"widget\" data-e-type=\"widget\" data-widget_type=\"text-editor.default\">\n\t\t\t\t\t\t\t\t\t<p>Engenheiro Civil e Administrador de Empresas com carreira consolidada em organiza\u00e7\u00f5es de diferentes segmentos, tais como: Hospital S\u00e3o Camilo (Rede SP), Hospital Israelita Albert Einstein, Alcoa Alum\u00ednio, Shell Brasil, Brasil Telecom, dentre outras. S\u00f3cio-Diretor da Quantum Consultores Associados. Palestrante Convidado em Congressos Nacionais e Internacionais nas \u00e1reas de Gest\u00e3o de Facilities, Gest\u00e3o de Projetos em Ambientes Hospitalares, Engenharia Hospitalar e Engenharia Cl\u00ednica.<\/p>\t\t\t\t\t\t\t\t<\/div>\n\t\t\t\t\t<\/div>\n\t\t\t\t<\/div>\n\t\t\t\t<\/div>\n\t\t\t\t\t<\/details>\n\t\t\t\t\t\t<details id=\"e-n-accordion-item-2601\" class=\"e-n-accordion-item\" >\n\t\t\t\t<summary class=\"e-n-accordion-item-title\" data-accordion-index=\"2\" tabindex=\"-1\" aria-expanded=\"false\" aria-controls=\"e-n-accordion-item-2601\" >\n\t\t\t\t\t<span class='e-n-accordion-item-title-header'><div class=\"e-n-accordion-item-title-text\"> Rodolfo Rodrigues More <\/div><\/span>\n\t\t\t\t\t\t\t<span class='e-n-accordion-item-title-icon'>\n\t\t\t<span class='e-opened' ><svg aria-hidden=\"true\" class=\"e-font-icon-svg e-fas-caret-down\" viewBox=\"0 0 320 512\" xmlns=\"http:\/\/www.w3.org\/2000\/svg\"><path d=\"M31.3 192h257.3c17.8 0 26.7 21.5 14.1 34.1L174.1 354.8c-7.8 7.8-20.5 7.8-28.3 0L17.2 226.1C4.6 213.5 13.5 192 31.3 192z\"><\/path><\/svg><\/span>\n\t\t\t<span class='e-closed'><svg aria-hidden=\"true\" class=\"e-font-icon-svg e-fas-caret-right\" viewBox=\"0 0 192 512\" xmlns=\"http:\/\/www.w3.org\/2000\/svg\"><path d=\"M0 384.662V127.338c0-17.818 21.543-26.741 34.142-14.142l128.662 128.662c7.81 7.81 7.81 20.474 0 28.284L34.142 398.804C21.543 411.404 0 402.48 0 384.662z\"><\/path><\/svg><\/span>\n\t\t<\/span>\n\n\t\t\t\t\t\t<\/summary>\n\t\t\t\t<div role=\"region\" aria-labelledby=\"e-n-accordion-item-2601\" class=\"elementor-element elementor-element-3a9cd6c e-con-full e-flex e-con e-child\" data-id=\"3a9cd6c\" data-element_type=\"container\" data-e-type=\"container\" data-settings=\"{&quot;background_background&quot;:&quot;classic&quot;}\">\n\t\t<div role=\"region\" aria-labelledby=\"e-n-accordion-item-2601\" class=\"elementor-element elementor-element-36ab9ef e-flex e-con-boxed e-con e-child\" data-id=\"36ab9ef\" data-element_type=\"container\" data-e-type=\"container\">\n\t\t\t\t\t<div class=\"e-con-inner\">\n\t\t\t\t<div class=\"elementor-element elementor-element-2e6a804 elementor-widget elementor-widget-text-editor\" data-id=\"2e6a804\" data-element_type=\"widget\" data-e-type=\"widget\" data-widget_type=\"text-editor.default\">\n\t\t\t\t\t\t\t\t\t<p>Formado em Engenharia de Produ\u00e7\u00e3o Mec\u00e2nica pela Universidade de Mar\u00edlia-SP (2000), com Especializa\u00e7\u00e3o em Engenharia Cl\u00ednica pela Unicamp (2004), cursou ainda MBA em Gest\u00e3o de Sa\u00fade na FGV-SP. Iniciou sua carreira no Setor Sucroalcooleiro, passando tamb\u00e9m pela ind\u00fastria de produtos de higiene e limpeza, na \u00e1rea de certifica\u00e7\u00e3o trabalhou como Consultor e Auditor em ISO 9001 e ISO 14000 no BVQI, em diversos projetos com destaque a Due Diligence por ocasi\u00e3o da compra da AGIP S.A pela Petrobras S.A, j\u00e1 na \u00e1rea da sa\u00fade fundou em 2004 a Engebio Engenharia Ltda, empresa de Presta\u00e7\u00e3o de Servi\u00e7os em Engenharia Cl\u00ednica por onde atuou por 11 anos em diversos Projetos Nacionais e Internacionais de grande relev\u00e2ncia, o que rendeu a empresa o pr\u00eamio de empresa Lider do Setor em Engenharia Cl\u00ednica pelo Grupo M\u00eddia (2014), neste tempo foi ainda premiado por duas vezes como uma das 100 Pessoas Mais Influentes da Sa\u00fade no Brasil (2012 e 2013), atuou tamb\u00e9m como COO da Inova Sa\u00fade S.A, empresa respons\u00e1vel pela Constru\u00e7\u00e3o e Implanta\u00e7\u00e3o de Hospitais sob regime de PPP em parceria com o Governo do Estado de S\u00e3o Paulo, cargo que deixou em 2017 para assumir a Diretoria Financeira do CREA-SP por dois mandatos. Do CREA-SP em 2019 recebeu o Diploma do M\u00e9rito da Engenharia, maior honraria dada em vida a um profissional, por seu trabalho de valoriza\u00e7\u00e3o das engenharias nos ambientes de sa\u00fade, tamb\u00e9m foi Professor da disciplina de Engenharia Cl\u00ednica no curso de Engenharia Biom\u00e9dica da PUC-SP por 8 anos, atualmente atua como Consultor em Engenharia Cl\u00ednica. Cargos Associativos ocupados: Presidente da ABECin (2012-2017), Conselheiro CREA-SP (2012-2019), Diretor de Marketing FEBRAE-SP (2016-2018), Membro da c\u00e9lula de gest\u00e3o estrat\u00e9gica de sa\u00fade do Conselho Regional de Administra\u00e7\u00e3o de S\u00e3o Paulo (2012- atual).<\/p>\t\t\t\t\t\t\t\t<\/div>\n\t\t\t\t\t<\/div>\n\t\t\t\t<\/div>\n\t\t\t\t<\/div>\n\t\t\t\t\t<\/details>\n\t\t\t\t\t\t<details id=\"e-n-accordion-item-2602\" class=\"e-n-accordion-item\" >\n\t\t\t\t<summary class=\"e-n-accordion-item-title\" data-accordion-index=\"3\" tabindex=\"-1\" aria-expanded=\"false\" aria-controls=\"e-n-accordion-item-2602\" >\n\t\t\t\t\t<span class='e-n-accordion-item-title-header'><div class=\"e-n-accordion-item-title-text\"> Tadeu Kubo <\/div><\/span>\n\t\t\t\t\t\t\t<span class='e-n-accordion-item-title-icon'>\n\t\t\t<span class='e-opened' ><svg aria-hidden=\"true\" class=\"e-font-icon-svg e-fas-caret-down\" viewBox=\"0 0 320 512\" xmlns=\"http:\/\/www.w3.org\/2000\/svg\"><path d=\"M31.3 192h257.3c17.8 0 26.7 21.5 14.1 34.1L174.1 354.8c-7.8 7.8-20.5 7.8-28.3 0L17.2 226.1C4.6 213.5 13.5 192 31.3 192z\"><\/path><\/svg><\/span>\n\t\t\t<span class='e-closed'><svg aria-hidden=\"true\" class=\"e-font-icon-svg e-fas-caret-right\" viewBox=\"0 0 192 512\" xmlns=\"http:\/\/www.w3.org\/2000\/svg\"><path d=\"M0 384.662V127.338c0-17.818 21.543-26.741 34.142-14.142l128.662 128.662c7.81 7.81 7.81 20.474 0 28.284L34.142 398.804C21.543 411.404 0 402.48 0 384.662z\"><\/path><\/svg><\/span>\n\t\t<\/span>\n\n\t\t\t\t\t\t<\/summary>\n\t\t\t\t<div role=\"region\" aria-labelledby=\"e-n-accordion-item-2602\" class=\"elementor-element elementor-element-afb050c e-con-full e-flex e-con e-child\" data-id=\"afb050c\" data-element_type=\"container\" data-e-type=\"container\" data-settings=\"{&quot;background_background&quot;:&quot;classic&quot;}\">\n\t\t<div role=\"region\" aria-labelledby=\"e-n-accordion-item-2602\" class=\"elementor-element elementor-element-1dfc625 e-flex e-con-boxed e-con e-child\" data-id=\"1dfc625\" data-element_type=\"container\" data-e-type=\"container\">\n\t\t\t\t\t<div class=\"e-con-inner\">\n\t\t\t\t<div class=\"elementor-element elementor-element-77fd738 elementor-widget elementor-widget-text-editor\" data-id=\"77fd738\" data-element_type=\"widget\" data-e-type=\"widget\" data-widget_type=\"text-editor.default\">\n\t\t\t\t\t\t\t\t\t<p>F\u00edsico M\u00e9dico formado pela Universidade de S\u00e3o Paulo no Campus de Ribeir\u00e3o Preto (USP). Realizou mestrado no Instituto de Radioprote\u00e7\u00e3o e Dosimetria da Comiss\u00e3o Nacional de Energia Nuclear (IRD\/CNEN), com \u00eanfase em dosimetria interna em Medicina Nuclear (Lu-177). Possui os t\u00edtulos de Supervisor de Radioprote\u00e7\u00e3o em Medicina Nuclear pela Comiss\u00e3o Nacional de Energia Nuclear (CNEN). Especialista de F\u00edsica M\u00e9dica em Medicina Nuclear pela ABFM. MBA Executivo pela COPPEAD\/UFRJ turma 111\/2015. Estudante de doutorado do Centro de Desenvolvimento da Tecnologia Nuclear (CDTN\/CNEN).<\/p>\t\t\t\t\t\t\t\t<\/div>\n\t\t\t\t\t<\/div>\n\t\t\t\t<\/div>\n\t\t\t\t<\/div>\n\t\t\t\t\t<\/details>\n\t\t\t\t\t\t<details id=\"e-n-accordion-item-2603\" class=\"e-n-accordion-item\" >\n\t\t\t\t<summary class=\"e-n-accordion-item-title\" data-accordion-index=\"4\" tabindex=\"-1\" aria-expanded=\"false\" aria-controls=\"e-n-accordion-item-2603\" >\n\t\t\t\t\t<span class='e-n-accordion-item-title-header'><div class=\"e-n-accordion-item-title-text\"> Thiago Teixeira <\/div><\/span>\n\t\t\t\t\t\t\t<span class='e-n-accordion-item-title-icon'>\n\t\t\t<span class='e-opened' ><svg aria-hidden=\"true\" class=\"e-font-icon-svg e-fas-caret-down\" viewBox=\"0 0 320 512\" xmlns=\"http:\/\/www.w3.org\/2000\/svg\"><path d=\"M31.3 192h257.3c17.8 0 26.7 21.5 14.1 34.1L174.1 354.8c-7.8 7.8-20.5 7.8-28.3 0L17.2 226.1C4.6 213.5 13.5 192 31.3 192z\"><\/path><\/svg><\/span>\n\t\t\t<span class='e-closed'><svg aria-hidden=\"true\" class=\"e-font-icon-svg e-fas-caret-right\" viewBox=\"0 0 192 512\" xmlns=\"http:\/\/www.w3.org\/2000\/svg\"><path d=\"M0 384.662V127.338c0-17.818 21.543-26.741 34.142-14.142l128.662 128.662c7.81 7.81 7.81 20.474 0 28.284L34.142 398.804C21.543 411.404 0 402.48 0 384.662z\"><\/path><\/svg><\/span>\n\t\t<\/span>\n\n\t\t\t\t\t\t<\/summary>\n\t\t\t\t<div role=\"region\" aria-labelledby=\"e-n-accordion-item-2603\" class=\"elementor-element elementor-element-a422f28 e-con-full e-flex e-con e-child\" data-id=\"a422f28\" data-element_type=\"container\" data-e-type=\"container\" data-settings=\"{&quot;background_background&quot;:&quot;classic&quot;}\">\n\t\t<div role=\"region\" aria-labelledby=\"e-n-accordion-item-2603\" class=\"elementor-element elementor-element-a84834f e-flex e-con-boxed e-con e-child\" data-id=\"a84834f\" data-element_type=\"container\" data-e-type=\"container\">\n\t\t\t\t\t<div class=\"e-con-inner\">\n\t\t\t\t<div class=\"elementor-element elementor-element-e4130dd elementor-widget elementor-widget-text-editor\" data-id=\"e4130dd\" data-element_type=\"widget\" data-e-type=\"widget\" data-widget_type=\"text-editor.default\">\n\t\t\t\t\t\t\t\t\t<p>Sou formado em Engenharia de Controle e Automa\u00e7\u00e3o e Engenharia Civil, p\u00f3s graduado em Engenharia Biom\u00e9dica e Gest\u00e3o Hospitalar, atuo hoje como Gerente Corporativo de Infraestrutura e Manuten\u00e7\u00e3o na Associa\u00e7\u00e3o de Gest\u00e3o, Inova\u00e7\u00e3o e Resultado em Sa\u00fade &#8211; AGIR.<\/p>\t\t\t\t\t\t\t\t<\/div>\n\t\t\t\t\t<\/div>\n\t\t\t\t<\/div>\n\t\t\t\t<\/div>\n\t\t\t\t\t<\/details>\n\t\t\t\t\t\t<details id=\"e-n-accordion-item-2604\" class=\"e-n-accordion-item\" >\n\t\t\t\t<summary class=\"e-n-accordion-item-title\" data-accordion-index=\"5\" tabindex=\"-1\" aria-expanded=\"false\" aria-controls=\"e-n-accordion-item-2604\" >\n\t\t\t\t\t<span class='e-n-accordion-item-title-header'><div class=\"e-n-accordion-item-title-text\"> Vin\u00edcius Dias <\/div><\/span>\n\t\t\t\t\t\t\t<span class='e-n-accordion-item-title-icon'>\n\t\t\t<span class='e-opened' ><svg aria-hidden=\"true\" class=\"e-font-icon-svg e-fas-caret-down\" viewBox=\"0 0 320 512\" xmlns=\"http:\/\/www.w3.org\/2000\/svg\"><path d=\"M31.3 192h257.3c17.8 0 26.7 21.5 14.1 34.1L174.1 354.8c-7.8 7.8-20.5 7.8-28.3 0L17.2 226.1C4.6 213.5 13.5 192 31.3 192z\"><\/path><\/svg><\/span>\n\t\t\t<span class='e-closed'><svg aria-hidden=\"true\" class=\"e-font-icon-svg e-fas-caret-right\" viewBox=\"0 0 192 512\" xmlns=\"http:\/\/www.w3.org\/2000\/svg\"><path d=\"M0 384.662V127.338c0-17.818 21.543-26.741 34.142-14.142l128.662 128.662c7.81 7.81 7.81 20.474 0 28.284L34.142 398.804C21.543 411.404 0 402.48 0 384.662z\"><\/path><\/svg><\/span>\n\t\t<\/span>\n\n\t\t\t\t\t\t<\/summary>\n\t\t\t\t<div role=\"region\" aria-labelledby=\"e-n-accordion-item-2604\" class=\"elementor-element elementor-element-0816140 e-con-full e-flex e-con e-child\" data-id=\"0816140\" data-element_type=\"container\" data-e-type=\"container\" data-settings=\"{&quot;background_background&quot;:&quot;classic&quot;}\">\n\t\t<div role=\"region\" aria-labelledby=\"e-n-accordion-item-2604\" class=\"elementor-element elementor-element-0f2cb5b e-flex e-con-boxed e-con e-child\" data-id=\"0f2cb5b\" data-element_type=\"container\" data-e-type=\"container\">\n\t\t\t\t\t<div class=\"e-con-inner\">\n\t\t\t\t<div class=\"elementor-element elementor-element-33e1266 elementor-widget elementor-widget-text-editor\" data-id=\"33e1266\" data-element_type=\"widget\" data-e-type=\"widget\" data-widget_type=\"text-editor.default\">\n\t\t\t\t\t\t\t\t\t<p>Graduado em Engenharia de Produ\u00e7\u00e3o na Universidade Federal do Rio de Janeiro, com p\u00f3s-gradua\u00e7\u00e3o no n\u00edvel Executivo em Finan\u00e7as, pelo Instituto Brasileiro de Mercado de Capitais, e mestre em Administra\u00e7\u00e3o, com \u00eanfase em Finan\u00e7as, pela Pontif\u00edcia Universidade Cat\u00f3lica do Rio de Janeiro. Vin\u00edcius Dias acumula experi\u00eancia superior a 25 anos de atua\u00e7\u00e3o no mercado financeiro, tendo ocupado ao longo desse tempo posi\u00e7\u00f5es de destaque em grandes conglomerados nacionais e multinacionais.<\/p>\t\t\t\t\t\t\t\t<\/div>\n\t\t\t\t\t<\/div>\n\t\t\t\t<\/div>\n\t\t\t\t<\/div>\n\t\t\t\t\t<\/details>\n\t\t\t\t\t<\/div>\n\t\t\t\t\t\t<\/div>\n\t\t\t\t<\/div>\n\t\t\t\t<\/div>\n\t\t\t\t\t<\/div>\n\t\t\t\t<\/div>\n\t\t<div class=\"elementor-element elementor-element-38edd56 e-flex e-con-boxed e-con e-parent\" data-id=\"38edd56\" data-element_type=\"container\" data-e-type=\"container\" data-settings=\"{&quot;background_background&quot;:&quot;gradient&quot;}\">\n\t\t\t\t\t<div class=\"e-con-inner\">\n\t\t\t\t<div class=\"elementor-element elementor-element-3150e5c elementor-view-default elementor-widget elementor-widget-icon\" data-id=\"3150e5c\" data-element_type=\"widget\" data-e-type=\"widget\" data-widget_type=\"icon.default\">\n\t\t\t\t\t\t\t<div class=\"elementor-icon-wrapper\">\n\t\t\t<div class=\"elementor-icon\">\n\t\t\t<svg xmlns=\"http:\/\/www.w3.org\/2000\/svg\" width=\"136\" height=\"19\" viewBox=\"0 0 136 19\" fill=\"none\"><path d=\"M10 15.27L16.18 19L14.54 11.97L20 7.24L12.81 6.63L10 0L7.19 6.63L0 7.24L5.46 11.97L3.82 19L10 15.27Z\" fill=\"#FFEA00\"><\/path><path d=\"M39 15.27L45.18 19L43.54 11.97L49 7.24L41.81 6.63L39 0L36.19 6.63L29 7.24L34.46 11.97L32.82 19L39 15.27Z\" fill=\"#FFEA00\"><\/path><path d=\"M68 15.27L74.18 19L72.54 11.97L78 7.24L70.81 6.63L68 0L65.19 6.63L58 7.24L63.46 11.97L61.82 19L68 15.27Z\" fill=\"#FFEA00\"><\/path><path d=\"M97 15.27L103.18 19L101.54 11.97L107 7.24L99.81 6.63L97 0L94.19 6.63L87 7.24L92.46 11.97L90.82 19L97 15.27Z\" fill=\"#FFEA00\"><\/path><path d=\"M126 15.27L132.18 19L130.54 11.97L136 7.24L128.81 6.63L126 0L123.19 6.63L116 7.24L121.46 11.97L119.82 19L126 15.27Z\" fill=\"#FFEA00\"><\/path><\/svg>\t\t\t<\/div>\n\t\t<\/div>\n\t\t\t\t\t\t<\/div>\n\t\t\t\t<div class=\"elementor-element elementor-element-3b3dfa6 elementor-widget elementor-widget-heading\" data-id=\"3b3dfa6\" data-element_type=\"widget\" data-e-type=\"widget\" data-widget_type=\"heading.default\">\n\t\t\t\t\t<h2 class=\"elementor-heading-title elementor-size-default\"><b>+5.000<\/b> alunos se tornaram Especialistas em todo o Brasil.<\/h2>\t\t\t\t<\/div>\n\t\t<div class=\"elementor-element elementor-element-c9637b8 e-con-full e-flex e-con e-child\" data-id=\"c9637b8\" data-element_type=\"container\" data-e-type=\"container\">\n\t\t\t\t<div class=\"elementor-element elementor-element-74af870 elementor-widget__width-initial elementor-widget-tablet__width-initial elementor-widget-mobile__width-inherit elementor-widget elementor-widget-testimonial\" data-id=\"74af870\" data-element_type=\"widget\" data-e-type=\"widget\" data-widget_type=\"testimonial.default\">\n\t\t\t\t\t\t\t<div class=\"elementor-testimonial-wrapper\">\n\t\t\t\t\t\t\t<div class=\"elementor-testimonial-content\">\"Sobre a p\u00f3s, eu s\u00f3 tenho elogios a fazer. O atendimento \u00e9 sempre excepcional, est\u00e3o sempre prontos para sanar nossas d\u00favidas e questionamentos. O corpo docente \u00e9 muito capacitado e possuem bastante experi\u00eancia na Engenharia Cl\u00ednica e Hospitalar, e os cursos complementares tamb\u00e9m s\u00e3o muuuito bons e ainda agregam valores que enriquecem todo profissional!\"<\/div>\n\t\t\t\n\t\t\t\t\t\t<div class=\"elementor-testimonial-meta\">\n\t\t\t\t<div class=\"elementor-testimonial-meta-inner\">\n\t\t\t\t\t\n\t\t\t\t\t\t\t\t\t\t<div class=\"elementor-testimonial-details\">\n\t\t\t\t\t\t\t\t\t\t\t\t\t\t<div class=\"elementor-testimonial-name\">Bruna<\/div>\n\t\t\t\t\t\t\t\t\t\t\t\t\t\t\t\t\t\t\t\t\t\t<div class=\"elementor-testimonial-job\">Aluna de Engenharia Hospitalar<\/div>\n\t\t\t\t\t\t\t\t\t\t\t\t\t<\/div>\n\t\t\t\t\t\t\t\t\t<\/div>\n\t\t\t<\/div>\n\t\t\t\t\t<\/div>\n\t\t\t\t\t\t<\/div>\n\t\t\t\t<div class=\"elementor-element elementor-element-9235105 elementor-widget__width-initial elementor-widget-tablet__width-initial elementor-widget-mobile__width-inherit elementor-widget elementor-widget-testimonial\" data-id=\"9235105\" data-element_type=\"widget\" data-e-type=\"widget\" data-widget_type=\"testimonial.default\">\n\t\t\t\t\t\t\t<div class=\"elementor-testimonial-wrapper\">\n\t\t\t\t\t\t\t<div class=\"elementor-testimonial-content\">\"A Especializa\u00e7\u00e3o tem sido um excelente complemento \u00e0 minha experi\u00eancia profissional, quer seja na \u00e1rea da gest\u00e3o da Engenharia Cl\u00ednica de um Hospital, quer seja na \u00e1rea de manuten\u00e7\u00e3o dos mais diversos equipamentos m\u00e9dicos-hospitalares.\" <\/div>\n\t\t\t\n\t\t\t\t\t\t<div class=\"elementor-testimonial-meta\">\n\t\t\t\t<div class=\"elementor-testimonial-meta-inner\">\n\t\t\t\t\t\n\t\t\t\t\t\t\t\t\t\t<div class=\"elementor-testimonial-details\">\n\t\t\t\t\t\t\t\t\t\t\t\t\t\t<div class=\"elementor-testimonial-name\">Sara Neves<\/div>\n\t\t\t\t\t\t\t\t\t\t\t\t\t\t\t\t\t\t\t\t\t\t<div class=\"elementor-testimonial-job\">Aluna da Engenharia Hospitalar<\/div>\n\t\t\t\t\t\t\t\t\t\t\t\t\t<\/div>\n\t\t\t\t\t\t\t\t\t<\/div>\n\t\t\t<\/div>\n\t\t\t\t\t<\/div>\n\t\t\t\t\t\t<\/div>\n\t\t\t\t<\/div>\n\t\t\t\t\t<\/div>\n\t\t\t\t<\/div>\n\t\t<div class=\"elementor-element elementor-element-1ac7967 e-flex e-con-boxed e-con e-parent\" data-id=\"1ac7967\" data-element_type=\"container\" data-e-type=\"container\" data-settings=\"{&quot;background_background&quot;:&quot;gradient&quot;}\">\n\t\t\t\t\t<div class=\"e-con-inner\">\n\t\t\t\t<div class=\"elementor-element elementor-element-a4766cb elementor-widget elementor-widget-heading\" data-id=\"a4766cb\" data-element_type=\"widget\" data-e-type=\"widget\" data-widget_type=\"heading.default\">\n\t\t\t\t\t<h2 class=\"elementor-heading-title elementor-size-default\">D\u00ea o pr\u00f3ximo passo para liderar a Engenharia de Infraestrutura Hospitalar.<\/h2>\t\t\t\t<\/div>\n\t\t\t\t<div class=\"elementor-element elementor-element-d33aa75 elementor-widget elementor-widget-heading\" data-id=\"d33aa75\" data-element_type=\"widget\" data-e-type=\"widget\" data-widget_type=\"heading.default\">\n\t\t\t\t\t<h2 class=\"elementor-heading-title elementor-size-default\">Converse agora com um de nossos consultores e garanta sua vaga.<\/h2>\t\t\t\t<\/div>\n\t\t\t\t<div class=\"elementor-element elementor-element-ac2c836 elementor-align-justify elementor-mobile-align-center elementor-widget-mobile__width-inherit animated-slow elementor-invisible elementor-widget elementor-widget-button\" data-id=\"ac2c836\" data-element_type=\"widget\" data-e-type=\"widget\" data-settings=\"{&quot;_animation&quot;:&quot;fadeIn&quot;}\" data-widget_type=\"button.default\">\n\t\t\t\t\t\t\t\t\t\t<a class=\"elementor-button elementor-button-link elementor-size-sm elementor-animation-grow\" href=\"#formms\">\n\t\t\t\t\t\t<span class=\"elementor-button-content-wrapper\">\n\t\t\t\t\t\t\t\t\t<span class=\"elementor-button-text\">Quero me cadastrar<\/span>\n\t\t\t\t\t<\/span>\n\t\t\t\t\t<\/a>\n\t\t\t\t\t\t\t\t<\/div>\n\t\t\t\t\t<\/div>\n\t\t\t\t<\/div>\n\t\t\t\t<\/div>\n\t\t","protected":false},"excerpt":{"rendered":"<p>Conhe\u00e7a a P\u00f3s-Gradua\u00e7\u00e3o em Infraestrutura Hospitalar da Arkmeds Academy, com forma\u00e7\u00e3o pr\u00e1tica e atualizada para profissionais que atuam com gest\u00e3o e projetos de ambientes de sa\u00fade.<\/p>\n","protected":false},"author":1,"featured_media":0,"parent":0,"menu_order":0,"comment_status":"closed","ping_status":"closed","template":"elementor_header_footer","meta":{"footnotes":""},"class_list":["post-3683","page","type-page","status-publish","hentry"],"yoast_head":"<!-- This site is optimized with the Yoast SEO plugin v26.5 - https:\/\/yoast.com\/wordpress\/plugins\/seo\/ -->\n<title>P\u00f3s-Gradua\u00e7\u00e3o em Engenharia de Infraestrutura Hospitalar - Arkmeds<\/title>\n<meta name=\"robots\" content=\"index, follow, max-snippet:-1, max-image-preview:large, max-video-preview:-1\" \/>\n<link rel=\"canonical\" href=\"https:\/\/arkmeds.com\/pt-br\/pos-graduacao-em-engenharia-de-infraestrutura-hospitalar\/\" \/>\n<meta property=\"og:locale\" content=\"pt_BR\" \/>\n<meta property=\"og:type\" content=\"article\" \/>\n<meta property=\"og:title\" content=\"P\u00f3s-Gradua\u00e7\u00e3o em Engenharia de Infraestrutura Hospitalar - Arkmeds\" \/>\n<meta property=\"og:description\" content=\"Conhe\u00e7a a P\u00f3s-Gradua\u00e7\u00e3o em Infraestrutura Hospitalar da Arkmeds Academy, com forma\u00e7\u00e3o pr\u00e1tica e atualizada para profissionais que atuam com gest\u00e3o e projetos de ambientes de sa\u00fade.\" \/>\n<meta property=\"og:url\" content=\"https:\/\/arkmeds.com\/pt-br\/pos-graduacao-em-engenharia-de-infraestrutura-hospitalar\/\" \/>\n<meta property=\"og:site_name\" content=\"Arkmeds\" \/>\n<meta property=\"article:publisher\" content=\"https:\/\/www.facebook.com\/somosarkmeds\" \/>\n<meta property=\"article:modified_time\" content=\"2026-04-02T18:17:08+00:00\" \/>\n<meta property=\"og:image\" content=\"https:\/\/arkmeds.com\/wp-content\/uploads\/2025\/09\/engen-clinica-copiar.webp\" \/>\n\t<meta property=\"og:image:width\" content=\"950\" \/>\n\t<meta property=\"og:image:height\" content=\"765\" \/>\n\t<meta property=\"og:image:type\" content=\"image\/webp\" \/>\n<meta name=\"twitter:card\" content=\"summary_large_image\" \/>\n<meta name=\"twitter:label1\" content=\"Est. tempo de leitura\" \/>\n\t<meta name=\"twitter:data1\" content=\"26 minutos\" \/>\n<script type=\"application\/ld+json\" class=\"yoast-schema-graph\">{\"@context\":\"https:\/\/schema.org\",\"@graph\":[{\"@type\":\"WebPage\",\"@id\":\"https:\/\/arkmeds.com\/pt-br\/pos-graduacao-em-engenharia-de-infraestrutura-hospitalar\/\",\"url\":\"https:\/\/arkmeds.com\/pt-br\/pos-graduacao-em-engenharia-de-infraestrutura-hospitalar\/\",\"name\":\"P\u00f3s-Gradua\u00e7\u00e3o em Engenharia de Infraestrutura Hospitalar - Arkmeds\",\"isPartOf\":{\"@id\":\"https:\/\/arkmeds.com\/pt-br\/#website\"},\"primaryImageOfPage\":{\"@id\":\"https:\/\/arkmeds.com\/pt-br\/pos-graduacao-em-engenharia-de-infraestrutura-hospitalar\/#primaryimage\"},\"image\":{\"@id\":\"https:\/\/arkmeds.com\/pt-br\/pos-graduacao-em-engenharia-de-infraestrutura-hospitalar\/#primaryimage\"},\"thumbnailUrl\":\"https:\/\/arkmeds.com\/wp-content\/uploads\/2025\/09\/engen-clinica-copiar.webp\",\"datePublished\":\"2025-09-20T22:11:15+00:00\",\"dateModified\":\"2026-04-02T18:17:08+00:00\",\"breadcrumb\":{\"@id\":\"https:\/\/arkmeds.com\/pt-br\/pos-graduacao-em-engenharia-de-infraestrutura-hospitalar\/#breadcrumb\"},\"inLanguage\":\"pt-BR\",\"potentialAction\":[{\"@type\":\"ReadAction\",\"target\":[\"https:\/\/arkmeds.com\/pt-br\/pos-graduacao-em-engenharia-de-infraestrutura-hospitalar\/\"]}]},{\"@type\":\"ImageObject\",\"inLanguage\":\"pt-BR\",\"@id\":\"https:\/\/arkmeds.com\/pt-br\/pos-graduacao-em-engenharia-de-infraestrutura-hospitalar\/#primaryimage\",\"url\":\"https:\/\/arkmeds.com\/wp-content\/uploads\/2025\/09\/engen-clinica-copiar.webp\",\"contentUrl\":\"https:\/\/arkmeds.com\/wp-content\/uploads\/2025\/09\/engen-clinica-copiar.webp\"},{\"@type\":\"BreadcrumbList\",\"@id\":\"https:\/\/arkmeds.com\/pt-br\/pos-graduacao-em-engenharia-de-infraestrutura-hospitalar\/#breadcrumb\",\"itemListElement\":[{\"@type\":\"ListItem\",\"position\":1,\"name\":\"In\u00edcio\",\"item\":\"https:\/\/arkmeds.com\/pt-br\/\"},{\"@type\":\"ListItem\",\"position\":2,\"name\":\"P\u00f3s-Gradua\u00e7\u00e3o em Engenharia de Infraestrutura Hospitalar\"}]},{\"@type\":\"WebSite\",\"@id\":\"https:\/\/arkmeds.com\/pt-br\/#website\",\"url\":\"https:\/\/arkmeds.com\/pt-br\/\",\"name\":\"Arkmeds\",\"description\":\"Tecnologias avan\u00e7adas de gest\u00e3o para empresas em evolu\u00e7\u00e3o\",\"publisher\":{\"@id\":\"https:\/\/arkmeds.com\/pt-br\/#organization\"},\"potentialAction\":[{\"@type\":\"SearchAction\",\"target\":{\"@type\":\"EntryPoint\",\"urlTemplate\":\"https:\/\/arkmeds.com\/pt-br\/?s={search_term_string}\"},\"query-input\":{\"@type\":\"PropertyValueSpecification\",\"valueRequired\":true,\"valueName\":\"search_term_string\"}}],\"inLanguage\":\"pt-BR\"},{\"@type\":\"Organization\",\"@id\":\"https:\/\/arkmeds.com\/pt-br\/#organization\",\"name\":\"Arkmeds\",\"url\":\"https:\/\/arkmeds.com\/pt-br\/\",\"logo\":{\"@type\":\"ImageObject\",\"inLanguage\":\"pt-BR\",\"@id\":\"https:\/\/arkmeds.com\/pt-br\/#\/schema\/logo\/image\/\",\"url\":\"https:\/\/arkmeds.com\/wp-content\/uploads\/2025\/05\/logo.webp\",\"contentUrl\":\"https:\/\/arkmeds.com\/wp-content\/uploads\/2025\/05\/logo.webp\",\"width\":1100,\"height\":241,\"caption\":\"Arkmeds\"},\"image\":{\"@id\":\"https:\/\/arkmeds.com\/pt-br\/#\/schema\/logo\/image\/\"},\"sameAs\":[\"https:\/\/www.facebook.com\/somosarkmeds\",\"https:\/\/www.youtube.com\/@Arkmeds\",\"https:\/\/www.instagram.com\/somosarkmeds\/\"]}]}<\/script>\n<!-- \/ Yoast SEO plugin. -->","yoast_head_json":{"title":"P\u00f3s-Gradua\u00e7\u00e3o em Engenharia de Infraestrutura Hospitalar - Arkmeds","robots":{"index":"index","follow":"follow","max-snippet":"max-snippet:-1","max-image-preview":"max-image-preview:large","max-video-preview":"max-video-preview:-1"},"canonical":"https:\/\/arkmeds.com\/pt-br\/pos-graduacao-em-engenharia-de-infraestrutura-hospitalar\/","og_locale":"pt_BR","og_type":"article","og_title":"P\u00f3s-Gradua\u00e7\u00e3o em Engenharia de Infraestrutura Hospitalar - Arkmeds","og_description":"Conhe\u00e7a a P\u00f3s-Gradua\u00e7\u00e3o em Infraestrutura Hospitalar da Arkmeds Academy, com forma\u00e7\u00e3o pr\u00e1tica e atualizada para profissionais que atuam com gest\u00e3o e projetos de ambientes de sa\u00fade.","og_url":"https:\/\/arkmeds.com\/pt-br\/pos-graduacao-em-engenharia-de-infraestrutura-hospitalar\/","og_site_name":"Arkmeds","article_publisher":"https:\/\/www.facebook.com\/somosarkmeds","article_modified_time":"2026-04-02T18:17:08+00:00","og_image":[{"width":950,"height":765,"url":"https:\/\/arkmeds.com\/wp-content\/uploads\/2025\/09\/engen-clinica-copiar.webp","type":"image\/webp"}],"twitter_card":"summary_large_image","twitter_misc":{"Est. tempo de leitura":"26 minutos"},"schema":{"@context":"https:\/\/schema.org","@graph":[{"@type":"WebPage","@id":"https:\/\/arkmeds.com\/pt-br\/pos-graduacao-em-engenharia-de-infraestrutura-hospitalar\/","url":"https:\/\/arkmeds.com\/pt-br\/pos-graduacao-em-engenharia-de-infraestrutura-hospitalar\/","name":"P\u00f3s-Gradua\u00e7\u00e3o em Engenharia de Infraestrutura Hospitalar - Arkmeds","isPartOf":{"@id":"https:\/\/arkmeds.com\/pt-br\/#website"},"primaryImageOfPage":{"@id":"https:\/\/arkmeds.com\/pt-br\/pos-graduacao-em-engenharia-de-infraestrutura-hospitalar\/#primaryimage"},"image":{"@id":"https:\/\/arkmeds.com\/pt-br\/pos-graduacao-em-engenharia-de-infraestrutura-hospitalar\/#primaryimage"},"thumbnailUrl":"https:\/\/arkmeds.com\/wp-content\/uploads\/2025\/09\/engen-clinica-copiar.webp","datePublished":"2025-09-20T22:11:15+00:00","dateModified":"2026-04-02T18:17:08+00:00","breadcrumb":{"@id":"https:\/\/arkmeds.com\/pt-br\/pos-graduacao-em-engenharia-de-infraestrutura-hospitalar\/#breadcrumb"},"inLanguage":"pt-BR","potentialAction":[{"@type":"ReadAction","target":["https:\/\/arkmeds.com\/pt-br\/pos-graduacao-em-engenharia-de-infraestrutura-hospitalar\/"]}]},{"@type":"ImageObject","inLanguage":"pt-BR","@id":"https:\/\/arkmeds.com\/pt-br\/pos-graduacao-em-engenharia-de-infraestrutura-hospitalar\/#primaryimage","url":"https:\/\/arkmeds.com\/wp-content\/uploads\/2025\/09\/engen-clinica-copiar.webp","contentUrl":"https:\/\/arkmeds.com\/wp-content\/uploads\/2025\/09\/engen-clinica-copiar.webp"},{"@type":"BreadcrumbList","@id":"https:\/\/arkmeds.com\/pt-br\/pos-graduacao-em-engenharia-de-infraestrutura-hospitalar\/#breadcrumb","itemListElement":[{"@type":"ListItem","position":1,"name":"In\u00edcio","item":"https:\/\/arkmeds.com\/pt-br\/"},{"@type":"ListItem","position":2,"name":"P\u00f3s-Gradua\u00e7\u00e3o em Engenharia de Infraestrutura Hospitalar"}]},{"@type":"WebSite","@id":"https:\/\/arkmeds.com\/pt-br\/#website","url":"https:\/\/arkmeds.com\/pt-br\/","name":"Arkmeds","description":"Tecnologias avan\u00e7adas de gest\u00e3o para empresas em evolu\u00e7\u00e3o","publisher":{"@id":"https:\/\/arkmeds.com\/pt-br\/#organization"},"potentialAction":[{"@type":"SearchAction","target":{"@type":"EntryPoint","urlTemplate":"https:\/\/arkmeds.com\/pt-br\/?s={search_term_string}"},"query-input":{"@type":"PropertyValueSpecification","valueRequired":true,"valueName":"search_term_string"}}],"inLanguage":"pt-BR"},{"@type":"Organization","@id":"https:\/\/arkmeds.com\/pt-br\/#organization","name":"Arkmeds","url":"https:\/\/arkmeds.com\/pt-br\/","logo":{"@type":"ImageObject","inLanguage":"pt-BR","@id":"https:\/\/arkmeds.com\/pt-br\/#\/schema\/logo\/image\/","url":"https:\/\/arkmeds.com\/wp-content\/uploads\/2025\/05\/logo.webp","contentUrl":"https:\/\/arkmeds.com\/wp-content\/uploads\/2025\/05\/logo.webp","width":1100,"height":241,"caption":"Arkmeds"},"image":{"@id":"https:\/\/arkmeds.com\/pt-br\/#\/schema\/logo\/image\/"},"sameAs":["https:\/\/www.facebook.com\/somosarkmeds","https:\/\/www.youtube.com\/@Arkmeds","https:\/\/www.instagram.com\/somosarkmeds\/"]}]}},"jetpack_sharing_enabled":true,"_links":{"self":[{"href":"https:\/\/arkmeds.com\/pt-br\/wp-json\/wp\/v2\/pages\/3683","targetHints":{"allow":["GET"]}}],"collection":[{"href":"https:\/\/arkmeds.com\/pt-br\/wp-json\/wp\/v2\/pages"}],"about":[{"href":"https:\/\/arkmeds.com\/pt-br\/wp-json\/wp\/v2\/types\/page"}],"author":[{"embeddable":true,"href":"https:\/\/arkmeds.com\/pt-br\/wp-json\/wp\/v2\/users\/1"}],"replies":[{"embeddable":true,"href":"https:\/\/arkmeds.com\/pt-br\/wp-json\/wp\/v2\/comments?post=3683"}],"version-history":[{"count":41,"href":"https:\/\/arkmeds.com\/pt-br\/wp-json\/wp\/v2\/pages\/3683\/revisions"}],"predecessor-version":[{"id":15379,"href":"https:\/\/arkmeds.com\/pt-br\/wp-json\/wp\/v2\/pages\/3683\/revisions\/15379"}],"wp:attachment":[{"href":"https:\/\/arkmeds.com\/pt-br\/wp-json\/wp\/v2\/media?parent=3683"}],"curies":[{"name":"wp","href":"https:\/\/api.w.org\/{rel}","templated":true}]}}